{"id":22990297,"date":"2024-03-30T22:27:53","date_gmt":"2024-03-30T22:27:53","guid":{"rendered":"https:\/\/yachtcharterportocervo.com\/?post_type=project&#038;p=22990297"},"modified":"2024-05-05T16:44:02","modified_gmt":"2024-05-05T16:44:02","slug":"ferretti-881-rph-yachts-for-sale","status":"publish","type":"project","link":"https:\/\/yachtcharterportocervo.com\/es\/yachts\/ferretti-881-rph-yates-en-venta\/","title":{"rendered":"Ferretti 881 RPH"},"content":{"rendered":"<p>[et_pb_section fb_built=&#8221;1&#8243; fullwidth=&#8221;on&#8221; custom_padding_last_edited=&#8221;on|phone&#8221; admin_label=&#8221;HEADER&#8221; _builder_version=&#8221;4.24.2&#8243; _module_preset=&#8221;default&#8221; custom_padding=&#8221;||||false|false&#8221; custom_padding_tablet=&#8221;||||false|false&#8221; custom_padding_phone=&#8221;||||false|false&#8221; bottom_divider_style=&#8221;wave2&#8243; bottom_divider_color=&#8221;#FFFFFF&#8221; bottom_divider_style_tablet=&#8221;wave2&#8243; bottom_divider_style_phone=&#8221;none&#8221; bottom_divider_style_last_edited=&#8221;on|desktop&#8221; global_colors_info=&#8221;{}&#8221;][et_pb_fullwidth_slider admin_label=&#8221;MAIN IMG&#8221; _builder_version=&#8221;4.24.2&#8243; _module_preset=&#8221;default&#8221; background_color=&#8221;#FFFFFF&#8221; custom_padding_tablet=&#8221;&#8221; custom_padding_phone=&#8221;||||false|false&#8221; custom_padding_last_edited=&#8221;on|desktop&#8221; global_colors_info=&#8221;{}&#8221;][et_pb_slide _builder_version=&#8221;4.24.2&#8243; _module_preset=&#8221;default&#8221; header_level=&#8221;h1&#8243; header_font=&#8221;|700||on|||||&#8221; header_text_align=&#8221;center&#8221; header_font_size=&#8221;45px&#8221; background_enable_color=&#8221;off&#8221; background_image=&#8221;https:\/\/yachtcharterportocervo.com\/wp-content\/uploads\/2024\/03\/Ferretti-881-1.webp&#8221; background_enable_image=&#8221;on&#8221; background_size=&#8221;contain&#8221; header_text_shadow_style=&#8221;preset3&#8243; global_colors_info=&#8221;{}&#8221; sticky_transition=&#8221;on&#8221;][\/et_pb_slide][\/et_pb_fullwidth_slider][\/et_pb_section][et_pb_section fb_built=&#8221;1&#8243; _builder_version=&#8221;4.24.2&#8243; _module_preset=&#8221;default&#8221; background_color=&#8221;#FFFFFF&#8221; custom_margin=&#8221;0px||0px||false|false&#8221; custom_padding=&#8221;0px||||false|false&#8221; global_colors_info=&#8221;{}&#8221;][et_pb_row _builder_version=&#8221;4.24.0&#8243; _module_preset=&#8221;default&#8221; global_colors_info=&#8221;{}&#8221;][et_pb_column type=&#8221;4_4&#8243; _builder_version=&#8221;4.24.0&#8243; _module_preset=&#8221;default&#8221; global_colors_info=&#8221;{}&#8221;][et_pb_text admin_label=&#8221; YACHT NAME&#8221; _builder_version=&#8221;4.24.2&#8243; _module_preset=&#8221;default&#8221; header_text_align=&#8221;center&#8221; header_font_size=&#8221;50px&#8221; header_2_text_color=&#8221;#304059&#8243; background_enable_color=&#8221;off&#8221; custom_padding=&#8221;5px|||10px|false|false&#8221; header_font_size_tablet=&#8221;40px&#8221; header_font_size_phone=&#8221;30px&#8221; header_font_size_last_edited=&#8221;on|phone&#8221; border_width_bottom=&#8221;2px&#8221; border_color_bottom=&#8221;#304059&#8243; global_colors_info=&#8221;{}&#8221;]<\/p>\n<h1>FERRETTI 881 RPH<\/h1>\n<p>[\/et_pb_text][\/et_pb_column][\/et_pb_row][et_pb_row _builder_version=&#8221;4.24.0&#8243; _module_preset=&#8221;default&#8221; global_colors_info=&#8221;{}&#8221;][et_pb_column type=&#8221;4_4&#8243; _builder_version=&#8221;4.24.0&#8243; _module_preset=&#8221;default&#8221; global_colors_info=&#8221;{}&#8221;][et_pb_text admin_label=&#8221;Short Description&#8221; _builder_version=&#8221;4.24.2&#8243; _module_preset=&#8221;default&#8221; global_colors_info=&#8221;{}&#8221;]<\/p>\n<p>El FERRETTI 881 RPH presenta unas dimensiones y caracter\u00edsticas espaciales propias de yates de 100 pies o m\u00e1s. Con un ambiente contempor\u00e1neo, luminoso y elegante, este yate ofrece un estilo y un confort incomparables. El luminoso y espacioso sal\u00f3n cuenta con dos divanes enfrentados, una zona de comedor independiente con una mesa cuadrada de generosas dimensiones, muebles de tonos suaves y suelo de madera, que crean un impresionante espacio vital. Extendiendo el ambiente c\u00e1lido y acogedor al exterior, el div\u00e1n de popa y la mesa proporcionan un entorno acogedor en el barco.<\/p>\n<p>Con capacidad para 10 invitados en cuatro camarotes bien equipados, cada uno elegantemente dise\u00f1ado con mobiliario y ba\u00f1os de lujo, el FERRETTI 881 RPH garantiza un confort de primera clase. El amplio camarote principal con viga completa, que se distingue por dos ventanas panor\u00e1micas, cuenta con impresionantes instalaciones en suite con una mampara de cristal \u00fanica, ducha doble y ba\u00f1era grande.<br \/>El camarote VIP cuenta con una generosa cama doble para un retiro espacioso y confortable, mientras que los camarotes gemelos en suite a juego, cada uno con camas Pullman, mejoran el alojamiento para dormir. La cocina original da a la proa a trav\u00e9s del parabrisas delantero, y la cabina del piloto est\u00e1 situada cerca de la cocina. El amplio Fly Bridge sirve como zona de relax privada con asientos\/tumbonas y c\u00f3modas tumbonas. Adem\u00e1s, hay un amplio espacio para tomar el sol en la cubierta de proa.<\/p>\n<p>Destaca el sistema que permite convertir la puerta pivotante electrohidr\u00e1ulica del garaje en una \u00abplataforma de playa\u00bb de teca, proporcionando una zona sobre el mar para el contacto directo con el agua. El yate est\u00e1 equipado con comodidades de alta gama, incluidos varios juguetes acu\u00e1ticos, como una rampa de deslizamiento desde el flybridge y bobs marinos, que ofrecen una experiencia excepcional a bordo.<\/p>\n<p>[\/et_pb_text][et_pb_image src=&#8221;https:\/\/yachtcharterportocervo.com\/wp-content\/uploads\/2024\/02\/PDF-download.png&#8221; alt=&#8221;PDF download&#8221; title_text=&#8221;PDF download&#8221; url=&#8221;https:\/\/yachtcharterportocervo.com\/wp-content\/uploads\/2024\/03\/Ferretti-881.pdf&#8221; url_new_window=&#8221;on&#8221; align=&#8221;center&#8221; admin_label=&#8221;PDF Download&#8221; _builder_version=&#8221;4.24.2&#8243; _module_preset=&#8221;default&#8221; global_colors_info=&#8221;{}&#8221;][\/et_pb_image][\/et_pb_column][\/et_pb_row][\/et_pb_section][et_pb_section fb_built=&#8221;1&#8243; _builder_version=&#8221;4.24.0&#8243; _module_preset=&#8221;default&#8221; background_color=&#8221;#f1f1f1&#8243; custom_margin=&#8221;0px||0px||false|false&#8221; custom_padding=&#8221;0px||||false|false&#8221; global_colors_info=&#8221;{}&#8221;][et_pb_row _builder_version=&#8221;4.24.0&#8243; _module_preset=&#8221;default&#8221; global_colors_info=&#8221;{}&#8221;][et_pb_column type=&#8221;4_4&#8243; _builder_version=&#8221;4.24.0&#8243; _module_preset=&#8221;default&#8221; global_colors_info=&#8221;{}&#8221;][et_pb_text admin_label=&#8221; YACHT DETAILS TITLE&#8221; _builder_version=&#8221;4.24.2&#8243; _module_preset=&#8221;default&#8221; header_2_text_color=&#8221;#304059&#8243; background_enable_color=&#8221;off&#8221; custom_padding=&#8221;5px|||10px|false|false&#8221; border_width_bottom=&#8221;1px&#8221; border_color_bottom=&#8221;#304059&#8243; global_colors_info=&#8221;{}&#8221;]<\/p>\n<h2>DETALLES DEL YATE<\/h2>\n<p>[\/et_pb_text][\/et_pb_column][\/et_pb_row][et_pb_row column_structure=&#8221;1_4,1_4,1_4,1_4&#8243; _builder_version=&#8221;4.24.0&#8243; _module_preset=&#8221;default&#8221; custom_margin=&#8221;||0px||false|false&#8221; custom_padding=&#8221;||0px||false|false&#8221; locked=&#8221;off&#8221; global_colors_info=&#8221;{}&#8221;][et_pb_column type=&#8221;1_4&#8243; _builder_version=&#8221;4.24.0&#8243; _module_preset=&#8221;default&#8221; global_colors_info=&#8221;{}&#8221;][et_pb_blurb title=&#8221;LENGHT&#8221; use_icon=&#8221;on&#8221; font_icon=&#8221;&#xf545;||fa||900&#8243; icon_placement=&#8221;left&#8221; admin_label=&#8221;LENGHT&#8221; _builder_version=&#8221;4.25.0&#8243; _module_preset=&#8221;default&#8221; hover_enabled=&#8221;0&#8243; header_font_size_tablet=&#8221;&#8221; header_font_size_phone=&#8221;14px&#8221; header_font_size_last_edited=&#8221;on|phone&#8221; body_font_size_tablet=&#8221;&#8221; body_font_size_phone=&#8221;12px&#8221; body_font_size_last_edited=&#8221;on|desktop&#8221; global_colors_info=&#8221;{}&#8221; sticky_enabled=&#8221;0&#8243;]<\/p>\n<p>27.07 m (88.81 ft)<\/p>\n<p>[\/et_pb_blurb][\/et_pb_column][et_pb_column type=&#8221;1_4&#8243; _builder_version=&#8221;4.24.0&#8243; _module_preset=&#8221;default&#8221; global_colors_info=&#8221;{}&#8221;][et_pb_blurb title=&#8221;CABINS&#8221; use_icon=&#8221;on&#8221; font_icon=&#8221;&#xf21a;||fa||900&#8243; icon_placement=&#8221;left&#8221; admin_label=&#8221;CABINS&#8221; _builder_version=&#8221;4.24.2&#8243; _module_preset=&#8221;default&#8221; header_font_size_tablet=&#8221;&#8221; header_font_size_phone=&#8221;14px&#8221; header_font_size_last_edited=&#8221;on|phone&#8221; body_font_size_tablet=&#8221;&#8221; body_font_size_phone=&#8221;12px&#8221; body_font_size_last_edited=&#8221;on|desktop&#8221; global_colors_info=&#8221;{}&#8221;]<\/p>\n<p>5<\/p>\n<p>[\/et_pb_blurb][\/et_pb_column][et_pb_column type=&#8221;1_4&#8243; _builder_version=&#8221;4.24.0&#8243; _module_preset=&#8221;default&#8221; global_colors_info=&#8221;{}&#8221;][et_pb_blurb title=&#8221;YEAR&#8221; use_icon=&#8221;on&#8221; font_icon=&#8221;&#xf0c0;||fa||900&#8243; icon_placement=&#8221;left&#8221; admin_label=&#8221;YEAR&#8221; _builder_version=&#8221;4.24.2&#8243; _module_preset=&#8221;default&#8221; header_font_size_tablet=&#8221;&#8221; header_font_size_phone=&#8221;14px&#8221; header_font_size_last_edited=&#8221;on|phone&#8221; body_font_size_tablet=&#8221;&#8221; body_font_size_phone=&#8221;12px&#8221; body_font_size_last_edited=&#8221;on|desktop&#8221; global_colors_info=&#8221;{}&#8221;]<\/p>\n<p>2012<\/p>\n<p>[\/et_pb_blurb][\/et_pb_column][et_pb_column type=&#8221;1_4&#8243; _builder_version=&#8221;4.24.0&#8243; _module_preset=&#8221;default&#8221; global_colors_info=&#8221;{}&#8221;][et_pb_blurb title=&#8221;LOCATION&#8221; use_icon=&#8221;on&#8221; font_icon=&#8221;&#xf500;||fa||900&#8243; icon_placement=&#8221;left&#8221; admin_label=&#8221;CREW&#8221; _builder_version=&#8221;4.24.2&#8243; _module_preset=&#8221;default&#8221; header_font_size=&#8221;18px&#8221; body_font_size_tablet=&#8221;&#8221; body_font_size_phone=&#8221;12px&#8221; body_font_size_last_edited=&#8221;on|phone&#8221; global_colors_info=&#8221;{}&#8221;]<\/p>\n<p>Cerde\u00f1a<\/p>\n<p>[\/et_pb_blurb][\/et_pb_column][\/et_pb_row][\/et_pb_section][et_pb_section fb_built=&#8221;1&#8243; disabled_on=&#8221;on|on|on&#8221; admin_label=&#8221;SLIDER GALLERY&#8221; _builder_version=&#8221;4.24.2&#8243; _module_preset=&#8221;default&#8221; custom_margin=&#8221;0px||0px||false|false&#8221; custom_padding=&#8221;0px||0px||false|false&#8221; disabled=&#8221;on&#8221; global_colors_info=&#8221;{}&#8221;][et_pb_row disabled_on=&#8221;off|off|off&#8221; admin_label=&#8221;SLIDER&#8221; _builder_version=&#8221;4.24.2&#8243; _module_preset=&#8221;default&#8221; width=&#8221;100%&#8221; max_width=&#8221;100%&#8221; module_alignment=&#8221;center&#8221; custom_margin=&#8221;0px||0px||false|false&#8221; custom_padding=&#8221;0px||0px||false|false&#8221; global_colors_info=&#8221;{}&#8221;][et_pb_column type=&#8221;4_4&#8243; _builder_version=&#8221;4.24.0&#8243; _module_preset=&#8221;default&#8221; global_colors_info=&#8221;{}&#8221;][et_pb_gallery gallery_ids=&#8221;79,10&#8243; fullwidth=&#8221;on&#8221; dbdb_version=&#8221;4.4.4&#8243; module_class=&#8221;lwp-arrow-color&#8221; _builder_version=&#8221;4.24.2&#8243; _module_preset=&#8221;default&#8221; width=&#8221;100%&#8221; max_width=&#8221;100%&#8221; auto=&#8221;on&#8221; auto_speed=&#8221;3000&#8243; global_colors_info=&#8221;{}&#8221;][\/et_pb_gallery][\/et_pb_column][\/et_pb_row][\/et_pb_section][et_pb_section fb_built=&#8221;1&#8243; disabled_on=&#8221;off|off|off&#8221; admin_label=&#8221;GRID GALLERY&#8221; _builder_version=&#8221;4.24.2&#8243; _module_preset=&#8221;default&#8221; custom_margin=&#8221;0px||0px||false|false&#8221; custom_padding=&#8221;0px||0px||false|false&#8221; global_colors_info=&#8221;{}&#8221;][et_pb_row _builder_version=&#8221;4.24.0&#8243; _module_preset=&#8221;default&#8221; global_colors_info=&#8221;{}&#8221;][et_pb_column type=&#8221;4_4&#8243; _builder_version=&#8221;4.24.0&#8243; _module_preset=&#8221;default&#8221; global_colors_info=&#8221;{}&#8221;][et_pb_text admin_label=&#8221;YACHT GALLERY&#8221; _builder_version=&#8221;4.24.2&#8243; _module_preset=&#8221;default&#8221; header_2_text_color=&#8221;#304059&#8243; background_enable_color=&#8221;off&#8221; custom_padding=&#8221;5px|||10px|false|false&#8221; border_width_bottom=&#8221;1px&#8221; border_color_bottom=&#8221;#304059&#8243; global_colors_info=&#8221;{}&#8221;]<\/p>\n<h2>GALER\u00cdA IM\u00c1GENES<\/h2>\n<p>[\/et_pb_text][\/et_pb_column][\/et_pb_row][et_pb_row use_custom_gutter=&#8221;on&#8221; gutter_width=&#8221;1&#8243; admin_label=&#8221;GRIGLIA&#8221; _builder_version=&#8221;4.24.2&#8243; _module_preset=&#8221;default&#8221; module_alignment=&#8221;center&#8221; custom_margin=&#8221;30px||0px||false|false&#8221; custom_padding=&#8221;||0px||false|false&#8221; global_colors_info=&#8221;{}&#8221;][et_pb_column type=&#8221;4_4&#8243; _builder_version=&#8221;4.24.0&#8243; _module_preset=&#8221;default&#8221; global_colors_info=&#8221;{}&#8221;][et_pb_gallery gallery_ids=&#8221;1738,1739,1740,1741,1742,1743,1744,1745,1746,1747,1748,1749,1750,1751,1752,1753,1754,1755,1756,1757,1758,1759,1760,1761,1762,1763,1764,1765,1766,1767,1768,1769,1770,1771,1773&#8243; posts_number=&#8221;36&#8243; dbdb_version=&#8221;4.4.4&#8243; show_title_and_caption=&#8221;off&#8221; show_pagination=&#8221;off&#8221; module_class=&#8221;lwp-arrow-color&#8221; _builder_version=&#8221;4.24.2&#8243; _module_preset=&#8221;default&#8221; width=&#8221;100%&#8221; max_width=&#8221;100%&#8221; global_colors_info=&#8221;{}&#8221;][\/et_pb_gallery][\/et_pb_column][\/et_pb_row][\/et_pb_section][et_pb_section fb_built=&#8221;1&#8243; disabled_on=&#8221;on|on|on&#8221; _builder_version=&#8221;4.24.0&#8243; _module_preset=&#8221;default&#8221; custom_margin=&#8221;0px||||false|false&#8221; custom_padding=&#8221;0px||||false|false&#8221; disabled=&#8221;on&#8221; global_colors_info=&#8221;{}&#8221;][et_pb_row _builder_version=&#8221;4.24.0&#8243; _module_preset=&#8221;default&#8221; global_colors_info=&#8221;{}&#8221;][et_pb_column type=&#8221;4_4&#8243; _builder_version=&#8221;4.24.0&#8243; _module_preset=&#8221;default&#8221; global_colors_info=&#8221;{}&#8221;][et_pb_video src=&#8221;https:\/\/www.youtube.com\/watch?v=hVchgEmHCBE&#8221; _builder_version=&#8221;4.24.0&#8243; _module_preset=&#8221;default&#8221; global_colors_info=&#8221;{}&#8221;][\/et_pb_video][\/et_pb_column][\/et_pb_row][\/et_pb_section][et_pb_section fb_built=&#8221;1&#8243; _builder_version=&#8221;4.24.2&#8243; _module_preset=&#8221;default&#8221; custom_margin=&#8221;||||false|false&#8221; custom_padding=&#8221;||||false|false&#8221; locked=&#8221;off&#8221; global_colors_info=&#8221;{}&#8221;][et_pb_row column_structure=&#8221;1_2,1_2&#8243; _builder_version=&#8221;4.24.0&#8243; _module_preset=&#8221;default&#8221; global_colors_info=&#8221;{}&#8221;][et_pb_column type=&#8221;1_2&#8243; _builder_version=&#8221;4.24.0&#8243; _module_preset=&#8221;default&#8221; global_colors_info=&#8221;{}&#8221;][et_pb_text admin_label=&#8221;TECHNICAL SPECIFICATIONS&#8221; _builder_version=&#8221;4.24.2&#8243; _module_preset=&#8221;default&#8221; header_2_text_color=&#8221;#304059&#8243; background_enable_color=&#8221;off&#8221; custom_padding=&#8221;5px|||10px|false|false&#8221; border_width_bottom=&#8221;1px&#8221; border_color_bottom=&#8221;#304059&#8243; global_colors_info=&#8221;{}&#8221;]<\/p>\n<h2>ESPECIFICACIONES T\u00c9CNICAS<\/h2>\n<p>[\/et_pb_text][et_pb_text admin_label=&#8221;Technical Specifications (text)&#8221; _builder_version=&#8221;4.25.0&#8243; _module_preset=&#8221;default&#8221; hover_enabled=&#8221;0&#8243; global_colors_info=&#8221;{}&#8221; sticky_enabled=&#8221;0&#8243;]<\/p>\n<p><strong>Fabricante<\/strong>: Ferretti<\/p>\n<p><strong>Modelo<\/strong>: 881 RPH<\/p>\n<p><strong>A\u00f1o de construcci\u00f3n<\/strong>: 2012<\/p>\n<p><strong>Longitud total<\/strong>: 27.07 m (88.81 ft)<\/p>\n<p><strong>Motores<\/strong>: 2 X 2.018 HP MTU 16V 2000 M84 diesel<\/p>\n<p><strong>Velocidad M\u00e1xima<\/strong>: 29 Kts<\/p>\n<p><strong>Velocidad de Crucero<\/strong>: 22 Kts<\/p>\n<p><strong>Cabinas de invitados<\/strong>: 5<\/p>\n<p><strong>Ba\u00f1os<\/strong>: 5<\/p>\n<div id=\"comp-la9re894\" class=\"c9GqVL QxJLC3 comp-la9re894 wixui-rich-text\" data-testid=\"richTextElement\">\n<p class=\"font_7 wixui-rich-text__text\"><span class=\"wixui-rich-text__text\"><strong>Ubicaci\u00f3n:<\/strong>\u00a0 Cerde\u00f1a<\/span><\/p>\n<p><span class=\"wixui-rich-text__text\"><strong>Material del casco:<\/strong>\u00a0 Compuesto<br \/><\/span><\/p>\n<p><strong>Precio:<\/strong> \u00a0Previa Solicitud<\/p>\n<p><strong>IVA:<\/strong>\u00a0 No pagado<\/p>\n<\/div>\n<p>&nbsp;<\/p>\n<p>&nbsp;<\/p>\n<p>&nbsp;<\/p>\n<p>&nbsp;<\/p>\n<p>[\/et_pb_text][\/et_pb_column][et_pb_column type=&#8221;1_2&#8243; _builder_version=&#8221;4.24.0&#8243; _module_preset=&#8221;default&#8221; global_colors_info=&#8221;{}&#8221;][et_pb_text admin_label=&#8221;CONTACT BROKER&#8221; _builder_version=&#8221;4.24.2&#8243; _module_preset=&#8221;default&#8221; header_2_text_color=&#8221;#304059&#8243; background_enable_color=&#8221;off&#8221; custom_padding=&#8221;5px|||10px|false|false&#8221; border_width_bottom=&#8221;1px&#8221; border_color_bottom=&#8221;#304059&#8243; global_colors_info=&#8221;{}&#8221;]<\/p>\n<h2>CONTACTAR CON EL AGENTE<\/h2>\n<p>[\/et_pb_text][et_pb_text admin_label=&#8221;Contact module&#8221; _builder_version=&#8221;4.24.2&#8243; _module_preset=&#8221;default&#8221; global_colors_info=&#8221;{}&#8221;]<\/p>\n<div data-uniq='69f3fe0354daa' class='uniq-69f3fe0354daa formcraft-css form-live align-center'><style type='text\/css' scoped='scoped'>html .formcraft-css .powered-by {\n    display: none;\n}<\/style><script> window.formcraftLogic = window.formcraftLogic || {}; window.formcraftLogic[1] = []; <\/script><div class=\"fc-pagination-cover fc-pagination-1\">\n\t\t\t\t<div class=\"fc-pagination width-100\">\n\t\t\t\t\t<!-- ngRepeat: page in Builder.FormElements track by $index --><div class=\"pagination-trigger\" data-index=\"0\">\n\t\t\t\t\t\t<span class=\"page-number\"><span >1<\/span><\/span>\n\t\t\t\t\t\t<span class=\"page-name\">Primer paso<\/span>\n\t\t\t\t\t\t\n\t\t\t\t\t<\/div><!-- end ngRepeat: page in Builder.FormElements track by $index -->\n\t\t\t\t<\/div>\n\t\t\t<\/div>\n\t\t\t\n\t\t\t<style scoped=\"scoped\" >\n\t\t\t@media (max-width : 480px) {\n\t\t\t\t.fc_modal-dialog-1 .fc-pagination-cover .fc-pagination\n\t\t\t\t{\n\t\t\t\t\tbackground-color: none !important;\n\t\t\t\t}\n\t\t\t}\n\t\t\t\t\t\t.formcraft-css .fc-form.fc-form-1 .form-element .submit-cover .submit-button,\n\t\t\t.formcraft-css .fc-form.fc-form-1 .form-element .fileupload-cover .button-file,\n\t\t\t.formcraft-css .fc-form.fc-form-1 .form-element .field-cover .button,\n\t\t\t.formcraft-datepicker .ui-datepicker-header,\n\t\t\t.formcraft-datepicker .ui-datepicker-title\n\t\t\t{\n\t\t\t\tbackground: #304059;\n\t\t\t\tcolor: #fff;\n\t\t\t}\n\t\t\t.formcraft-datepicker td .ui-state-active,\n\t\t\t.formcraft-datepicker td .ui-state-hover,\n\t\t\t.formcraft-css .fc-form.fc-form-1 .form-element .slider-cover .ui-slider-range\n\t\t\t{\n\t\t\t\tbackground: #304059;\n\t\t\t}\n\t\t\t#ui-datepicker-div.formcraft-datepicker .ui-datepicker-header,\n\t\t\t.formcraft-css .fc-form .field-cover>div.full hr\n\t\t\t{\n\t\t\t\tborder-color: #2a384e;\n\t\t\t}\n\t\t\t#ui-datepicker-div.formcraft-datepicker .ui-datepicker-prev:hover,\n\t\t\t#ui-datepicker-div.formcraft-datepicker .ui-datepicker-next:hover,\n\t\t\t#ui-datepicker-div.formcraft-datepicker select.ui-datepicker-month:hover,\n\t\t\t#ui-datepicker-div.formcraft-datepicker select.ui-datepicker-year:hover\n\t\t\t{\n\t\t\t\tbackground-color: #2a384e;\n\t\t\t}\n\t\t\t.formcraft-css .fc-pagination>div.active .page-number,\n\t\t\t.formcraft-css .form-cover-builder .fc-pagination>div:first-child .page-number\n\t\t\t{\n\t\t\t\tbackground-color: #304059;\n\t\t\t\tcolor: #fff;\n\t\t\t}\n\t\t\t#ui-datepicker-div.formcraft-datepicker table.ui-datepicker-calendar th,\n\t\t\t#ui-datepicker-div.formcraft-datepicker table.ui-datepicker-calendar td.ui-datepicker-today a,\n\t\t\t.formcraft-css .fc-form.fc-form-1 .form-element .star-cover label,\n\t\t\thtml .formcraft-css .fc-form.label-floating .form-element .field-cover.has-focus>span,\n\t\t\t.formcraft-css .fc-form.fc-form-1 .form-element .customText-cover a,\n\t\t\t.formcraft-css .prev-next>div span:hover\n\t\t\t{\n\t\t\t\tcolor: #304059;\n\t\t\t}\n\t\t\t.formcraft-css .fc-form.fc-form-1 .form-element .customText-cover a:hover\n\t\t\t{\n\t\t\t\tcolor: #2a384e;\n\t\t\t}\n\t\t\thtml .formcraft-css .fc-form.fc-form-1.label-floating .form-element .field-cover > span\n\t\t\t{\n\t\t\t\tcolor: #666666;\n\t\t\t}\n\t\t\thtml .formcraft-css .fc-form .final-success .final-success-check {\n\t\t\t\tborder: 2px solid #666666;\n\t\t\t}\n\t\t\t.formcraft-css .fc-form.fc-form-1 .form-element .field-cover input[type=\"text\"],\n\t\t\t.formcraft-css .fc-form.fc-form-1 .form-element .field-cover input[type=\"email\"],\n\t\t\t.formcraft-css .fc-form.fc-form-1 .form-element .field-cover input[type=\"password\"],\n\t\t\t.formcraft-css .fc-form.fc-form-1 .form-element .field-cover input[type=\"tel\"],\n\t\t\t.formcraft-css .fc-form.fc-form-1 .form-element .field-cover textarea,\n\t\t\t.formcraft-css .fc-form.fc-form-1 .form-element .field-cover select,\n\t\t\t.formcraft-css .fc-form.fc-form-1 .form-element .field-cover .time-fields-cover,\n\t\t\t.formcraft-css .fc-form.fc-form-1 .form-element .field-cover .awesomplete ul\n\t\t\t{\n\t\t\t\tcolor: #777;\n\t\t\t}\n\t\t\t.formcraft-css .fc-form.fc-form-1 .form-element .field-cover input[type=\"text\"],\n\t\t\t.formcraft-css .fc-form.fc-form-1 .form-element .field-cover input[type=\"password\"],\n\t\t\t.formcraft-css .fc-form.fc-form-1 .form-element .field-cover input[type=\"email\"],\n\t\t\t.formcraft-css .fc-form.fc-form-1 .form-element .field-cover input[type=\"radio\"],\n\t\t\t.formcraft-css .fc-form.fc-form-1 .form-element .field-cover input[type=\"checkbox\"],\n\t\t\t.formcraft-css .fc-form.fc-form-1 .form-element .field-cover input[type=\"tel\"],\n\t\t\t.formcraft-css .fc-form.fc-form-1 .form-element .field-cover select,\n\t\t\t.formcraft-css .fc-form.fc-form-1 .form-element .field-cover textarea\n\t\t\t{\n\t\t\t\tbackground-color: #fafafa;\n\t\t\t}\n\t\t\t.formcraft-css .fc-form.fc-form-1 .form-element .field-cover input[type=\"radio\"]:checked,\n\t\t\t.formcraft-css .fc-form.fc-form-1 .form-element .field-cover input[type=\"checkbox\"]:checked {\n\t\t\t\tborder-color: #2a384e;\n\t\t\t\tbackground: #304059;\t\t\t\t\n\t\t\t}\n\t\t\t.formcraft-css .fc-form.fc-form-1 .form-element .star-cover label .star\n\t\t\t{\n\t\t\t\ttext-shadow: 0px 1px 0px #2a384e;\n\t\t\t}\n\t\t\t.formcraft-css .fc-form.fc-form-1 .form-element .slider-cover .ui-slider-range\n\t\t\t{\n\t\t\t\tbox-shadow: 0px 1px 1px #2a384e inset;\n\t\t\t}\n\t\t\t.formcraft-css .fc-form.fc-form-1 .form-element .fileupload-cover .button-file\n\t\t\t{\n\t\t\t\tborder-color: #2a384e;\n\t\t\t}\n\t\t\t.formcraft-css .fc-form.fc-form-1 .form-element .form-element-html input[type=\"password\"]:focus,\n\t\t\t.formcraft-css .fc-form.fc-form-1 .form-element .form-element-html input[type=\"email\"]:focus,\n\t\t\t.formcraft-css .fc-form.fc-form-1 .form-element .form-element-html input[type=\"tel\"]:focus,\n\t\t\t.formcraft-css .fc-form.fc-form-1 .form-element .form-element-html input[type=\"text\"]:focus,\n\t\t\t.formcraft-css .fc-form.fc-form-1 .form-element .form-element-html textarea:focus,\n\t\t\t.formcraft-css .fc-form.fc-form-1 .form-element .form-element-html select:focus\n\t\t\t{\n\t\t\t\tborder-color: #304059;\n\t\t\t}\n\t\t\t.formcraft-css .fc-form.fc-form-1 .form-element .form-element-html .field-cover .is-read-only:focus {\n\t\t\t\tborder-color: #ccc;\n\t\t\t}\n\t\t\t.formcraft-css .fc-form.fc-form-1\t\t\t{\n\t\t\t\tfont-family: inherit;\n\t\t\t}\n\t\t\t@media (max-width : 480px) {\n\t\t\t\thtml .dedicated-page,\n\t\t\t\thtml .dedicated-page .formcraft-css .fc-pagination > div.active\n\t\t\t\t{\n\t\t\t\t\tbackground: none;\n\t\t\t\t}\n\t\t\t}\n\t\t<\/style>\n\t\t<div class=\"form-cover\">\n\t\t\t<form data-auto-scroll=\"\" data-no-message-redirect=\"\" data-thousand=\"\" data-decimal=\".\" data-delay=\"\" data-id=\"1\" class=\"fc-form fc-form-1 align- fc-temp-class dont-submit-hidden- remove-asterisk- icons-hide- disable-enter- label-block field-border-visible frame-hidden field-alignment-left   options-fade save-form-true ng-submitted\" style=\"width: 420px; color: #666666; font-size: 100%; background: none\" action=\"\">\n\t\t\t\t<!-- ngRepeat: page in Builder.FormElements track by $index --><div class=\"form-page form-page-0\" data-index=\"0\">\n\t\t\t\t\t\n\t\t\t\t\t<div class=\"form-page-content      ng-not-empty\">\n\t\t\t\t\t\t<div data-identifier=\"field11\" data-index=\"0\" style=\"width: 100%; position: relative; z-index: 101; left: 0px; top: -9.75px\" class=\"form-element form-element-field11 default-false form-element-type-customText is-required-false odd -handle form-element-0 options-true\">\n\t\t\t\t\t\t\t<div class=\"form-element-html\"><div ><div class=\"absolute-false customText-cover field-cover\" style=\"left: 0; top: 0;right: 0;bottom: 0;color: #666666 !important; background-color:\"><div class=\"full\" style=\"text-align: left\"><p style=\"text-align: center\" ><span style=\"font-size: inherit\"><b>Los datos facilitados se tratar\u00e1n de conformidad con lo dispuesto en el Reglamento 2016\/679 de la UE (GDPR),<\/b><\/span><\/p><p class=\"p2\" style=\"text-align: center\"><b><span style=\"font-size: inherit\">Al enviar este formulario, usted confirma que ha le\u00eddo y aceptado nuestra&nbsp;<\/span><a href=\"https:\/\/yachtcharterportocervo.com\/es\/privacy-policy\/\" style=\"font-size: inherit\"><span class=\"s2\">Pol\u00edtica de Privacidad<\/span><\/a><span style=\"font-size: inherit\">&nbsp;e&nbsp;<\/span><a href=\"https:\/\/yachtcharterportocervo.com\/es\/cookie-policy\/\" style=\"font-size: inherit\"><span class=\"s2\">Pol\u00edtica de Cookies<\/span><\/a><\/b><span style=\"font-size: inherit\"><b>.<\/b><\/span><\/p><\/div><input type=\"hidden\" name=\"field11\" data-field-id=\"field11\"><\/div><\/div><\/div>\n\t\t\t\t\t\t\t\n\t\t\t\t\t\t<\/div><div data-identifier=\"field2\" data-index=\"1\" style=\"width: 100%; position: relative; z-index: 999; left: 0px; top: 0px\" class=\"form-element form-element-field2 default-false form-element-type-oneLineText is-required-true options-false -handle even form-element-1\">\n\t\t\t\t\t\t\t<div class=\"form-element-html\"><div ><label class=\"oneLineText-cover field-cover\"><span class=\"sub-label-false\"><span class=\"main-label\"><span >Nombre y Apellidos<\/span><\/span><span class=\"sub-label\"><\/span><\/span><div><span class=\"error\"><\/span><input type=\"text\" placeholder=\"\" make-read-only=\"false\" data-field-id=\"field2\" name=\"field2[]\" data-min-char=\"\" data-max-char=\"\" data-val-type=\"\" data-regexp=\"\" data-is-required=\"true\" data-allow-spaces=\"true\" class=\"validation-lenient\" data-placement=\"right\" data-toggle=\"tooltip\" tooltip=\"\" data-trigger=\"focus\" data-html=\"true\" data-input-mask=\"\" data-mask-placeholder=\"\" data-original-title=\"\"><i class=\"formcraft-icon formcraft-icon-type-\"><\/i><\/div><\/label><\/div><\/div>\n\t\t\t\t\t\t\t\n\t\t\t\t\t\t<\/div><div data-identifier=\"field4\" data-index=\"2\" style=\"width: 100%\" class=\"form-element form-element-field4 default-false form-element-type-email is-required-true -handle odd form-element-2 options-false\">\n\t\t\t\t\t\t\t<div class=\"form-element-html\"><div ><label class=\"email-cover field-cover\"><span class=\"sub-label-true\"><span class=\"main-label\"><span >E-mail<\/span><\/span><span class=\"sub-label\"><\/span><\/span><div><span class=\"error\"><\/span><input placeholder=\"\" data-field-id=\"field4\" type=\"text\" data-val-type=\"email\" make-read-only=\"\" data-is-required=\"true\" name=\"field4\" class=\"validation-lenient\" data-placement=\"right\" data-toggle=\"tooltip\" tooltip=\"\" data-trigger=\"focus\" data-html=\"true\" data-original-title=\"name@email.com\"><i class=\"formcraft-icon\">email<\/i><\/div><\/label><\/div><\/div>\n\t\t\t\t\t\t\t\n\t\t\t\t\t\t<\/div><div data-identifier=\"field5\" data-index=\"3\" style=\"width: 100%; position: relative; z-index: 999; left: 0px; top: 0px\" class=\"form-element form-element-field5 default-false form-element-type-oneLineText is-required-true options-true -handle even form-element-3\">\n\t\t\t\t\t\t\t<div class=\"form-element-html\"><div ><label class=\"oneLineText-cover field-cover\"><span class=\"sub-label-false\"><span class=\"main-label\"><span >Tel\u00e9fono M\u00f3vil (Whatsapp)<\/span><\/span><span class=\"sub-label\"><\/span><\/span><div><span class=\"error\"><\/span><input type=\"text\" placeholder=\"\" make-read-only=\"false\" data-field-id=\"field5\" name=\"field5[]\" data-min-char=\"\" data-max-char=\"\" data-val-type=\"\" data-regexp=\"\" data-is-required=\"true\" data-allow-spaces=\"\" class=\"validation-lenient\" data-placement=\"right\" data-toggle=\"tooltip\" tooltip=\"\" data-trigger=\"focus\" data-html=\"true\" data-input-mask=\"\" data-mask-placeholder=\"\" data-original-title=\"+39 347 123 456\"><i class=\"formcraft-icon formcraft-icon-type-\"><\/i><\/div><\/label><\/div><\/div>\n\t\t\t\t\t\t\t\n\t\t\t\t\t\t<\/div><div data-identifier=\"field6\" data-index=\"4\" style=\"width: 100%\" class=\"form-element form-element-field6 default-false form-element-type-textarea is-required-true options-false -handle odd form-element-4\">\n\t\t\t\t\t\t\t<div class=\"form-element-html\"><div ><label class=\"textarea-cover field-cover\"><span class=\"sub-label-false\"><span class=\"main-label\"><span >Tu solicitud de alquiler<\/span><\/span><span class=\"sub-label\"><\/span><\/span><div><span class=\"error\"><\/span><textarea data-field-id=\"field6\" placeholder=\"\" class=\"validation-lenient\" name=\"field6\" value=\"\" rows=\"2\" data-min-char=\"\" data-max-char=\"1000\" data-is-required=\"true\" data-placement=\"right\" data-toggle=\"tooltip\" tooltip=\"\" data-trigger=\"focus\" data-html=\"true\" data-original-title=\"Dates,  number of guests, preferences\" style=\"min-height: 56.1719px\"><\/textarea><div class=\"count-true\"><span class=\"current-count\">0<\/span> \/ <span class=\"max-count\">1000<\/span><\/div><\/div><\/label><\/div><\/div>\n\t\t\t\t\t\t\t\n\t\t\t\t\t\t<\/div><div data-identifier=\"field8\" data-index=\"5\" style=\"width: 100%\" class=\"form-element form-element-field8 options-false default-false form-element-type-checkbox is-required-true -handle even form-element-5\">\n\t\t\t\t\t\t\t<div class=\"form-element-html\"><div ><div class=\"images- checkbox-cover field-cover\"><span class=\"sub-label-true\"><span class=\"main-label\"><span >Privacidad<\/span><\/span><span class=\"sub-label\"><span >GDPR UE 2016\/679<\/span><\/span><\/span><div data-placement=\"right\" data-toggle=\"tooltip\" tooltip=\"\" data-trigger=\"hover\" data-html=\"true\" data-original-title=\"\"><span class=\"error\"><\/span><label style=\"width:\" ><img alt=\"\"><input data-field-id=\"field8\" type=\"radio\" data-is-required=\"true\" name=\"field8[]\" value=\"I accept the processing of personal data\" class=\"validation-lenient\"><span><span >Acepto el tratamiento de mis datos personales<\/span><\/span><\/label><\/div><\/div><\/div><\/div>\n\t\t\t\t\t\t\t\n\t\t\t\t\t\t<\/div><div data-identifier=\"field7\" data-index=\"6\" style=\"width: 100%\" class=\"form-element form-element-field7 options-false default-false form-element-type-submit is-required-false -handle odd form-element-6\">\n\t\t\t\t\t\t\t<div class=\"form-element-html\"><div ><div class=\"align-right wide-true submit-cover field-cover\"><button type=\"submit\" class=\"button submit-button\"><span class=\"text\">ENVIAR SOLICITUD<\/span><span class=\"spin-cover\"><i style=\"color:\" class=\"loading-icon icon-cog animate-spin\"><\/i><\/span><\/button><\/div><div class=\"submit-response\"><\/div><label ><input type=\"text\" class=\"required_field\" name=\"website\" autocomplete=\"maple-syrup-pot\"><\/label><\/div><\/div>\n\t\t\t\t\t\t\t\n\t\t\t\t\t\t<\/div>\n\t\t\t\t\t<\/div>\n\t\t\t\t<\/div><!-- end ngRepeat: page in Builder.FormElements track by $index -->\n\t\t\t<input type=\"hidden\" name=\"trp-form-language\" value=\"es\"\/><\/form>\n\t\t\t<div class=\"prev-next prev-next-1\" style=\"width: 420px; color: #666666; font-size: 100%; background: none\">\n\t\t\t\t<div>\n\t\t\t\t\t\n\t\t\t\t\t<span class=\"inactive page-prev\"><i class=\"formcraft-icon\">keyboard_arrow_left<\/i>Previous<\/span><\/div>\n\t\t\t\t<div>\n\t\t\t\t\t\n\t\t\t\t\t<span class=\"page-next\">Siguiente<i class=\"formcraft-icon\">keyboard_arrow_right<\/i><\/span><\/div>\n\t\t\t<\/div>\n\t\t<\/div><a class=\"powered-by\" target=\"_blank\" href=\"http:\/\/formcraft-wp.com?source=pb\"\/>FormCraft - WordPress form builder<\/a><\/div>\n<p>[\/et_pb_text][\/et_pb_column][\/et_pb_row][\/et_pb_section]<\/p>","protected":false},"excerpt":{"rendered":"<p>FERRETTI 881 RPHThe FERRETTI 881 RPH presents dimensions and spatial features akin to yachts measuring 100 feet and more. Boasting a contemporary, bright, and elegant ambiance, this yacht offers unparalleled style and comfort. The luminous and spacious saloon features two facing divans, a separate dining area with a generously sized square table, soft-toned furniture, and [&hellip;]<\/p>","protected":false},"author":2,"featured_media":1799,"comment_status":"open","ping_status":"closed","template":"","meta":{"_et_pb_use_builder":"on","_et_pb_old_content":"","_et_gb_content_width":"","_joinchat":[],"footnotes":""},"project_category":[24],"project_tag":[],"class_list":["post-22990297","project","type-project","status-publish","has-post-thumbnail","hentry","project_category-yachts-for-sale"],"yoast_head":"<!-- This site is optimized with the Yoast SEO Premium plugin v27.0 (Yoast SEO v27.5) - https:\/\/yoast.com\/product\/yoast-seo-premium-wordpress\/ -->\n<title>Ferretti 881 RPH - Yacht Charter Porto Cervo<\/title>\n<meta name=\"robots\" content=\"index, follow, max-snippet:-1, max-image-preview:large, max-video-preview:-1\" \/>\n<link rel=\"canonical\" href=\"https:\/\/yachtcharterportocervo.com\/es\/yachts\/ferretti-881-rph-yates-en-venta\/\" \/>\n<meta property=\"og:locale\" content=\"es_ES\" \/>\n<meta property=\"og:type\" content=\"article\" \/>\n<meta property=\"og:title\" content=\"Ferretti 881 RPH\" \/>\n<meta property=\"og:description\" content=\"FERRETTI 881 RPHThe FERRETTI 881 RPH presents dimensions and spatial features akin to yachts measuring 100 feet and more. Boasting a contemporary, bright, and elegant ambiance, this yacht offers unparalleled style and comfort. The luminous and spacious saloon features two facing divans, a separate dining area with a generously sized square table, soft-toned furniture, and [&hellip;]\" \/>\n<meta property=\"og:url\" content=\"https:\/\/yachtcharterportocervo.com\/es\/yachts\/ferretti-881-rph-yates-en-venta\/\" \/>\n<meta property=\"og:site_name\" content=\"Yacht Charter Porto Cervo\" \/>\n<meta property=\"article:publisher\" content=\"https:\/\/www.facebook.com\/profile.php?id=61562242655950\" \/>\n<meta property=\"article:modified_time\" content=\"2024-05-05T16:44:02+00:00\" \/>\n<meta property=\"og:image\" content=\"https:\/\/yachtcharterportocervo.com\/wp-content\/uploads\/2024\/03\/Ferretti-881.webp\" \/>\n\t<meta property=\"og:image:width\" content=\"1024\" \/>\n\t<meta property=\"og:image:height\" content=\"768\" \/>\n\t<meta property=\"og:image:type\" content=\"image\/webp\" \/>\n<meta name=\"twitter:card\" content=\"summary_large_image\" \/>\n<meta name=\"twitter:label1\" content=\"Tiempo de lectura\" \/>\n\t<meta name=\"twitter:data1\" content=\"9 minutos\" \/>\n<script type=\"application\/ld+json\" class=\"yoast-schema-graph\">{\"@context\":\"https:\\\/\\\/schema.org\",\"@graph\":[{\"@type\":\"WebPage\",\"@id\":\"https:\\\/\\\/yachtcharterportocervo.com\\\/yachts\\\/ferretti-881-rph-yachts-for-sale\\\/\",\"url\":\"https:\\\/\\\/yachtcharterportocervo.com\\\/yachts\\\/ferretti-881-rph-yachts-for-sale\\\/\",\"name\":\"Ferretti 881 RPH - Yacht Charter Porto Cervo\",\"isPartOf\":{\"@id\":\"https:\\\/\\\/yachtcharterportocervo.com\\\/#website\"},\"primaryImageOfPage\":{\"@id\":\"https:\\\/\\\/yachtcharterportocervo.com\\\/yachts\\\/ferretti-881-rph-yachts-for-sale\\\/#primaryimage\"},\"image\":{\"@id\":\"https:\\\/\\\/yachtcharterportocervo.com\\\/yachts\\\/ferretti-881-rph-yachts-for-sale\\\/#primaryimage\"},\"thumbnailUrl\":\"https:\\\/\\\/yachtcharterportocervo.com\\\/wp-content\\\/uploads\\\/2024\\\/03\\\/Ferretti-881.webp\",\"datePublished\":\"2024-03-30T22:27:53+00:00\",\"dateModified\":\"2024-05-05T16:44:02+00:00\",\"breadcrumb\":{\"@id\":\"https:\\\/\\\/yachtcharterportocervo.com\\\/yachts\\\/ferretti-881-rph-yachts-for-sale\\\/#breadcrumb\"},\"inLanguage\":\"es\",\"potentialAction\":[{\"@type\":\"ReadAction\",\"target\":[\"https:\\\/\\\/yachtcharterportocervo.com\\\/yachts\\\/ferretti-881-rph-yachts-for-sale\\\/\"]}]},{\"@type\":\"ImageObject\",\"inLanguage\":\"es\",\"@id\":\"https:\\\/\\\/yachtcharterportocervo.com\\\/yachts\\\/ferretti-881-rph-yachts-for-sale\\\/#primaryimage\",\"url\":\"https:\\\/\\\/yachtcharterportocervo.com\\\/wp-content\\\/uploads\\\/2024\\\/03\\\/Ferretti-881.webp\",\"contentUrl\":\"https:\\\/\\\/yachtcharterportocervo.com\\\/wp-content\\\/uploads\\\/2024\\\/03\\\/Ferretti-881.webp\",\"width\":1024,\"height\":768,\"caption\":\"Ferretti 881\"},{\"@type\":\"BreadcrumbList\",\"@id\":\"https:\\\/\\\/yachtcharterportocervo.com\\\/yachts\\\/ferretti-881-rph-yachts-for-sale\\\/#breadcrumb\",\"itemListElement\":[{\"@type\":\"ListItem\",\"position\":1,\"name\":\"Home\",\"item\":\"https:\\\/\\\/yachtcharterportocervo.com\\\/\"},{\"@type\":\"ListItem\",\"position\":2,\"name\":\"YACHTS\",\"item\":\"https:\\\/\\\/yachtcharterportocervo.com\\\/yachts\\\/\"},{\"@type\":\"ListItem\",\"position\":3,\"name\":\"Ferretti 881 RPH\"}]},{\"@type\":\"WebSite\",\"@id\":\"https:\\\/\\\/yachtcharterportocervo.com\\\/#website\",\"url\":\"https:\\\/\\\/yachtcharterportocervo.com\\\/\",\"name\":\"Yacht Charter Porto Cervo\",\"description\":\"Chartering and Selling Yachts\",\"publisher\":{\"@id\":\"https:\\\/\\\/yachtcharterportocervo.com\\\/#organization\"},\"potentialAction\":[{\"@type\":\"SearchAction\",\"target\":{\"@type\":\"EntryPoint\",\"urlTemplate\":\"https:\\\/\\\/yachtcharterportocervo.com\\\/?s={search_term_string}\"},\"query-input\":{\"@type\":\"PropertyValueSpecification\",\"valueRequired\":true,\"valueName\":\"search_term_string\"}}],\"inLanguage\":\"es\"},{\"@type\":\"Organization\",\"@id\":\"https:\\\/\\\/yachtcharterportocervo.com\\\/#organization\",\"name\":\"Yacht Charter Porto Cervo\",\"url\":\"https:\\\/\\\/yachtcharterportocervo.com\\\/\",\"logo\":{\"@type\":\"ImageObject\",\"inLanguage\":\"es\",\"@id\":\"https:\\\/\\\/yachtcharterportocervo.com\\\/#\\\/schema\\\/logo\\\/image\\\/\",\"url\":\"https:\\\/\\\/yachtcharterportocervo.com\\\/wp-content\\\/uploads\\\/2025\\\/02\\\/YCPV_logo-black.png\",\"contentUrl\":\"https:\\\/\\\/yachtcharterportocervo.com\\\/wp-content\\\/uploads\\\/2025\\\/02\\\/YCPV_logo-black.png\",\"width\":436,\"height\":116,\"caption\":\"Yacht Charter Porto Cervo\"},\"image\":{\"@id\":\"https:\\\/\\\/yachtcharterportocervo.com\\\/#\\\/schema\\\/logo\\\/image\\\/\"},\"sameAs\":[\"https:\\\/\\\/www.facebook.com\\\/profile.php?id=61562242655950\",\"https:\\\/\\\/www.instagram.com\\\/yachtcharterportocervosardinia\\\/\"]}]}<\/script>\n<!-- \/ Yoast SEO Premium plugin. -->","yoast_head_json":{"title":"Ferretti 881 RPH - Yacht Charter Porto Cervo","robots":{"index":"index","follow":"follow","max-snippet":"max-snippet:-1","max-image-preview":"max-image-preview:large","max-video-preview":"max-video-preview:-1"},"canonical":"https:\/\/yachtcharterportocervo.com\/es\/yachts\/ferretti-881-rph-yates-en-venta\/","og_locale":"es_ES","og_type":"article","og_title":"Ferretti 881 RPH","og_description":"FERRETTI 881 RPHThe FERRETTI 881 RPH presents dimensions and spatial features akin to yachts measuring 100 feet and more. Boasting a contemporary, bright, and elegant ambiance, this yacht offers unparalleled style and comfort. The luminous and spacious saloon features two facing divans, a separate dining area with a generously sized square table, soft-toned furniture, and [&hellip;]","og_url":"https:\/\/yachtcharterportocervo.com\/es\/yachts\/ferretti-881-rph-yates-en-venta\/","og_site_name":"Yacht Charter Porto Cervo","article_publisher":"https:\/\/www.facebook.com\/profile.php?id=61562242655950","article_modified_time":"2024-05-05T16:44:02+00:00","og_image":[{"width":1024,"height":768,"url":"https:\/\/yachtcharterportocervo.com\/wp-content\/uploads\/2024\/03\/Ferretti-881.webp","type":"image\/webp"}],"twitter_card":"summary_large_image","twitter_misc":{"Tiempo de lectura":"9 minutos"},"schema":{"@context":"https:\/\/schema.org","@graph":[{"@type":"WebPage","@id":"https:\/\/yachtcharterportocervo.com\/yachts\/ferretti-881-rph-yachts-for-sale\/","url":"https:\/\/yachtcharterportocervo.com\/yachts\/ferretti-881-rph-yachts-for-sale\/","name":"Ferretti 881 RPH - Yacht Charter Porto Cervo","isPartOf":{"@id":"https:\/\/yachtcharterportocervo.com\/#website"},"primaryImageOfPage":{"@id":"https:\/\/yachtcharterportocervo.com\/yachts\/ferretti-881-rph-yachts-for-sale\/#primaryimage"},"image":{"@id":"https:\/\/yachtcharterportocervo.com\/yachts\/ferretti-881-rph-yachts-for-sale\/#primaryimage"},"thumbnailUrl":"https:\/\/yachtcharterportocervo.com\/wp-content\/uploads\/2024\/03\/Ferretti-881.webp","datePublished":"2024-03-30T22:27:53+00:00","dateModified":"2024-05-05T16:44:02+00:00","breadcrumb":{"@id":"https:\/\/yachtcharterportocervo.com\/yachts\/ferretti-881-rph-yachts-for-sale\/#breadcrumb"},"inLanguage":"es","potentialAction":[{"@type":"ReadAction","target":["https:\/\/yachtcharterportocervo.com\/yachts\/ferretti-881-rph-yachts-for-sale\/"]}]},{"@type":"ImageObject","inLanguage":"es","@id":"https:\/\/yachtcharterportocervo.com\/yachts\/ferretti-881-rph-yachts-for-sale\/#primaryimage","url":"https:\/\/yachtcharterportocervo.com\/wp-content\/uploads\/2024\/03\/Ferretti-881.webp","contentUrl":"https:\/\/yachtcharterportocervo.com\/wp-content\/uploads\/2024\/03\/Ferretti-881.webp","width":1024,"height":768,"caption":"Ferretti 881"},{"@type":"BreadcrumbList","@id":"https:\/\/yachtcharterportocervo.com\/yachts\/ferretti-881-rph-yachts-for-sale\/#breadcrumb","itemListElement":[{"@type":"ListItem","position":1,"name":"Home","item":"https:\/\/yachtcharterportocervo.com\/"},{"@type":"ListItem","position":2,"name":"YACHTS","item":"https:\/\/yachtcharterportocervo.com\/yachts\/"},{"@type":"ListItem","position":3,"name":"Ferretti 881 RPH"}]},{"@type":"WebSite","@id":"https:\/\/yachtcharterportocervo.com\/#website","url":"https:\/\/yachtcharterportocervo.com\/","name":"Yacht Charter Porto Cervo","description":"Chartering and Selling Yachts","publisher":{"@id":"https:\/\/yachtcharterportocervo.com\/#organization"},"potentialAction":[{"@type":"SearchAction","target":{"@type":"EntryPoint","urlTemplate":"https:\/\/yachtcharterportocervo.com\/?s={search_term_string}"},"query-input":{"@type":"PropertyValueSpecification","valueRequired":true,"valueName":"search_term_string"}}],"inLanguage":"es"},{"@type":"Organization","@id":"https:\/\/yachtcharterportocervo.com\/#organization","name":"Yacht Charter Porto Cervo","url":"https:\/\/yachtcharterportocervo.com\/","logo":{"@type":"ImageObject","inLanguage":"es","@id":"https:\/\/yachtcharterportocervo.com\/#\/schema\/logo\/image\/","url":"https:\/\/yachtcharterportocervo.com\/wp-content\/uploads\/2025\/02\/YCPV_logo-black.png","contentUrl":"https:\/\/yachtcharterportocervo.com\/wp-content\/uploads\/2025\/02\/YCPV_logo-black.png","width":436,"height":116,"caption":"Yacht Charter Porto Cervo"},"image":{"@id":"https:\/\/yachtcharterportocervo.com\/#\/schema\/logo\/image\/"},"sameAs":["https:\/\/www.facebook.com\/profile.php?id=61562242655950","https:\/\/www.instagram.com\/yachtcharterportocervosardinia\/"]}]}},"_links":{"self":[{"href":"https:\/\/yachtcharterportocervo.com\/es\/wp-json\/wp\/v2\/project\/22990297","targetHints":{"allow":["GET"]}}],"collection":[{"href":"https:\/\/yachtcharterportocervo.com\/es\/wp-json\/wp\/v2\/project"}],"about":[{"href":"https:\/\/yachtcharterportocervo.com\/es\/wp-json\/wp\/v2\/types\/project"}],"author":[{"embeddable":true,"href":"https:\/\/yachtcharterportocervo.com\/es\/wp-json\/wp\/v2\/users\/2"}],"replies":[{"embeddable":true,"href":"https:\/\/yachtcharterportocervo.com\/es\/wp-json\/wp\/v2\/comments?post=22990297"}],"version-history":[{"count":0,"href":"https:\/\/yachtcharterportocervo.com\/es\/wp-json\/wp\/v2\/project\/22990297\/revisions"}],"wp:featuredmedia":[{"embeddable":true,"href":"https:\/\/yachtcharterportocervo.com\/es\/wp-json\/wp\/v2\/media\/1799"}],"wp:attachment":[{"href":"https:\/\/yachtcharterportocervo.com\/es\/wp-json\/wp\/v2\/media?parent=22990297"}],"wp:term":[{"taxonomy":"project_category","embeddable":true,"href":"https:\/\/yachtcharterportocervo.com\/es\/wp-json\/wp\/v2\/project_category?post=22990297"},{"taxonomy":"project_tag","embeddable":true,"href":"https:\/\/yachtcharterportocervo.com\/es\/wp-json\/wp\/v2\/project_tag?post=22990297"}],"curies":[{"name":"wp","href":"https:\/\/api.w.org\/{rel}","templated":true}]}}