{"id":498,"date":"2024-02-27T09:34:41","date_gmt":"2024-02-27T09:34:41","guid":{"rendered":"https:\/\/yachtcharterportocervo.com\/?page_id=498"},"modified":"2026-01-06T23:24:25","modified_gmt":"2026-01-06T22:24:25","slug":"yacht-inventory-porto-cervo","status":"publish","type":"page","link":"https:\/\/yachtcharterportocervo.com\/es\/inventario-de-yates-porto-cervo\/","title":{"rendered":"Yacht Charter Porto Cervo"},"content":{"rendered":"[et_pb_section fb_built=&#8221;1&#8243; _builder_version=&#8221;4.24.0&#8243; _module_preset=&#8221;default&#8221; custom_padding=&#8221;||0px||false|false&#8221; global_colors_info=&#8221;{}&#8221;][et_pb_row _builder_version=&#8221;4.24.0&#8243; _module_preset=&#8221;default&#8221; custom_margin=&#8221;0px||0px||false|false&#8221; global_colors_info=&#8221;{}&#8221;][et_pb_column type=&#8221;4_4&#8243; _builder_version=&#8221;4.24.0&#8243; _module_preset=&#8221;default&#8221; global_colors_info=&#8221;{}&#8221;][et_pb_text admin_label=&#8221;H1&#8243; _builder_version=&#8221;4.27.4&#8243; _module_preset=&#8221;default&#8221; header_text_align=&#8221;center&#8221; header_font_size=&#8221;50px&#8221; custom_margin=&#8221;0px||0px||false|false&#8221; header_font_size_tablet=&#8221;40px&#8221; header_font_size_phone=&#8221;30px&#8221; header_font_size_last_edited=&#8221;on|phone&#8221; global_colors_info=&#8221;{}&#8221;]<h1 class=\"p1\"><span class=\"s1\">Selecci\u00f3n de yates de lujo en charter en Porto Cervo<\/span><\/h1>[\/et_pb_text][et_pb_text disabled_on=&#8221;on|on|on&#8221; _builder_version=&#8221;4.27.4&#8243; _module_preset=&#8221;default&#8221; text_orientation=&#8221;center&#8221; hover_enabled=&#8221;0&#8243; disabled=&#8221;on&#8221; global_colors_info=&#8221;{}&#8221; sticky_enabled=&#8221;0&#8243;]<h2 style=\"text-align: center;\"><span class=\"s1\">Selecci\u00f3n de yates de lujo en charter en Porto Cervo<\/span><\/h2>\n<p><span class=\"s1\"><\/span><\/p>\n<p class=\"p1\"><span class=\"s1\">Our luxury yacht charter inventory in Porto Cervo offers access to an exclusive selection of crewed yachts, designed for those who seek the ultimate expression of comfort, privacy, and freedom at sea. Set against the breathtaking backdrop of Costa Smeralda, Porto Cervo\u2019s renowned marina serves as a gateway to one of the most prestigious yachting destinations in the Mediterranean.<\/span><\/p>\n<p class=\"p2\"><span class=\"s1\"><\/span><\/p>\n<p class=\"p1\"><span class=\"s1\">From here, guests can explore the crystalline waters of the Tyrrhenian Sea and reach iconic destinations such as the <a href=\"https:\/\/www.lamaddalenapark.it\/\" target=\"_blank\" rel=\"noopener\">La Maddalena Archipelago<\/a>, a protected natural paradise known for its hidden coves, pristine beaches, and dramatic granite formations. Each yacht within our inventory has been carefully selected to deliver an exceptional charter experience, combining refined design, professional crews, and tailor-made services.<\/span><\/p>\n<p class=\"p2\"><span class=\"s1\"><\/span><\/p>\n<p class=\"p1\"><span class=\"s1\">Cruising through the La Maddalena Archipelago aboard a luxury yacht is an immersive journey through untouched landscapes and vibrant marine life. Sheltered bays, turquoise lagoons, and secluded anchorages create an ever-changing scenery where tranquility and elegance coexist. Whether you prefer quiet moments at anchor or days filled with exploration, our yacht charter inventory allows you to experience this region at your own pace.<\/span><\/p>\n<p class=\"p2\"><span class=\"s1\"><\/span><\/p>\n<p class=\"p1\"><span class=\"s1\">Our fleet is designed to accommodate a wide range of charter styles. From sleek modern motor yachts to larger vessels offering expansive outdoor areas and refined interiors, each yacht provides a unique way to enjoy the Mediterranean. Professional crews ensure a seamless onboard experience, taking care of navigation, service, and every detail that transforms a yacht charter into a truly effortless escape.<\/span><\/p>\n<p class=\"p2\"><span class=\"s1\"><\/span><\/p>\n<p class=\"p1\"><span class=\"s1\">Exploring Porto Cervo and its surroundings by yacht is not simply about moving from one destination to another; it is about embracing a lifestyle shaped by elegance, discovery, and freedom. Guests may choose to anchor in secluded bays for a private swim, cruise along the coastline to discover hidden beaches, or enjoy gourmet dining onboard while watching the sun set over the horizon.<\/span><\/p>\n<p class=\"p2\"><span class=\"s1\"><\/span><\/p>\n<p class=\"p1\"><span class=\"s1\">Sailing through this part of Sardinia also offers access to culturally rich destinations. From the charm of Caprera to the historic atmosphere of La Maddalena town, the archipelago invites exploration beyond the sea, revealing traditions, landscapes, and stories that enrich the charter experience.<\/span><\/p>\n<p class=\"p2\"><span class=\"s1\"><\/span><\/p>\n<p class=\"p1\"><span class=\"s1\">In essence, our luxury yacht charter inventory in Porto Cervo represents more than a collection of yachts\u2014it is an invitation to experience the Mediterranean in its most refined form. Surrounded by natural beauty, crystal-clear waters, and world-class service, each journey becomes a balance of relaxation, adventure, and unforgettable moments at sea.<\/span><\/p>[\/et_pb_text][\/et_pb_column][\/et_pb_row][et_pb_row _builder_version=&#8221;4.24.2&#8243; _module_preset=&#8221;default&#8221; global_colors_info=&#8221;{}&#8221;][et_pb_column type=&#8221;4_4&#8243; _builder_version=&#8221;4.24.2&#8243; _module_preset=&#8221;default&#8221; global_colors_info=&#8221;{}&#8221;][dipi_advanced_tabs tab_animation=&#8221;fadeInUpShort&#8221; dipi_animation_duration=&#8221;600&#8243; enable_tabs_slider=&#8221;on&#8221; enable_ts_on_pho=&#8221;on&#8221; tabs_per_view_pho=&#8221;1&#8243; ts_navigation_pho=&#8221;on&#8221; ts_navigation_vertical_position_pho=&#8221;40&#8243; ts_navigation_horizontal_position_pho=&#8221;15&#8243; tabs_max_width=&#8221;20%&#8221; tabs_min_width_tablet=&#8221;&#8221; tabs_max_width_tablet=&#8221;20%&#8221; use_tabs_fullwidth_phone=&#8221;on&#8221; tabs_min_width_phone=&#8221;100%&#8221; tabs_max_width_phone=&#8221;100%&#8221; tabs_placement_phone=&#8221;column&#8221; tabs_container_padding=&#8221;0px|0px|0px|0px|false|false&#8221; tabs_container_margin=&#8221;0px|0px|0px|0px|false|false&#8221; tabs_item_padding=&#8221;20px|10px|20px|10px|false|false&#8221; tabs_active_item_padding=&#8221;20px|10px|20px|10px|false|false&#8221; content_padding=&#8221;80px|80px|80px|80px|false|false&#8221; content_margin=&#8221;0px|0px|0px|0px|false|false&#8221; content_bg_color=&#8221;#FFFFFF&#8221; tabs_bg_color=&#8221;#f4f4f4&#8243; tabs_item_bg_color=&#8221;rgba(255,255,255,0)&#8221; tabs_item_active_bg_color=&#8221;#FFFFFF&#8221; navigation_prev_icon_yn=&#8221;on&#8221; navigation_prev_icon=&#8221;&#x23;||divi||400&#8243; navigation_next_icon_yn=&#8221;on&#8221; navigation_next_icon=&#8221;&#x24;||divi||400&#8243; navigation_size=&#8221;15&#8243; navigation_padding=&#8221;18&#8243; navigation_color=&#8221;rgba(0,0,0,0.26)&#8221; navigation_bg_color=&#8221;rgba(10,2,2,0.05)&#8221; navigation_circle=&#8221;on&#8221; content_padding_tablet=&#8221;80px|80px|80px|80px|false|false&#8221; content_padding_phone=&#8221;40px|20px|40px|20px|false|false&#8221; content_padding_last_edited=&#8221;on|phone&#8221; tabs_bg_color_tablet=&#8221;#f4f4f4&#8243; tabs_bg_color_phone=&#8221;#f4f4f4&#8243; tabs_bg_color_last_edited=&#8221;on|phone&#8221; tabs_item_bg_color_tablet=&#8221;rgba(255,255,255,0)&#8221; tabs_item_bg_color_phone=&#8221;#f4f4f4&#8243; tabs_item_bg_color_last_edited=&#8221;on|phone&#8221; tabs_item_active_bg_color_tablet=&#8221;#FFFFFF&#8221; tabs_item_active_bg_color_phone=&#8221;#f4f4f4&#8243; tabs_item_active_bg_color_last_edited=&#8221;on|phone&#8221; admin_label=&#8221;Tabs&#8221; _builder_version=&#8221;4.24.3&#8243; _module_preset=&#8221;default&#8221; title_font=&#8221;|600|||||||&#8221; title_text_align=&#8221;center&#8221; title_text_color=&#8221;rgba(21,2,42,0.3)&#8221; title_active_font=&#8221;Montserrat|600|||||||&#8221; title_active_text_align=&#8221;center&#8221; title_active_text_color=&#8221;#304059&#8243; subtitle_text_color=&#8221;#304059&#8243; title_font_size_tablet=&#8221;&#8221; title_font_size_phone=&#8221;&#8221; title_font_size_last_edited=&#8221;on|desktop&#8221; subtitle_font_size_tablet=&#8221;&#8221; subtitle_font_size_phone=&#8221;16px&#8221; subtitle_font_size_last_edited=&#8221;on|phone&#8221; subtitle_active_font_size_tablet=&#8221;&#8221; subtitle_active_font_size_phone=&#8221;16px&#8221; subtitle_active_font_size_last_edited=&#8221;on|phone&#8221; body_font_size_tablet=&#8221;14px&#8221; body_font_size_phone=&#8221;14px&#8221; body_font_size_last_edited=&#8221;on|phone&#8221; border_radii_tabs_wrapper=&#8221;on||||&#8221; border_width_all_tabs_wrapper=&#8221;0px&#8221; border_width_top_tabs_item=&#8221;6px&#8221; border_color_top_tabs_item=&#8221;RGBA(255,255,255,0)&#8221; border_width_top_tabs_item_active=&#8221;6px&#8221; border_color_top_tabs_item_active=&#8221;#ffa842&#8243; global_colors_info=&#8221;{}&#8221; tabs_min_width_last_edited=&#8221;on|phone&#8221; tabs_max_width_last_edited=&#8221;on|desktop&#8221; tabs_item_bg_color__hover_enabled=&#8221;on|desktop&#8221; tabs_item_bg_color__hover=&#8221;rgba(255,255,255,0.25)&#8221; tabs_item_bg_enable_color__hover=&#8221;on&#8221; tabs_item_bg_enable_color_phone=&#8221;on&#8221; tabs_item_active_bg_enable_color_phone=&#8221;on&#8221;][dipi_advanced_tabs_item title=&#8221;Chartering &#8221; admin_label=&#8221;1&#8243; icon_color=&#8221;rgba(21,2,42,0.3)&#8221; icon_color_active=&#8221;#304059&#8243; tab_media=&#8221;icon&#8221; font_icon=&#8221;=||divi||400&#8243; font_icon_active=&#8221;\uf2bd||fa||400&#8243; tab_icon_placement=&#8221;top&#8221; tab_icon_placement_phone=&#8221;top&#8221; _builder_version=&#8221;4.24.2&#8243; _module_preset=&#8221;default&#8221; title_font=&#8221;|600|||||||&#8221; title_text_color=&#8221;#304059&#8243; subtitle_text_color=&#8221;#304059&#8243; text_text_align=&#8221;center&#8221; text_text_color=&#8221;#304059&#8243; text_line_height=&#8221;1.9em&#8221; custom_margin=&#8221;||0px||false|false&#8221; title_font_size_tablet=&#8221;16px&#8221; title_font_size_phone=&#8221;16px&#8221; title_font_size_last_edited=&#8221;on|tablet&#8221; subtitle_font_size_tablet=&#8221;&#8221; subtitle_font_size_phone=&#8221;14px&#8221; subtitle_font_size_last_edited=&#8221;on|phone&#8221; text_font_size_tablet=&#8221;14px&#8221; text_font_size_phone=&#8221;14px&#8221; text_font_size_last_edited=&#8221;on|tablet&#8221; global_colors_info=&#8221;{}&#8221;]<p>Alquilar un Yate en Porto Cervo y explorar la cercana Costa Smeralda y el Archipi\u00e9lago de la Maddalena ofrece una experiencia realmente encantadora e inolvidable para quienes buscan el culmen de los viajes de lujo por el Mediterr\u00e1neo. Estos id\u00edlicos destinos, con sus aguas cristalinas, sus impresionantes costas y su exclusivo encanto, ofrecen el escenario perfecto para una suntuosa aventura mar\u00edtima que promete relajaci\u00f3n y aventura a partes iguales.<\/p>[\/dipi_advanced_tabs_item][dipi_advanced_tabs_item title=&#8221;Opportunity&#8221; admin_label=&#8221;2&#8243; icon_color=&#8221;rgba(21,2,42,0.3)&#8221; icon_color_active=&#8221;#304059&#8243; tab_media=&#8221;icon&#8221; font_icon=&#8221;=||divi||400&#8243; font_icon_active=&#8221;g||divi||400&#8243; tab_icon_placement=&#8221;top&#8221; _builder_version=&#8221;4.24.2&#8243; _module_preset=&#8221;default&#8221; title_font=&#8221;|600|||||||&#8221; title_text_color=&#8221;#304059&#8243; subtitle_text_color=&#8221;#304059&#8243; text_text_align=&#8221;center&#8221; text_text_color=&#8221;#304059&#8243; text_line_height=&#8221;1.9em&#8221; custom_margin=&#8221;||0px||false|false&#8221; global_colors_info=&#8221;{}&#8221;]<p>El encanto de alquilar un Yate en Porto Cervo reside en la posibilidad de darse el lujo de navegar por estas aguas en privado. Con la impresionante Costa Smeralda como tel\u00f3n de fondo, el famoso puerto deportivo de Porto Cervo es un portal a un mundo de opulencia, sofisticaci\u00f3n y belleza natural. Desde aqu\u00ed, podr\u00e1 embarcarse en un viaje de exploraci\u00f3n por las azules aguas del mar Tirreno, rumbo al encantador archipi\u00e9lago de Maddalena, la Costa Smeralda y el sur de C\u00f3rcega.<\/p>[\/dipi_advanced_tabs_item][dipi_advanced_tabs_item title=&#8221;Cruising&#8221; admin_label=&#8221;3&#8243; icon_color=&#8221;rgba(21,2,42,0.3)&#8221; icon_color_active=&#8221;#304059&#8243; tab_media=&#8221;icon&#8221; font_icon=&#8221;=||divi||400&#8243; font_icon_active=&#8221;g||divi||400&#8243; tab_icon_placement=&#8221;top&#8221; _builder_version=&#8221;4.24.2&#8243; _module_preset=&#8221;default&#8221; title_font=&#8221;|600|||||||&#8221; title_text_color=&#8221;#304059&#8243; subtitle_text_color=&#8221;#304059&#8243; text_text_align=&#8221;center&#8221; text_text_color=&#8221;#304059&#8243; text_line_height=&#8221;1.9em&#8221; custom_margin=&#8221;||0px||false|false&#8221; global_colors_info=&#8221;{}&#8221;]<p>Navegar por la Costa Smeralda y el archipi\u00e9lago de la Maddalena a bordo de su yate privado es un aut\u00e9ntico fest\u00edn para los sentidos, rodeado de acantilados escarpados, calas escondidas y aguas cristalinas de tonos turquesa y esmeralda. Las playas v\u00edrgenes del archipi\u00e9lago, las sorprendentes formaciones rocosas y la vibrante vida marina le invitan a sumergirse en el esplendor natural de este para\u00edso protegido, donde reinan la tranquilidad y la serenidad.<\/p>[\/dipi_advanced_tabs_item][dipi_advanced_tabs_item title=&#8221;Exploring&#8221; admin_label=&#8221;4&#8243; icon_color=&#8221;rgba(21,2,42,0.3)&#8221; icon_color_active=&#8221;#304059&#8243; tab_media=&#8221;icon&#8221; font_icon=&#8221;=||divi||400&#8243; font_icon_active=&#8221;g||divi||400&#8243; tab_icon_placement=&#8221;top&#8221; _builder_version=&#8221;4.24.3&#8243; _module_preset=&#8221;default&#8221; title_font=&#8221;|600|||||||&#8221; title_text_color=&#8221;#304059&#8243; subtitle_text_color=&#8221;#304059&#8243; text_text_align=&#8221;center&#8221; text_text_color=&#8221;#304059&#8243; text_line_height=&#8221;1.9em&#8221; custom_margin=&#8221;||0px||false|false&#8221; global_colors_info=&#8221;{}&#8221;]<p>Alquilar un Yate en Porto Cervo y explorar el Archipi\u00e9lago de la Maddalena no es s\u00f3lo el destino, sino el viaje en s\u00ed, una fusi\u00f3n perfecta de lujo, confort y aventura en un marco de incomparable belleza. Tanto si decide atracar en una bah\u00eda aislada para darse un ba\u00f1o privado, bucear entre vibrantes bancos de peces o degustar cocina gourmet bajo las estrellas, cada momento a bordo es una celebraci\u00f3n de la buena vida en estado puro.<\/p>[\/dipi_advanced_tabs_item][dipi_advanced_tabs_item title=&#8221;Sailing&#8221; admin_label=&#8221;5&#8243; icon_color=&#8221;rgba(21,2,42,0.3)&#8221; icon_color_active=&#8221;#304059&#8243; tab_media=&#8221;icon&#8221; font_icon=&#8221;=||divi||400&#8243; font_icon_active=&#8221;\ue000||divi||400&#8243; tab_icon_placement=&#8221;top&#8221; _builder_version=&#8221;4.24.2&#8243; _module_preset=&#8221;default&#8221; title_font=&#8221;|600|||||||&#8221; title_text_color=&#8221;#304059&#8243; subtitle_text_color=&#8221;#304059&#8243; text_text_align=&#8221;center&#8221; text_text_color=&#8221;#304059&#8243; text_line_height=&#8221;1.9em&#8221; custom_margin=&#8221;||0px||false|false&#8221; global_colors_info=&#8221;{}&#8221;]<p>Adem\u00e1s, navegar por la Costa Smeralda y por el archipi\u00e9lago de La Maddalena ofrece una oportunidad \u00fanica para descubrir algunos de los destinos m\u00e1s exclusivos y v\u00edrgenes del Mediterr\u00e1neo, cada uno con su propio car\u00e1cter y encanto. Desde las playas de moda de Caprera hasta el encanto hist\u00f3rico de La Maddalena, el archipi\u00e9lago le invita a explorar sus tesoros ocultos y sus maravillas culturales, creando una sensaci\u00f3n de asombro y encanto a cada paso.<\/p>[\/dipi_advanced_tabs_item][dipi_advanced_tabs_item title=&#8221;Discovery&#8221; admin_label=&#8221;6&#8243; icon_color=&#8221;rgba(21,2,42,0.3)&#8221; icon_color_active=&#8221;#304059&#8243; tab_media=&#8221;icon&#8221; font_icon=&#8221;=||divi||400&#8243; font_icon_active=&#8221;\uf1b3||fa||900&#8243; tab_icon_placement=&#8221;top&#8221; _builder_version=&#8221;4.24.2&#8243; _module_preset=&#8221;default&#8221; title_font=&#8221;|600|||||||&#8221; title_text_color=&#8221;#304059&#8243; subtitle_text_color=&#8221;#304059&#8243; text_text_align=&#8221;center&#8221; text_text_color=&#8221;#304059&#8243; text_line_height=&#8221;1.9em&#8221; custom_margin=&#8221;||0px||false|false&#8221; global_colors_info=&#8221;{}&#8221;]<p>En esencia, alquilar un Yate en Porto Cervo y zarpar hacia la Costa Smeralda y el Archipi\u00e9lago de la Maddalena es un viaje de descubrimiento, lujo y pura felicidad. Una oportunidad para escapar de lo ordinario y abrazar lo extraordinario en un entorno de belleza y lujo incomparables. Es una experiencia que promete cautivar sus sentidos, avivar su esp\u00edritu y dejarle recuerdos que perdurar\u00e1n para siempre. Desde las costas ba\u00f1adas por el sol de la Costa Smeralda hasta las pr\u00edstinas aguas de la isla de La Maddalena, el yate se convierte en un barco de ensue\u00f1o, que le llevar\u00e1 en un viaje de asombro y placer a trav\u00e9s de un mundo de encanto y belleza realmente incomparable.<\/p>[\/dipi_advanced_tabs_item][\/dipi_advanced_tabs][\/et_pb_column][\/et_pb_row][\/et_pb_section][et_pb_section fb_built=&#8221;1&#8243; _builder_version=&#8221;4.24.0&#8243; _module_preset=&#8221;default&#8221; custom_margin=&#8221;0px||||false|false&#8221; custom_padding=&#8221;0px||||false|false&#8221; global_colors_info=&#8221;{}&#8221;][et_pb_row _builder_version=&#8221;4.24.0&#8243; _module_preset=&#8221;default&#8221; global_colors_info=&#8221;{}&#8221;][et_pb_column type=&#8221;4_4&#8243; _builder_version=&#8221;4.24.0&#8243; _module_preset=&#8221;default&#8221; global_colors_info=&#8221;{}&#8221;][et_pb_code disabled_on=&#8221;off|off|off&#8221; admin_label=&#8221;Yacht grid&#8221; _builder_version=&#8221;4.27.4&#8243; _module_preset=&#8221;default&#8221; text_orientation=&#8221;center&#8221; hover_enabled=&#8221;0&#8243; global_colors_info=&#8221;{}&#8221; sticky_enabled=&#8221;0&#8243;]<style type=\"text\/css\">a.eg-henryharrison-element-1,a.eg-henryharrison-element-2{-webkit-transition:all .4s linear;-moz-transition:all .4s linear;-o-transition:all .4s linear;-ms-transition:all .4s linear;transition:all .4s linear}.eg-jimmy-carter-element-11 i:before{margin-left:0px;margin-right:0px}.eg-harding-element-17{letter-spacing:1px}.eg-harding-wrapper .esg-entry-media{overflow:hidden;box-sizing:border-box;-webkit-box-sizing:border-box;-moz-box-sizing:border-box;padding:30px 30px 0px 30px}.eg-harding-wrapper .esg-media-poster{overflow:hidden;border-radius:50%;-webkit-border-radius:50%;-moz-border-radius:50%}.eg-ulysses-s-grant-wrapper .esg-entry-media{overflow:hidden;box-sizing:border-box;-webkit-box-sizing:border-box;-moz-box-sizing:border-box;padding:30px 30px 0px 30px}.eg-ulysses-s-grant-wrapper .esg-media-poster{overflow:hidden;border-radius:50%;-webkit-border-radius:50%;-moz-border-radius:50%}.eg-richard-nixon-wrapper .esg-entry-media{overflow:hidden;box-sizing:border-box;-webkit-box-sizing:border-box;-moz-box-sizing:border-box;padding:30px 30px 0px 30px}.eg-richard-nixon-wrapper .esg-media-poster{overflow:hidden;border-radius:50%;-webkit-border-radius:50%;-moz-border-radius:50%}.eg-herbert-hoover-wrapper .esg-media-poster{filter:url(\"data:image\/svg+xml;utf8,<svg xmlns='http:\/\/www.w3.org\/2000\/svg'><filter id='grayscale'><feColorMatrix type='matrix' values='0.3333 0.3333 0.3333 0 0 0.3333 0.3333 0.3333 0 0 0.3333 0.3333 0.3333 0 0 0 0 0 1 0'\/><\/filter><\/svg>#grayscale\");filter:gray;-webkit-filter:grayscale(100%)}.eg-herbert-hoover-wrapper:hover .esg-media-poster{filter:url(\"data:image\/svg+xml;utf8,<svg xmlns='http:\/\/www.w3.org\/2000\/svg'><filter id='grayscale'><feColorMatrix type='matrix' values='1 0 0 0 0,0 1 0 0 0,0 0 1 0 0,0 0 0 1 0'\/><\/filter><\/svg>#grayscale\");-webkit-filter:grayscale(0%)}.eg-lyndon-johnson-wrapper .esg-media-poster{filter:url(\"data:image\/svg+xml;utf8,<svg xmlns='http:\/\/www.w3.org\/2000\/svg'><filter id='grayscale'><feColorMatrix type='matrix' values='0.3333 0.3333 0.3333 0 0 0.3333 0.3333 0.3333 0 0 0.3333 0.3333 0.3333 0 0 0 0 0 1 0'\/><\/filter><\/svg>#grayscale\");filter:gray;-webkit-filter:grayscale(100%)}.eg-lyndon-johnson-wrapper:hover .esg-media-poster{filter:url(\"data:image\/svg+xml;utf8,<svg xmlns='http:\/\/www.w3.org\/2000\/svg'><filter id='grayscale'><feColorMatrix type='matrix' values='1 0 0 0 0,0 1 0 0 0,0 0 1 0 0,0 0 0 1 0'\/><\/filter><\/svg>#grayscale\");-webkit-filter:grayscale(0%)}.esg-overlay.eg-ronald-reagan-container {background:-moz-linear-gradient(top,rgba(0,0,0,0) 50%,rgba(0,0,0,0.83) 99%,rgba(0,0,0,0.85) 100%);background:-webkit-gradient(linear,left top,left bottom,color-stop(50%,rgba(0,0,0,0)),color-stop(99%,rgba(0,0,0,0.83)),color-stop(100%,rgba(0,0,0,0.85)));background:-webkit-linear-gradient(top,rgba(0,0,0,0) 50%,rgba(0,0,0,0.83) 99%,rgba(0,0,0,0.85) 100%);background:-o-linear-gradient(top,rgba(0,0,0,0) 50%,rgba(0,0,0,0.83) 99%,rgba(0,0,0,0.85) 100%);background:-ms-linear-gradient(top,rgba(0,0,0,0) 50%,rgba(0,0,0,0.83) 99%,rgba(0,0,0,0.85) 100%);background:linear-gradient(to bottom,rgba(0,0,0,0) 50%,rgba(0,0,0,0.83) 99%,rgba(0,0,0,0.85) 100%);filter:progid:DXImageTransform.Microsoft.gradient( startColorstr='#00000000',endColorstr='#d9000000',GradientType=0 )}.eg-georgebush-wrapper .esg-entry-cover {background:-moz-linear-gradient(top,rgba(0,0,0,0) 50%,rgba(0,0,0,0.83) 99%,rgba(0,0,0,0.85) 100%);background:-webkit-gradient(linear,left top,left bottom,color-stop(50%,rgba(0,0,0,0)),color-stop(99%,rgba(0,0,0,0.83)),color-stop(100%,rgba(0,0,0,0.85)));background:-webkit-linear-gradient(top,rgba(0,0,0,0) 50%,rgba(0,0,0,0.83) 99%,rgba(0,0,0,0.85) 100%);background:-o-linear-gradient(top,rgba(0,0,0,0) 50%,rgba(0,0,0,0.83) 99%,rgba(0,0,0,0.85) 100%);background:-ms-linear-gradient(top,rgba(0,0,0,0) 50%,rgba(0,0,0,0.83) 99%,rgba(0,0,0,0.85) 100%);background:linear-gradient(to bottom,rgba(0,0,0,0) 50%,rgba(0,0,0,0.83) 99%,rgba(0,0,0,0.85) 100%);filter:progid:DXImageTransform.Microsoft.gradient( startColorstr='#00000000',endColorstr='#d9000000',GradientType=0 )}.eg-jefferson-wrapper{border-radius:5px !important}.eg-monroe-element-1{text-shadow:0px 1px 3px rgba(0,0,0,0.1)}.eg-lyndon-johnson-wrapper .esg-entry-cover{background:-moz-radial-gradient(center,ellipse cover,rgba(0,0,0,0.35) 0%,rgba(18,18,18,0) 96%,rgba(19,19,19,0) 100%);background:-webkit-gradient(radial,center center,0px,center center,100%,color-stop(0%,rgba(0,0,0,0.35)),color-stop(96%,rgba(18,18,18,0)),color-stop(100%,rgba(19,19,19,0)));background:-webkit-radial-gradient(center,ellipse cover,rgba(0,0,0,0.35) 0%,rgba(18,18,18,0) 96%,rgba(19,19,19,0) 100%);background:-o-radial-gradient(center,ellipse cover,rgba(0,0,0,0.35) 0%,rgba(18,18,18,0) 96%,rgba(19,19,19,0) 100%);background:-ms-radial-gradient(center,ellipse cover,rgba(0,0,0,0.35) 0%,rgba(18,18,18,0) 96%,rgba(19,19,19,0) 100%);background:radial-gradient(ellipse at center,rgba(0,0,0,0.35) 0%,rgba(18,18,18,0) 96%,rgba(19,19,19,0) 100%);filter:progid:DXImageTransform.Microsoft.gradient( startColorstr='#59000000',endColorstr='#00131313',GradientType=1 )}.eg-wilbert-wrapper .esg-entry-cover{background:-moz-radial-gradient(center,ellipse cover,rgba(0,0,0,0.35) 0%,rgba(18,18,18,0) 96%,rgba(19,19,19,0) 100%);background:-webkit-gradient(radial,center center,0px,center center,100%,color-stop(0%,rgba(0,0,0,0.35)),color-stop(96%,rgba(18,18,18,0)),color-stop(100%,rgba(19,19,19,0)));background:-webkit-radial-gradient(center,ellipse cover,rgba(0,0,0,0.35) 0%,rgba(18,18,18,0) 96%,rgba(19,19,19,0) 100%);background:-o-radial-gradient(center,ellipse cover,rgba(0,0,0,0.35) 0%,rgba(18,18,18,0) 96%,rgba(19,19,19,0) 100%);background:-ms-radial-gradient(center,ellipse cover,rgba(0,0,0,0.35) 0%,rgba(18,18,18,0) 96%,rgba(19,19,19,0) 100%);background:radial-gradient(ellipse at center,rgba(0,0,0,0.35) 0%,rgba(18,18,18,0) 96%,rgba(19,19,19,0) 100%);filter:progid:DXImageTransform.Microsoft.gradient( startColorstr='#59000000',endColorstr='#00131313',GradientType=1 )}.eg-wilbert-wrapper .esg-media-poster{-webkit-transition:0.4s ease-in-out;-moz-transition:0.4s ease-in-out;-o-transition:0.4s ease-in-out;transition:0.4s ease-in-out;filter:url(\"data:image\/svg+xml;utf8,<svg xmlns='http:\/\/www.w3.org\/2000\/svg'><filter id='grayscale'><feColorMatrix type='matrix' values='0.3333 0.3333 0.3333 0 0 0.3333 0.3333 0.3333 0 0 0.3333 0.3333 0.3333 0 0 0 0 0 1 0'\/><\/filter><\/svg>#grayscale\");filter:gray;-webkit-filter:grayscale(100%)}.eg-wilbert-wrapper:hover .esg-media-poster{filter:url(\"data:image\/svg+xml;utf8,<svg xmlns='http:\/\/www.w3.org\/2000\/svg'><filter id='grayscale'><feColorMatrix type='matrix' values='1 0 0 0 0,0 1 0 0 0,0 0 1 0 0,0 0 0 1 0'\/><\/filter><\/svg>#grayscale\");-webkit-filter:grayscale(0%)}.eg-phillie-element-3:after{content:\" \";width:0px;height:0px;border-style:solid;border-width:5px 5px 0 5px;border-color:#000 transparent transparent transparent;left:50%;margin-left:-5px;bottom:-5px;position:absolute}.eg-howardtaft-wrapper .esg-media-poster{filter:url(\"data:image\/svg+xml;utf8,<svg xmlns='http:\/\/www.w3.org\/2000\/svg'><filter id='grayscale'><feColorMatrix type='matrix' values='1 0 0 0 0,0 1 0 0 0,0 0 1 0 0,0 0 0 1 0'\/><\/filter><\/svg>#grayscale\");-webkit-filter:grayscale(0%)}.eg-howardtaft-wrapper:hover .esg-media-poster{filter:url(\"data:image\/svg+xml;utf8,<svg xmlns='http:\/\/www.w3.org\/2000\/svg'><filter id='grayscale'><feColorMatrix type='matrix' values='0.3333 0.3333 0.3333 0 0 0.3333 0.3333 0.3333 0 0 0.3333 0.3333 0.3333 0 0 0 0 0 1 0'\/><\/filter><\/svg>#grayscale\");filter:gray;-webkit-filter:grayscale(100%)}.myportfolio-container .added_to_cart.wc-forward{font-family:\"Open Sans\";font-size:13px;color:#fff;margin-top:10px}.esgbox-title.esgbox-title-outside-wrap{font-size:15px;font-weight:700;text-align:center}.esgbox-title.esgbox-title-inside-wrap{padding-bottom:10px;font-size:15px;font-weight:700;text-align:center}<\/style>\n<style type=\"text\/css\">.simple-light .navigationbuttons,.simple-light .esg-pagination,.simple-light .esg-filters{text-align:center}.simple-light .esg-filter-wrapper.dropdownstyle>.esg-selected-filterbutton,.simple-light input.eg-search-input,.simple-light .esg-filterbutton,.simple-light .esg-navigationbutton,.simple-light .esg-sortbutton,.simple-light .esg-cartbutton,.simple-light .esg-sortbutton-order,.simple-light .esg-cartbutton-order,.simple-light .esg-filter-wrapper.eg-search-wrapper  .eg-search-clean,.simple-light .esg-filter-wrapper.eg-search-wrapper  .eg-search-submit{color:#000;margin-right:5px;cursor:pointer;padding:0px 11px;border:1px solid #e5e5e5;line-height:30px;font-size:12px;font-weight:400;font-family:\"Open Sans\",sans-serif;display:inline-block;background:#eee;margin-bottom:5px;white-space:nowrap;min-height:30px;vertical-align:middle}.simple-light .esg-cartbutton a{color:#000}.simple-light input.eg-search-input::placeholder{line-height:30px;vertical-align:middle;color:#000}.simple-light .esg-navigationbutton *{color:#000}.simple-light .esg-left,.simple-light .esg-right{color:#000;padding:0px 7px}.simple-light .esg-pagination-button:last-child{margin-right:0}.simple-light .esg-sortbutton-wrapper,.simple-light .esg-cartbutton-wrapper{display:inline-block;vertical-align:top}.simple-light .esg-sortbutton-order,.simple-light .esg-cartbutton-order{padding:0px;width:29px;font-size:9px}.simple-light .esg-cartbutton{color:#333;cursor:default !important}.simple-light .esg-cartbutton .esgicon-basket{color:#333;font-size:15px;line-height:15px;margin-right:10px}.simple-light .esg-cartbutton-wrapper{cursor:default !important}.simple-light .esg-sortbutton,.simple-light .esg-cartbutton{display:inline-block;position:relative;cursor:pointer;margin-right:5px}.simple-light input.eg-search-input.hovered,.simple-light input.eg-search-input:focus,.simple-light .esg-navigationbutton.hovered,.simple-light .esg-filterbutton.hovered,.simple-light .esg-sortbutton.hovered,.simple-light .esg-sortbutton-order.hovered,.simple-light .esg-cartbutton.hovered,.simple-light .esg-filterbutton.selected,.simple-light .esg-filter-wrapper.dropdownstyle>.esg-selected-filterbutton.hovered,.simple-light .esg-filter-wrapper.dropdownstyle>.esg-selected-filterbutton.hoveredfilter,.simple-light .esg-filter-wrapper.eg-search-wrapper  .eg-search-clean.hovered,.simple-light .esg-filter-wrapper.eg-search-wrapper  .eg-search-submit.hovered{background-color:#fff;border-color:#bbb;color:#333;box-shadow:0px 3px 5px 0px rgba(0,0,0,0.13)}.simple-light .esg-cartbutton.hovered a{color:#000}.simple-light .esg-navigationbutton.hovered *{color:#333}.simple-light .esg-sortbutton-order.hovered .tp-desc{border-color:#bbb;color:#333;box-shadow:0px -3px 5px 0px rgba(0,0,0,0.13) !important}.simple-light .esg-filter-checked{color:#c5c5c5;background:#ddd;margin-left:10px;font-size:9px;font-weight:400;line-height:20px;vertical-align:middle}.simple-light .esg-filterbutton.selected .esg-filter-checked,.simple-light .esg-filterbutton.hovered .esg-filter-checked{color:#fff;background:#000}.simple-light .esg-filter-wrapper.eg-search-wrapper{line-height:30px;white-space:nowrap}.simple-light .esg-filter-wrapper.eg-search-wrapper .eg-search-submit{margin-left:5px}.simple-light .esg-filter-wrapper.eg-search-wrapper .eg-search-clean,.simple-light .esg-filter-wrapper.eg-search-wrapper .eg-search-submit{width:29px;padding:0px;margin-left:5px;margin-right:0px}.simple-light .esg-filter-wrapper.eg-search-wrapper .eg-search-input{width:auto;border-radius:0px}.simple-light .esg-dropdown-wrapper{left:0px;background:#fff}.simple-light .esg-dropdown-wrapper .esg-filterbutton{position:relative;text-align:left;background:transparent;padding:0px;border:none;box-shadow:none}.simple-light .esg-selected-filterbutton .eg-icon-down-open{margin-right:-10px;font-size:9px;color:#000}.simple-light .esg-selected-filterbutton.hovered .eg-icon-down-open,.simple-light .esg-selected-filterbutton.hoveredfilter .eg-icon-down-open{color:#333}<\/style>\n<style>.eg-ycpc-hoover-element-0{font-size:15px !important;line-height:25px !important;color:#000000 !important;font-weight:800 !important;padding:0px 0px 0px 0px  !important;border-radius:0px 0px 0px 0px  !important;background:transparent !important;z-index:2 !important;display:block;font-family:\"Poppins\" !important;text-transform:uppercase !important}.eg-ycpc-hoover-element-27{font-size:13px !important;line-height:20px !important;color:#000000 !important;font-weight:300 !important;display:block !important;text-align:left !important;clear:both !important;margin:0px 0px 0px 0px  !important;padding:0px 0px 0px 0px  !important;border-radius:0px 0px 0px 0px  !important;background:transparent !important;position:relative !important;z-index:2 !important;font-family:\"Poppins\" !important;text-transform:uppercase !important}.eg-ycpc-hoover-element-28{font-size:13px !important;line-height:20px !important;color:#000000 !important;font-weight:300 !important;display:block !important;text-align:left !important;clear:both !important;margin:0px 0px 0px 0px  !important;padding:0px 0px 0px 0px  !important;border-radius:0px 0px 0px 0px  !important;background:transparent !important;position:relative !important;z-index:2 !important;font-family:Poppins !important;text-transform:uppercase !important}.eg-ycpc-hoover-element-29{font-size:13px !important;line-height:20px !important;color:#000000 !important;font-weight:300 !important;display:block !important;text-align:left !important;clear:both !important;margin:0px 0px 0px 0px  !important;padding:0px 0px 0px 0px  !important;border-radius:0px 0px 0px 0px  !important;background:transparent !important;position:relative !important;z-index:2 !important;font-family:Poppins !important;text-transform:uppercase !important}.eg-ycpc-hoover-element-31{font-size:13px !important;line-height:20px !important;color:#000000 !important;font-weight:300 !important;display:block !important;text-align:left !important;clear:both !important;margin:0px 0px 0px 0px  !important;padding:0px 0px 0px 0px  !important;border-radius:0px 0px 0px 0px  !important;background:transparent !important;position:relative !important;z-index:2 !important;font-family:Poppins !important;text-transform:uppercase !important}<\/style>\n<style>.eg-ycpc-hoover-element-0-a{display:block !important;text-align:left !important;clear:both !important;margin:0px 0px 0px 0px  !important;position:relative !important}<\/style>\n<style>.eg-ycpc-hoover-container{background:#ffffff}<\/style>\n<style>.eg-ycpc-hoover-content{background:#ffffff;padding:30px 30px 30px 30px;border-width:0px 0px 0px 0px;border-radius:0px 0px 0px 0px;border-color:#e5e5e5;border-style:solid;text-align:center}<\/style>\n<style>.esg-grid .mainul li.eg-ycpc-hoover-wrapper{background:#ffffff;padding:0px 0px 0px 0px;border-width:0px 0px 0px 0px;border-radius:0px 0px 0px 0px;border-color:#ffffff;border-style:none;box-shadow:0px 0px 20px 10px #c7c7cc}<\/style>\n<style>.esg-grid .mainul li.eg-ycpc-hoover-wrapper .esg-media-poster{background-size:cover;background-position:center center;background-repeat:no-repeat}<\/style>\n<article id=\"esg-grid-2-1-wrap\" class=\"myportfolio-container esg-grid-wrap-container simple-light esg-entry-skin-ycpc-hoover source_type_post\" data-alias=\"ycpc-grid\" data-version=\"3.1.9.4\" data-source=\"post\">\n\n   <div id=\"esg-grid-2-1\" class=\"esg-grid\" style=\"background: transparent;padding: 0px 0px 0px 0px ; box-sizing:border-box; -moz-box-sizing:border-box; -webkit-box-sizing:border-box; display:none\">\n<ul>\n<li id=\"eg-2-post-id-22993267_6724\" class=\"filterall eg-ycpc-hoover-wrapper filter-yacht-charter eg-post-id-22993267\" data-skin=\"ycpc-hoover\" data-eg-order-id=\"65-70-83\" >\n    <div class=\"esg-media-cover-wrapper\">\n<a href=\"https:\/\/yachtcharterportocervo.com\/es\/yachts\/rossinavi-66m-yate-charter\/\" target=\"_self\"><div class=\"esg-entry-media\" ><img loading=\"lazy\" decoding=\"async\" class=\"esg-entry-media-img\"  src=\"https:\/\/yachtcharterportocervo.com\/wp-content\/uploads\/2026\/02\/rossinavi-alchemy-yacht-profile-cruising.webp\" data-no-lazy=\"1\" alt=\"Perfil lateral del superyate Rossinavi Alchemy de 66 metros navegando por el mar.\" title=\"rossinavi-alchemy-perfil-yate-en-navegaci\u00f3n\" width=\"1024\" height=\"561\"><\/div>\n\n<\/a>                <div class=\"esg-overlay eg-ycpc-hoover-container  esg-transition\" data-duration=\"default\" data-transition=\"esg-fade\"><\/div>\n\n<div class=\"esg-entry-content eg-ycpc-hoover-content\" >\n\t\t\t\t<div class=\"esg-content eg-ycpc-hoover-element-0-a eg-post-22993267 eg-ycpc-hoover-element-0-a\"><a class=\"eg-ycpc-hoover-element-0 eg-post-22993267\" href=\"https:\/\/yachtcharterportocervo.com\/es\/yachts\/rossinavi-66m-yate-charter\/\" target=\"_self\">ROSSINAVI 66M<\/a><\/div>\n              <div class=\"esg-content eg-ycpc-hoover-element-3 esg-none esg-clear esg-line-break\"><\/div>\n\t\t\t\t<div class=\"esg-content eg-ycpc-hoover-element-27 eg-post-22993267 eg-ycpc-hoover-element-27\">Longitud: 65.70 m (215.7 pies)<\/div>\n              <div class=\"esg-content eg-ycpc-hoover-element-5 esg-none esg-clear esg-line-break\"><\/div>\n\t\t\t\t<div class=\"esg-content eg-ycpc-hoover-element-28 eg-post-22993267 eg-ycpc-hoover-element-28\">Invitados: 12<\/div>\n              <div class=\"esg-content eg-ycpc-hoover-element-7 esg-none esg-clear esg-line-break\"><\/div>\n\t\t\t\t<div class=\"esg-content eg-ycpc-hoover-element-29 eg-post-22993267 eg-ycpc-hoover-element-29\">Tripulantes: 16<\/div>\n              <div class=\"esg-content eg-ycpc-hoover-element-30 esg-none esg-clear esg-line-break\"><\/div>\n\t\t\t\t<div class=\"esg-content eg-ycpc-hoover-element-31 eg-post-22993267 eg-ycpc-hoover-element-31\">Tarifa semanal: \u20ac 623.000\/\u20ac 651.000 sin IVA<\/div>\n<\/div>   <\/div>\n\n<\/li>\n<li id=\"eg-2-post-id-22993052_9282\" class=\"filterall eg-ycpc-hoover-wrapper filter-yacht-charter eg-post-id-22993052\" data-skin=\"ycpc-hoover\" data-eg-order-id=\"49.83\" >\n    <div class=\"esg-media-cover-wrapper\">\n<a href=\"https:\/\/yachtcharterportocervo.com\/es\/yachts\/heesen-50m-yate-charter\/\" target=\"_self\"><div class=\"esg-entry-media\" ><img loading=\"lazy\" decoding=\"async\" class=\"esg-entry-media-img\"  src=\"https:\/\/yachtcharterportocervo.com\/wp-content\/uploads\/2024\/06\/Heesen_50M_yacht_charter-6.webp\" data-no-lazy=\"1\" alt=\"Luxury yacht charter in Porto Cervo \u2013 Heesen 50M\" title=\"Heesen_50M_yacht_charter 6\" width=\"1600\" height=\"900\"><\/div>\n\n<\/a>                <div class=\"esg-overlay eg-ycpc-hoover-container  esg-transition\" data-duration=\"default\" data-transition=\"esg-fade\"><\/div>\n\n<div class=\"esg-entry-content eg-ycpc-hoover-content\" >\n\t\t\t\t<div class=\"esg-content eg-ycpc-hoover-element-0-a eg-post-22993052 eg-ycpc-hoover-element-0-a\"><a class=\"eg-ycpc-hoover-element-0 eg-post-22993052\" href=\"https:\/\/yachtcharterportocervo.com\/es\/yachts\/heesen-50m-yate-charter\/\" target=\"_self\">HEESEN 50M<\/a><\/div>\n              <div class=\"esg-content eg-ycpc-hoover-element-3 esg-none esg-clear esg-line-break\"><\/div>\n\t\t\t\t<div class=\"esg-content eg-ycpc-hoover-element-27 eg-post-22993052 eg-ycpc-hoover-element-27\">Longitud: 49.83 m (163.5 pies)<\/div>\n              <div class=\"esg-content eg-ycpc-hoover-element-5 esg-none esg-clear esg-line-break\"><\/div>\n\t\t\t\t<div class=\"esg-content eg-ycpc-hoover-element-28 eg-post-22993052 eg-ycpc-hoover-element-28\">Invitados: 12<\/div>\n              <div class=\"esg-content eg-ycpc-hoover-element-7 esg-none esg-clear esg-line-break\"><\/div>\n\t\t\t\t<div class=\"esg-content eg-ycpc-hoover-element-29 eg-post-22993052 eg-ycpc-hoover-element-29\">Tripulantes: 10<\/div>\n              <div class=\"esg-content eg-ycpc-hoover-element-30 esg-none esg-clear esg-line-break\"><\/div>\n\t\t\t\t<div class=\"esg-content eg-ycpc-hoover-element-31 eg-post-22993052 eg-ycpc-hoover-element-31\">Tarifa semanal: \u20ac 300.000 sin IVA<\/div>\n<\/div>   <\/div>\n\n<\/li>\n<li id=\"eg-2-post-id-22993149_344\" class=\"filterall eg-ycpc-hoover-wrapper filter-yacht-charter eg-post-id-22993149\" data-skin=\"ycpc-hoover\" data-eg-order-id=\"49.71\" >\n    <div class=\"esg-media-cover-wrapper\">\n<a href=\"https:\/\/yachtcharterportocervo.com\/es\/yachts\/bilgin-163-yate-charter\/\" target=\"_self\"><div class=\"esg-entry-media\" ><img loading=\"lazy\" decoding=\"async\" class=\"esg-entry-media-img\"  src=\"https:\/\/yachtcharterportocervo.com\/wp-content\/uploads\/2024\/07\/Bilgin_163_yacht_charter-10.webp\" data-no-lazy=\"1\" alt=\"Vista a\u00e9rea del superyate Bilgin 163 navegando por aguas tranquilas al atardecer. La embarcaci\u00f3n cuenta con luces subacu\u00e1ticas encendidas y un elegante casco gris claro, y navega con un fondo de nubes naranjas y moradas en la zona de Porto Cervo, Costa Esmeralda, Cerde\u00f1a.\" title=\"bilgin-163-luxury-yacht-charter-porto-cervo\" width=\"1280\" height=\"959\"><\/div>\n\n<\/a>                <div class=\"esg-overlay eg-ycpc-hoover-container  esg-transition\" data-duration=\"default\" data-transition=\"esg-fade\"><\/div>\n\n<div class=\"esg-entry-content eg-ycpc-hoover-content\" >\n\t\t\t\t<div class=\"esg-content eg-ycpc-hoover-element-0-a eg-post-22993149 eg-ycpc-hoover-element-0-a\"><a class=\"eg-ycpc-hoover-element-0 eg-post-22993149\" href=\"https:\/\/yachtcharterportocervo.com\/es\/yachts\/bilgin-163-yate-charter\/\" target=\"_self\">BILGIN 163'<\/a><\/div>\n              <div class=\"esg-content eg-ycpc-hoover-element-3 esg-none esg-clear esg-line-break\"><\/div>\n\t\t\t\t<div class=\"esg-content eg-ycpc-hoover-element-27 eg-post-22993149 eg-ycpc-hoover-element-27\">Longitud: 49.71 m (163.11 ft)<\/div>\n              <div class=\"esg-content eg-ycpc-hoover-element-5 esg-none esg-clear esg-line-break\"><\/div>\n\t\t\t\t<div class=\"esg-content eg-ycpc-hoover-element-28 eg-post-22993149 eg-ycpc-hoover-element-28\">Invitados: 12<\/div>\n              <div class=\"esg-content eg-ycpc-hoover-element-7 esg-none esg-clear esg-line-break\"><\/div>\n\t\t\t\t<div class=\"esg-content eg-ycpc-hoover-element-29 eg-post-22993149 eg-ycpc-hoover-element-29\">Tripulantes: 10<\/div>\n              <div class=\"esg-content eg-ycpc-hoover-element-30 esg-none esg-clear esg-line-break\"><\/div>\n\t\t\t\t<div class=\"esg-content eg-ycpc-hoover-element-31 eg-post-22993149 eg-ycpc-hoover-element-31\">Tarifa semanal: \u20ac 350.000 sin IVA<\/div>\n<\/div>   <\/div>\n\n<\/li>\n<li id=\"eg-2-post-id-22991807_4446\" class=\"filterall eg-ycpc-hoover-wrapper filter-yacht-charter eg-post-id-22991807\" data-skin=\"ycpc-hoover\" data-eg-order-id=\"42\" >\n    <div class=\"esg-media-cover-wrapper\">\n<a href=\"https:\/\/yachtcharterportocervo.com\/es\/yachts\/heesen-42-yate-charter\/\" target=\"_self\"><div class=\"esg-entry-media\" ><img loading=\"lazy\" decoding=\"async\" class=\"esg-entry-media-img\"  src=\"https:\/\/yachtcharterportocervo.com\/wp-content\/uploads\/2024\/05\/Heesen_42_yacht_charter-35.webp\" data-no-lazy=\"1\" alt=\"Heesen_42_yacht_charter 35\" title=\"Heesen_42_yacht_charter 35\" width=\"1024\" height=\"675\"><\/div>\n\n<\/a>                <div class=\"esg-overlay eg-ycpc-hoover-container  esg-transition\" data-duration=\"default\" data-transition=\"esg-fade\"><\/div>\n\n<div class=\"esg-entry-content eg-ycpc-hoover-content\" >\n\t\t\t\t<div class=\"esg-content eg-ycpc-hoover-element-0-a eg-post-22991807 eg-ycpc-hoover-element-0-a\"><a class=\"eg-ycpc-hoover-element-0 eg-post-22991807\" href=\"https:\/\/yachtcharterportocervo.com\/es\/yachts\/heesen-42-yate-charter\/\" target=\"_self\">HEESEN 42M<\/a><\/div>\n              <div class=\"esg-content eg-ycpc-hoover-element-3 esg-none esg-clear esg-line-break\"><\/div>\n\t\t\t\t<div class=\"esg-content eg-ycpc-hoover-element-27 eg-post-22991807 eg-ycpc-hoover-element-27\">Longitud: 42 m (138 pies)<\/div>\n              <div class=\"esg-content eg-ycpc-hoover-element-5 esg-none esg-clear esg-line-break\"><\/div>\n\t\t\t\t<div class=\"esg-content eg-ycpc-hoover-element-28 eg-post-22991807 eg-ycpc-hoover-element-28\">Invitados: 10<\/div>\n              <div class=\"esg-content eg-ycpc-hoover-element-7 esg-none esg-clear esg-line-break\"><\/div>\n\t\t\t\t<div class=\"esg-content eg-ycpc-hoover-element-29 eg-post-22991807 eg-ycpc-hoover-element-29\">Tripulantes: 8<\/div>\n              <div class=\"esg-content eg-ycpc-hoover-element-30 esg-none esg-clear esg-line-break\"><\/div>\n\t\t\t\t<div class=\"esg-content eg-ycpc-hoover-element-31 eg-post-22991807 eg-ycpc-hoover-element-31\">Tarifa semanal: 120.000 euros sin IVA<\/div>\n<\/div>   <\/div>\n\n<\/li>\n<li id=\"eg-2-post-id-22995318_2031\" class=\"filterall eg-ycpc-hoover-wrapper filter-yacht-charter eg-post-id-22995318\" data-skin=\"ycpc-hoover\" data-eg-order-id=\"41.40\" >\n    <div class=\"esg-media-cover-wrapper\">\n<a href=\"https:\/\/yachtcharterportocervo.com\/es\/yachts\/benetti-oasis-40m-yate-charter\/\" target=\"_self\"><div class=\"esg-entry-media\" ><img loading=\"lazy\" decoding=\"async\" class=\"esg-entry-media-img\"  src=\"https:\/\/yachtcharterportocervo.com\/wp-content\/uploads\/2026\/02\/Baglietto-Rock-13-Aerial-View.jpg\" data-no-lazy=\"1\" alt=\"Aerial view of Baglietto Rock 13 luxury yacht for charter\" title=\"Baglietto Rock 13 Aerial View\" width=\"1366\" height=\"690\"><\/div>\n\n<\/a>                <div class=\"esg-overlay eg-ycpc-hoover-container  esg-transition\" data-duration=\"default\" data-transition=\"esg-fade\"><\/div>\n\n<div class=\"esg-entry-content eg-ycpc-hoover-content\" >\n\t\t\t\t<div class=\"esg-content eg-ycpc-hoover-element-0-a eg-post-22995318 eg-ycpc-hoover-element-0-a\"><a class=\"eg-ycpc-hoover-element-0 eg-post-22995318\" href=\"https:\/\/yachtcharterportocervo.com\/es\/yachts\/benetti-oasis-40m-yate-charter\/\" target=\"_self\">BAGLIETTO ROCK 13<\/a><\/div>\n              <div class=\"esg-content eg-ycpc-hoover-element-3 esg-none esg-clear esg-line-break\"><\/div>\n\t\t\t\t<div class=\"esg-content eg-ycpc-hoover-element-27 eg-post-22995318 eg-ycpc-hoover-element-27\">Longitud: 41.40 m (135 ft)<\/div>\n              <div class=\"esg-content eg-ycpc-hoover-element-5 esg-none esg-clear esg-line-break\"><\/div>\n\t\t\t\t<div class=\"esg-content eg-ycpc-hoover-element-28 eg-post-22995318 eg-ycpc-hoover-element-28\">Invitados: 10<\/div>\n              <div class=\"esg-content eg-ycpc-hoover-element-7 esg-none esg-clear esg-line-break\"><\/div>\n\t\t\t\t<div class=\"esg-content eg-ycpc-hoover-element-29 eg-post-22995318 eg-ycpc-hoover-element-29\">Tripulantes: 8<\/div>\n              <div class=\"esg-content eg-ycpc-hoover-element-30 esg-none esg-clear esg-line-break\"><\/div>\n\t\t\t\t<div class=\"esg-content eg-ycpc-hoover-element-31 eg-post-22995318 eg-ycpc-hoover-element-31\">Tarifa semanal: \u20ac 155.000\/175.000 sin IVA<\/div>\n<\/div>   <\/div>\n\n<\/li>\n<li id=\"eg-2-post-id-22992992_441\" class=\"filterall eg-ycpc-hoover-wrapper filter-yacht-charter eg-post-id-22992992\" data-skin=\"ycpc-hoover\" data-eg-order-id=\"40.56\" >\n    <div class=\"esg-media-cover-wrapper\">\n<a href=\"https:\/\/yachtcharterportocervo.com\/es\/yachts\/benetti-oasis-40m-yate-charter\/\" target=\"_self\"><div class=\"esg-entry-media\" ><img loading=\"lazy\" decoding=\"async\" class=\"esg-entry-media-img\"  src=\"https:\/\/yachtcharterportocervo.com\/wp-content\/uploads\/2024\/06\/Benetti_Oasis_40_yacht_charter-7.webp\" data-no-lazy=\"1\" alt=\"Front view of Benetti Oasis 40m motor yacht cruising in open sea\" title=\"benetti-oasis-40m-yacht-bow-navigation\" width=\"1400\" height=\"900\"><\/div>\n\n<\/a>                <div class=\"esg-overlay eg-ycpc-hoover-container  esg-transition\" data-duration=\"default\" data-transition=\"esg-fade\"><\/div>\n\n<div class=\"esg-entry-content eg-ycpc-hoover-content\" >\n\t\t\t\t<div class=\"esg-content eg-ycpc-hoover-element-0-a eg-post-22992992 eg-ycpc-hoover-element-0-a\"><a class=\"eg-ycpc-hoover-element-0 eg-post-22992992\" href=\"https:\/\/yachtcharterportocervo.com\/es\/yachts\/benetti-oasis-40m-yate-charter\/\" target=\"_self\">BENETTI OASIS 40M<\/a><\/div>\n              <div class=\"esg-content eg-ycpc-hoover-element-3 esg-none esg-clear esg-line-break\"><\/div>\n\t\t\t\t<div class=\"esg-content eg-ycpc-hoover-element-27 eg-post-22992992 eg-ycpc-hoover-element-27\">Longitud: 40.56 m (133.10 pies)<\/div>\n              <div class=\"esg-content eg-ycpc-hoover-element-5 esg-none esg-clear esg-line-break\"><\/div>\n\t\t\t\t<div class=\"esg-content eg-ycpc-hoover-element-28 eg-post-22992992 eg-ycpc-hoover-element-28\">Invitados: 12<\/div>\n              <div class=\"esg-content eg-ycpc-hoover-element-7 esg-none esg-clear esg-line-break\"><\/div>\n\t\t\t\t<div class=\"esg-content eg-ycpc-hoover-element-29 eg-post-22992992 eg-ycpc-hoover-element-29\">Tripulantes: 8<\/div>\n              <div class=\"esg-content eg-ycpc-hoover-element-30 esg-none esg-clear esg-line-break\"><\/div>\n\t\t\t\t<div class=\"esg-content eg-ycpc-hoover-element-31 eg-post-22992992 eg-ycpc-hoover-element-31\">Tarifa semanal: \u20ac 215.000\/\u20ac 250.000 sin IVA<\/div>\n<\/div>   <\/div>\n\n<\/li>\n<li id=\"eg-2-post-id-22996598_5242\" class=\"filterall eg-ycpc-hoover-wrapper filter-yacht-charter eg-post-id-22996598\" data-skin=\"ycpc-hoover\" data-eg-order-id=\"39.62\" >\n    <div class=\"esg-media-cover-wrapper\">\n<a href=\"https:\/\/yachtcharterportocervo.com\/es\/yachts\/rossinavi-66m-yate-charter\/\" target=\"_self\"><div class=\"esg-entry-media\" ><img loading=\"lazy\" decoding=\"async\" class=\"esg-entry-media-img\"  src=\"https:\/\/yachtcharterportocervo.com\/wp-content\/uploads\/2026\/03\/mangusta-130-yacht-charter-porto-cervo-sardinia.webp\" data-no-lazy=\"1\" alt=\"Mangusta 130 luxury superyacht cruising at high speed near Porto Cervo, Costa Smeralda, Sardinia.\" title=\"mangusta-130-yacht-charter-porto-cervo-sardinia\" width=\"2500\" height=\"1405\"><\/div>\n\n<\/a>                <div class=\"esg-overlay eg-ycpc-hoover-container  esg-transition\" data-duration=\"default\" data-transition=\"esg-fade\"><\/div>\n\n<div class=\"esg-entry-content eg-ycpc-hoover-content\" >\n\t\t\t\t<div class=\"esg-content eg-ycpc-hoover-element-0-a eg-post-22996598 eg-ycpc-hoover-element-0-a\"><a class=\"eg-ycpc-hoover-element-0 eg-post-22996598\" href=\"https:\/\/yachtcharterportocervo.com\/es\/yachts\/rossinavi-66m-yate-charter\/\" target=\"_self\">MANGUSTA 130<\/a><\/div>\n              <div class=\"esg-content eg-ycpc-hoover-element-3 esg-none esg-clear esg-line-break\"><\/div>\n\t\t\t\t<div class=\"esg-content eg-ycpc-hoover-element-27 eg-post-22996598 eg-ycpc-hoover-element-27\">Longitud: 39.62 m (130 ft)<\/div>\n              <div class=\"esg-content eg-ycpc-hoover-element-5 esg-none esg-clear esg-line-break\"><\/div>\n\t\t\t\t<div class=\"esg-content eg-ycpc-hoover-element-28 eg-post-22996598 eg-ycpc-hoover-element-28\">Invitados: 10<\/div>\n              <div class=\"esg-content eg-ycpc-hoover-element-7 esg-none esg-clear esg-line-break\"><\/div>\n\t\t\t\t<div class=\"esg-content eg-ycpc-hoover-element-29 eg-post-22996598 eg-ycpc-hoover-element-29\">Tripulantes: 6<\/div>\n              <div class=\"esg-content eg-ycpc-hoover-element-30 esg-none esg-clear esg-line-break\"><\/div>\n\t\t\t\t<div class=\"esg-content eg-ycpc-hoover-element-31 eg-post-22996598 eg-ycpc-hoover-element-31\">Tarifa semanal: \u20ac 120.000\/130.000 sin IVA<\/div>\n<\/div>   <\/div>\n\n<\/li>\n<li id=\"eg-2-post-id-1261_7929\" class=\"filterall eg-ycpc-hoover-wrapper filter-yacht-charter eg-post-id-1261\" data-skin=\"ycpc-hoover\" data-eg-order-id=\"36.6\" >\n    <div class=\"esg-media-cover-wrapper\">\n<a href=\"https:\/\/yachtcharterportocervo.com\/es\/yachts\/isa-120-yate-charter\/\" target=\"_self\"><div class=\"esg-entry-media\" ><img loading=\"lazy\" decoding=\"async\" class=\"esg-entry-media-img\"  src=\"https:\/\/yachtcharterportocervo.com\/wp-content\/uploads\/2026\/02\/isa-120-yacht-charter-navigation-porto-cervo-sardinia.webp\" data-no-lazy=\"1\" alt=\"ISA 120 superyacht cruising along Porto Cervo, Costa Smeralda, Sardinia\" title=\"isa-120-yacht-charter-navigation-porto-cervo-sardinia\" width=\"1024\" height=\"668\"><\/div>\n\n<\/a>                <div class=\"esg-overlay eg-ycpc-hoover-container  esg-transition\" data-duration=\"default\" data-transition=\"esg-fade\"><\/div>\n\n<div class=\"esg-entry-content eg-ycpc-hoover-content\" >\n\t\t\t\t<div class=\"esg-content eg-ycpc-hoover-element-0-a eg-post-1261 eg-ycpc-hoover-element-0-a\"><a class=\"eg-ycpc-hoover-element-0 eg-post-1261\" href=\"https:\/\/yachtcharterportocervo.com\/es\/yachts\/isa-120-yate-charter\/\" target=\"_self\">ISA 120'<\/a><\/div>\n              <div class=\"esg-content eg-ycpc-hoover-element-3 esg-none esg-clear esg-line-break\"><\/div>\n\t\t\t\t<div class=\"esg-content eg-ycpc-hoover-element-27 eg-post-1261 eg-ycpc-hoover-element-27\">Longitud: 36.6 m (120 pies)<\/div>\n              <div class=\"esg-content eg-ycpc-hoover-element-5 esg-none esg-clear esg-line-break\"><\/div>\n\t\t\t\t<div class=\"esg-content eg-ycpc-hoover-element-28 eg-post-1261 eg-ycpc-hoover-element-28\">Invitados: 12 navegando - 10 durmiendo<\/div>\n              <div class=\"esg-content eg-ycpc-hoover-element-7 esg-none esg-clear esg-line-break\"><\/div>\n\t\t\t\t<div class=\"esg-content eg-ycpc-hoover-element-29 eg-post-1261 eg-ycpc-hoover-element-29\">Tripulantes: 6<\/div>\n              <div class=\"esg-content eg-ycpc-hoover-element-30 esg-none esg-clear esg-line-break\"><\/div>\n\t\t\t\t<div class=\"esg-content eg-ycpc-hoover-element-31 eg-post-1261 eg-ycpc-hoover-element-31\">Tarifa semanal: \u20ac 120.000\/130.000 sin IVA<\/div>\n<\/div>   <\/div>\n\n<\/li>\n<li id=\"eg-2-post-id-1378_2722\" class=\"filterall eg-ycpc-hoover-wrapper filter-yacht-charter eg-post-id-1378\" data-skin=\"ycpc-hoover\" data-eg-order-id=\"33.48\" >\n    <div class=\"esg-media-cover-wrapper\">\n<a href=\"https:\/\/yachtcharterportocervo.com\/es\/yachts\/mangusta-109-yate-charter\/\" target=\"_self\"><div class=\"esg-entry-media\" ><img loading=\"lazy\" decoding=\"async\" class=\"esg-entry-media-img\"  src=\"https:\/\/yachtcharterportocervo.com\/wp-content\/uploads\/2026\/03\/Mangusta-108-Aerial-View-Cruising-in-Costa-Smeralda.webp\" data-no-lazy=\"1\" alt=\"Aerial view of Mangusta 108 luxury yacht cruising at speed leaving a white wake in the waters of Costa Smeralda, Sardinia\" title=\"Mangusta 108 Aerial View Cruising in Costa Smeralda\" width=\"1920\" height=\"1280\"><\/div>\n\n<\/a>                <div class=\"esg-overlay eg-ycpc-hoover-container  esg-transition\" data-duration=\"default\" data-transition=\"esg-fade\"><\/div>\n\n<div class=\"esg-entry-content eg-ycpc-hoover-content\" >\n\t\t\t\t<div class=\"esg-content eg-ycpc-hoover-element-0-a eg-post-1378 eg-ycpc-hoover-element-0-a\"><a class=\"eg-ycpc-hoover-element-0 eg-post-1378\" href=\"https:\/\/yachtcharterportocervo.com\/es\/yachts\/mangusta-109-yate-charter\/\" target=\"_self\">Mangusta 108<\/a><\/div>\n              <div class=\"esg-content eg-ycpc-hoover-element-3 esg-none esg-clear esg-line-break\"><\/div>\n\t\t\t\t<div class=\"esg-content eg-ycpc-hoover-element-27 eg-post-1378 eg-ycpc-hoover-element-27\">Longitud: 33.48 m (109.84 pies)<\/div>\n              <div class=\"esg-content eg-ycpc-hoover-element-5 esg-none esg-clear esg-line-break\"><\/div>\n\t\t\t\t<div class=\"esg-content eg-ycpc-hoover-element-28 eg-post-1378 eg-ycpc-hoover-element-28\">Invitados: 12 navegando - 09 durmiendo<\/div>\n              <div class=\"esg-content eg-ycpc-hoover-element-7 esg-none esg-clear esg-line-break\"><\/div>\n\t\t\t\t<div class=\"esg-content eg-ycpc-hoover-element-29 eg-post-1378 eg-ycpc-hoover-element-29\">Tripulantes: 3<\/div>\n              <div class=\"esg-content eg-ycpc-hoover-element-30 esg-none esg-clear esg-line-break\"><\/div>\n\t\t\t\t<div class=\"esg-content eg-ycpc-hoover-element-31 eg-post-1378 eg-ycpc-hoover-element-31\">Tarifa semanal: \u20ac 60.000\/\u20ac 80.000 sin IVA<\/div>\n<\/div>   <\/div>\n\n<\/li>\n<li id=\"eg-2-post-id-1667_8872\" class=\"filterall eg-ycpc-hoover-wrapper filter-yacht-charter eg-post-id-1667\" data-skin=\"ycpc-hoover\" data-eg-order-id=\"32\" >\n    <div class=\"esg-media-cover-wrapper\">\n<a href=\"https:\/\/yachtcharterportocervo.com\/es\/yachts\/leopard-32-yate-charter\/\" target=\"_self\"><div class=\"esg-entry-media\" ><img loading=\"lazy\" decoding=\"async\" class=\"esg-entry-media-img\"  src=\"https:\/\/yachtcharterportocervo.com\/wp-content\/uploads\/2024\/03\/Leopard_32_yacht_charter-6.webp\" data-no-lazy=\"1\" alt=\"A three-quarter bow view of the 32-meter Leopard luxury yacht at anchor in the crystal clear waters of Porto Cervo, Sardinia.\" title=\"leopard-32-three-quarter-bow-shot-portocervo\" width=\"1024\" height=\"683\"><\/div>\n\n<\/a>                <div class=\"esg-overlay eg-ycpc-hoover-container  esg-transition\" data-duration=\"default\" data-transition=\"esg-fade\"><\/div>\n\n<div class=\"esg-entry-content eg-ycpc-hoover-content\" >\n\t\t\t\t<div class=\"esg-content eg-ycpc-hoover-element-0-a eg-post-1667 eg-ycpc-hoover-element-0-a\"><a class=\"eg-ycpc-hoover-element-0 eg-post-1667\" href=\"https:\/\/yachtcharterportocervo.com\/es\/yachts\/leopard-32-yate-charter\/\" target=\"_self\">Leopard 32<\/a><\/div>\n              <div class=\"esg-content eg-ycpc-hoover-element-3 esg-none esg-clear esg-line-break\"><\/div>\n\t\t\t\t<div class=\"esg-content eg-ycpc-hoover-element-27 eg-post-1667 eg-ycpc-hoover-element-27\">Longitud: 32 m (105 pies)<\/div>\n              <div class=\"esg-content eg-ycpc-hoover-element-5 esg-none esg-clear esg-line-break\"><\/div>\n\t\t\t\t<div class=\"esg-content eg-ycpc-hoover-element-28 eg-post-1667 eg-ycpc-hoover-element-28\">Invitados: 12 navegando - 11 durmiendo<\/div>\n              <div class=\"esg-content eg-ycpc-hoover-element-7 esg-none esg-clear esg-line-break\"><\/div>\n\t\t\t\t<div class=\"esg-content eg-ycpc-hoover-element-29 eg-post-1667 eg-ycpc-hoover-element-29\">Tripulantes: 5<\/div>\n              <div class=\"esg-content eg-ycpc-hoover-element-30 esg-none esg-clear esg-line-break\"><\/div>\n\t\t\t\t<div class=\"esg-content eg-ycpc-hoover-element-31 eg-post-1667 eg-ycpc-hoover-element-31\">Tarifa semanal: \u20ac 69.000\/\u20ac 86.000 sin IVA<\/div>\n<\/div>   <\/div>\n\n<\/li>\n<li id=\"eg-2-post-id-1463_6253\" class=\"filterall eg-ycpc-hoover-wrapper filter-yacht-charter eg-post-id-1463\" data-skin=\"ycpc-hoover\" data-eg-order-id=\"31\" >\n    <div class=\"esg-media-cover-wrapper\">\n<a href=\"https:\/\/yachtcharterportocervo.com\/es\/yachts\/velvet-100-yate-charter\/\" target=\"_self\"><div class=\"esg-entry-media\" ><img loading=\"lazy\" decoding=\"async\" class=\"esg-entry-media-img\"  src=\"https:\/\/yachtcharterportocervo.com\/wp-content\/uploads\/2024\/03\/Velvet-100.webp\" data-no-lazy=\"1\" alt=\"Side view of the Velvet 100 yacht anchored in the crystal-clear turquoise waters of Sardinia under a blue sky.\" title=\"luxury-yacht-charter-sardinia-velvet-100-at-anchor\" width=\"1024\" height=\"768\"><\/div>\n\n<\/a>                <div class=\"esg-overlay eg-ycpc-hoover-container  esg-transition\" data-duration=\"default\" data-transition=\"esg-fade\"><\/div>\n\n<div class=\"esg-entry-content eg-ycpc-hoover-content\" >\n\t\t\t\t<div class=\"esg-content eg-ycpc-hoover-element-0-a eg-post-1463 eg-ycpc-hoover-element-0-a\"><a class=\"eg-ycpc-hoover-element-0 eg-post-1463\" href=\"https:\/\/yachtcharterportocervo.com\/es\/yachts\/velvet-100-yate-charter\/\" target=\"_self\">VELVET 100'<\/a><\/div>\n              <div class=\"esg-content eg-ycpc-hoover-element-3 esg-none esg-clear esg-line-break\"><\/div>\n\t\t\t\t<div class=\"esg-content eg-ycpc-hoover-element-27 eg-post-1463 eg-ycpc-hoover-element-27\">Longitud: 31 m (101.7 pies)<\/div>\n              <div class=\"esg-content eg-ycpc-hoover-element-5 esg-none esg-clear esg-line-break\"><\/div>\n\t\t\t\t<div class=\"esg-content eg-ycpc-hoover-element-28 eg-post-1463 eg-ycpc-hoover-element-28\">Invitados: 12 navegando - 08 durmiendo<\/div>\n              <div class=\"esg-content eg-ycpc-hoover-element-7 esg-none esg-clear esg-line-break\"><\/div>\n\t\t\t\t<div class=\"esg-content eg-ycpc-hoover-element-29 eg-post-1463 eg-ycpc-hoover-element-29\">Tripulantes: 4<\/div>\n              <div class=\"esg-content eg-ycpc-hoover-element-30 esg-none esg-clear esg-line-break\"><\/div>\n\t\t\t\t<div class=\"esg-content eg-ycpc-hoover-element-31 eg-post-1463 eg-ycpc-hoover-element-31\">Tarifa semanal: \u20ac 62.000\/\u20ac 80.000 sin IVA<\/div>\n<\/div>   <\/div>\n\n<\/li>\n<li id=\"eg-2-post-id-22989732_4933\" class=\"filterall eg-ycpc-hoover-wrapper filter-yacht-charter eg-post-id-22989732\" data-skin=\"ycpc-hoover\" data-eg-order-id=\"29.26\" >\n    <div class=\"esg-media-cover-wrapper\">\n<a href=\"https:\/\/yachtcharterportocervo.com\/es\/yachts\/san-lorenzo-96-yate-charter\/\" target=\"_self\"><div class=\"esg-entry-media\" ><img loading=\"lazy\" decoding=\"async\" class=\"esg-entry-media-img\"  src=\"https:\/\/yachtcharterportocervo.com\/wp-content\/uploads\/2024\/03\/San_Lorenzo_96_yacht_charter-14.webp\" data-no-lazy=\"1\" alt=\"Elegant port side view of the Sanlorenzo 96 yacht anchored in the calm waters of Porto Cervo, Sardinia during the late afternoon.\" title=\"sanlorenzo-96-port-side-view-anchored-sardinia\" width=\"1024\" height=\"499\"><\/div>\n\n<\/a>                <div class=\"esg-overlay eg-ycpc-hoover-container  esg-transition\" data-duration=\"default\" data-transition=\"esg-fade\"><\/div>\n\n<div class=\"esg-entry-content eg-ycpc-hoover-content\" >\n\t\t\t\t<div class=\"esg-content eg-ycpc-hoover-element-0-a eg-post-22989732 eg-ycpc-hoover-element-0-a\"><a class=\"eg-ycpc-hoover-element-0 eg-post-22989732\" href=\"https:\/\/yachtcharterportocervo.com\/es\/yachts\/san-lorenzo-96-yate-charter\/\" target=\"_self\">SAN LORENZO 96'<\/a><\/div>\n              <div class=\"esg-content eg-ycpc-hoover-element-3 esg-none esg-clear esg-line-break\"><\/div>\n\t\t\t\t<div class=\"esg-content eg-ycpc-hoover-element-27 eg-post-22989732 eg-ycpc-hoover-element-27\">Longitud: 29.26 m (96 pies)<\/div>\n              <div class=\"esg-content eg-ycpc-hoover-element-5 esg-none esg-clear esg-line-break\"><\/div>\n\t\t\t\t<div class=\"esg-content eg-ycpc-hoover-element-28 eg-post-22989732 eg-ycpc-hoover-element-28\">Invitados: 12 navegando - 9 durmiendo<\/div>\n              <div class=\"esg-content eg-ycpc-hoover-element-7 esg-none esg-clear esg-line-break\"><\/div>\n\t\t\t\t<div class=\"esg-content eg-ycpc-hoover-element-29 eg-post-22989732 eg-ycpc-hoover-element-29\">Tripulantes: 4<\/div>\n              <div class=\"esg-content eg-ycpc-hoover-element-30 esg-none esg-clear esg-line-break\"><\/div>\n\t\t\t\t<div class=\"esg-content eg-ycpc-hoover-element-31 eg-post-22989732 eg-ycpc-hoover-element-31\">Weekly Rates: \u20ac 65.000 \/\u20ac 70.000 tax exclusive<\/div>\n<\/div>   <\/div>\n\n<\/li>\n<li id=\"eg-2-post-id-1414_8976\" class=\"filterall eg-ycpc-hoover-wrapper filter-yacht-charter eg-post-id-1414\" data-skin=\"ycpc-hoover\" data-eg-order-id=\"28.27\" >\n    <div class=\"esg-media-cover-wrapper\">\n<a href=\"https:\/\/yachtcharterportocervo.com\/es\/yachts\/mangusta-92-yate-charter\/\" target=\"_self\"><div class=\"esg-entry-media\" ><img loading=\"lazy\" decoding=\"async\" class=\"esg-entry-media-img\"  src=\"https:\/\/yachtcharterportocervo.com\/wp-content\/uploads\/2024\/03\/Mangusta_92_yacht_charter-.webp\" data-no-lazy=\"1\" alt=\"Mangusta_92_yacht_charter\" title=\"Mangusta_92_yacht_charter\" width=\"1024\" height=\"576\"><\/div>\n\n<\/a>                <div class=\"esg-overlay eg-ycpc-hoover-container  esg-transition\" data-duration=\"default\" data-transition=\"esg-fade\"><\/div>\n\n<div class=\"esg-entry-content eg-ycpc-hoover-content\" >\n\t\t\t\t<div class=\"esg-content eg-ycpc-hoover-element-0-a eg-post-1414 eg-ycpc-hoover-element-0-a\"><a class=\"eg-ycpc-hoover-element-0 eg-post-1414\" href=\"https:\/\/yachtcharterportocervo.com\/es\/yachts\/mangusta-92-yate-charter\/\" target=\"_self\">MANGUSTA 92'<\/a><\/div>\n              <div class=\"esg-content eg-ycpc-hoover-element-3 esg-none esg-clear esg-line-break\"><\/div>\n\t\t\t\t<div class=\"esg-content eg-ycpc-hoover-element-27 eg-post-1414 eg-ycpc-hoover-element-27\">Longitud: 28.27 m (92 pies)<\/div>\n              <div class=\"esg-content eg-ycpc-hoover-element-5 esg-none esg-clear esg-line-break\"><\/div>\n\t\t\t\t<div class=\"esg-content eg-ycpc-hoover-element-28 eg-post-1414 eg-ycpc-hoover-element-28\">Invitados: 12 navegando - 9 durmiendo<\/div>\n              <div class=\"esg-content eg-ycpc-hoover-element-7 esg-none esg-clear esg-line-break\"><\/div>\n\t\t\t\t<div class=\"esg-content eg-ycpc-hoover-element-29 eg-post-1414 eg-ycpc-hoover-element-29\">Tripulantes: 3<\/div>\n              <div class=\"esg-content eg-ycpc-hoover-element-30 esg-none esg-clear esg-line-break\"><\/div>\n\t\t\t\t<div class=\"esg-content eg-ycpc-hoover-element-31 eg-post-1414 eg-ycpc-hoover-element-31\">Tarifa semanal: \u20ac 49.000\/\u20ac 56.000 sin IVA<\/div>\n<\/div>   <\/div>\n\n<\/li>\n<li id=\"eg-2-post-id-22992132_9748\" class=\"filterall eg-ycpc-hoover-wrapper filter-yacht-charter eg-post-id-22992132\" data-skin=\"ycpc-hoover\" data-eg-order-id=\"27.43\" >\n    <div class=\"esg-media-cover-wrapper\">\n<a href=\"https:\/\/yachtcharterportocervo.com\/es\/yachts\/pershing-90-yate-charter\/\" target=\"_self\"><div class=\"esg-entry-media\" ><img loading=\"lazy\" decoding=\"async\" class=\"esg-entry-media-img\"  src=\"https:\/\/yachtcharterportocervo.com\/wp-content\/uploads\/2024\/05\/Pershing_90_yacht_charter-3.webp\" data-no-lazy=\"1\" alt=\"Pershing_90_yacht_charter 3\" title=\"Pershing_90_yacht_charter 3\" width=\"1024\" height=\"768\"><\/div>\n\n<\/a>                <div class=\"esg-overlay eg-ycpc-hoover-container  esg-transition\" data-duration=\"default\" data-transition=\"esg-fade\"><\/div>\n\n<div class=\"esg-entry-content eg-ycpc-hoover-content\" >\n\t\t\t\t<div class=\"esg-content eg-ycpc-hoover-element-0-a eg-post-22992132 eg-ycpc-hoover-element-0-a\"><a class=\"eg-ycpc-hoover-element-0 eg-post-22992132\" href=\"https:\/\/yachtcharterportocervo.com\/es\/yachts\/pershing-90-yate-charter\/\" target=\"_self\">PERSHING 90'<\/a><\/div>\n              <div class=\"esg-content eg-ycpc-hoover-element-3 esg-none esg-clear esg-line-break\"><\/div>\n\t\t\t\t<div class=\"esg-content eg-ycpc-hoover-element-27 eg-post-22992132 eg-ycpc-hoover-element-27\">Longitud: 27.43 m (90 pies)<\/div>\n              <div class=\"esg-content eg-ycpc-hoover-element-5 esg-none esg-clear esg-line-break\"><\/div>\n\t\t\t\t<div class=\"esg-content eg-ycpc-hoover-element-28 eg-post-22992132 eg-ycpc-hoover-element-28\">GUESTS: 12 Cruising - 9 Sleeping<\/div>\n              <div class=\"esg-content eg-ycpc-hoover-element-7 esg-none esg-clear esg-line-break\"><\/div>\n\t\t\t\t<div class=\"esg-content eg-ycpc-hoover-element-29 eg-post-22992132 eg-ycpc-hoover-element-29\">Tripulantes: 4<\/div>\n              <div class=\"esg-content eg-ycpc-hoover-element-30 esg-none esg-clear esg-line-break\"><\/div>\n\t\t\t\t<div class=\"esg-content eg-ycpc-hoover-element-31 eg-post-22992132 eg-ycpc-hoover-element-31\">Tarifa semanal: \u20ac 45.000\/\u20ac 55.000 sin IVA<\/div>\n<\/div>   <\/div>\n\n<\/li>\n<li id=\"eg-2-post-id-1726_5526\" class=\"filterall eg-ycpc-hoover-wrapper filter-yacht-charter eg-post-id-1726\" data-skin=\"ycpc-hoover\" data-eg-order-id=\"27.07\" >\n    <div class=\"esg-media-cover-wrapper\">\n<a href=\"https:\/\/yachtcharterportocervo.com\/es\/yachts\/ferretti-881-rph-yate-charter\/\" target=\"_self\"><div class=\"esg-entry-media\" ><img loading=\"lazy\" decoding=\"async\" class=\"esg-entry-media-img\"  src=\"https:\/\/yachtcharterportocervo.com\/wp-content\/uploads\/2024\/03\/Ferretti-881.webp\" data-no-lazy=\"1\" alt=\"Ferretti 881\" title=\"Ferretti 881\" width=\"1024\" height=\"768\"><\/div>\n\n<\/a>                <div class=\"esg-overlay eg-ycpc-hoover-container  esg-transition\" data-duration=\"default\" data-transition=\"esg-fade\"><\/div>\n\n<div class=\"esg-entry-content eg-ycpc-hoover-content\" >\n\t\t\t\t<div class=\"esg-content eg-ycpc-hoover-element-0-a eg-post-1726 eg-ycpc-hoover-element-0-a\"><a class=\"eg-ycpc-hoover-element-0 eg-post-1726\" href=\"https:\/\/yachtcharterportocervo.com\/es\/yachts\/ferretti-881-rph-yate-charter\/\" target=\"_self\">Ferretti 881 RPH<\/a><\/div>\n              <div class=\"esg-content eg-ycpc-hoover-element-3 esg-none esg-clear esg-line-break\"><\/div>\n\t\t\t\t<div class=\"esg-content eg-ycpc-hoover-element-27 eg-post-1726 eg-ycpc-hoover-element-27\">Longitud: 27.07 m (88.81 pies)<\/div>\n              <div class=\"esg-content eg-ycpc-hoover-element-5 esg-none esg-clear esg-line-break\"><\/div>\n\t\t\t\t<div class=\"esg-content eg-ycpc-hoover-element-28 eg-post-1726 eg-ycpc-hoover-element-28\">Invitados: 12 navegando - 10 durmiendo<\/div>\n              <div class=\"esg-content eg-ycpc-hoover-element-7 esg-none esg-clear esg-line-break\"><\/div>\n\t\t\t\t<div class=\"esg-content eg-ycpc-hoover-element-29 eg-post-1726 eg-ycpc-hoover-element-29\">Tripulantes: 4<\/div>\n              <div class=\"esg-content eg-ycpc-hoover-element-30 esg-none esg-clear esg-line-break\"><\/div>\n\t\t\t\t<div class=\"esg-content eg-ycpc-hoover-element-31 eg-post-1726 eg-ycpc-hoover-element-31\">Tarifaa semanal: \u20ac 58.000\/\u20ac 72.000 sin IVA<\/div>\n<\/div>   <\/div>\n\n<\/li>\n<li id=\"eg-2-post-id-22989296_9807\" class=\"filterall eg-ycpc-hoover-wrapper filter-yacht-charter eg-post-id-22989296\" data-skin=\"ycpc-hoover\" data-eg-order-id=\"26.92\" >\n    <div class=\"esg-media-cover-wrapper\">\n<a href=\"https:\/\/yachtcharterportocervo.com\/es\/yachts\/riva-folgore-88-yate-charter\/\" target=\"_self\"><div class=\"esg-entry-media\" ><img loading=\"lazy\" decoding=\"async\" class=\"esg-entry-media-img\"  src=\"https:\/\/yachtcharterportocervo.com\/wp-content\/uploads\/2024\/03\/Riva-Folgore_88_yacht_charter-10.webp\" data-no-lazy=\"1\" alt=\"Riva_Folgore_88_yacht_charter 10\" title=\"Riva_Folgore_88_yacht_charter 10\" width=\"1024\" height=\"683\"><\/div>\n\n<\/a>                <div class=\"esg-overlay eg-ycpc-hoover-container  esg-transition\" data-duration=\"default\" data-transition=\"esg-fade\"><\/div>\n\n<div class=\"esg-entry-content eg-ycpc-hoover-content\" >\n\t\t\t\t<div class=\"esg-content eg-ycpc-hoover-element-0-a eg-post-22989296 eg-ycpc-hoover-element-0-a\"><a class=\"eg-ycpc-hoover-element-0 eg-post-22989296\" href=\"https:\/\/yachtcharterportocervo.com\/es\/yachts\/riva-folgore-88-yate-charter\/\" target=\"_self\">RIVA FOLGORE 88'<\/a><\/div>\n              <div class=\"esg-content eg-ycpc-hoover-element-3 esg-none esg-clear esg-line-break\"><\/div>\n\t\t\t\t<div class=\"esg-content eg-ycpc-hoover-element-27 eg-post-22989296 eg-ycpc-hoover-element-27\">Longitud: 26.92 m (88.4 pies)<\/div>\n              <div class=\"esg-content eg-ycpc-hoover-element-5 esg-none esg-clear esg-line-break\"><\/div>\n\t\t\t\t<div class=\"esg-content eg-ycpc-hoover-element-28 eg-post-22989296 eg-ycpc-hoover-element-28\">Invitados: 12 navegando - 08 durmiendo<\/div>\n              <div class=\"esg-content eg-ycpc-hoover-element-7 esg-none esg-clear esg-line-break\"><\/div>\n\t\t\t\t<div class=\"esg-content eg-ycpc-hoover-element-29 eg-post-22989296 eg-ycpc-hoover-element-29\">Tripulantes: 4<\/div>\n              <div class=\"esg-content eg-ycpc-hoover-element-30 esg-none esg-clear esg-line-break\"><\/div>\n\t\t\t\t<div class=\"esg-content eg-ycpc-hoover-element-31 eg-post-22989296 eg-ycpc-hoover-element-31\">Tarifa semanal: \u20ac 65.000\/\u20ac 75.000 sin IVA<\/div>\n<\/div>   <\/div>\n\n<\/li>\n<li id=\"eg-2-post-id-22990692_8253\" class=\"filterall eg-ycpc-hoover-wrapper filter-yacht-charter eg-post-id-22990692\" data-skin=\"ycpc-hoover\" data-eg-order-id=\"26.21\" >\n    <div class=\"esg-media-cover-wrapper\">\n<a href=\"https:\/\/yachtcharterportocervo.com\/es\/yachts\/cerri-86-yate-charter\/\" target=\"_self\"><div class=\"esg-entry-media\" ><img loading=\"lazy\" decoding=\"async\" class=\"esg-entry-media-img\"  src=\"https:\/\/yachtcharterportocervo.com\/wp-content\/uploads\/2024\/04\/Cerri_86_yacht_charter-1-1.webp\" data-no-lazy=\"1\" alt=\"Cerri_86_yacht_charter 1\" title=\"Cerri_86_yacht_charter 1\" width=\"1024\" height=\"619\"><\/div>\n\n<\/a>                <div class=\"esg-overlay eg-ycpc-hoover-container  esg-transition\" data-duration=\"default\" data-transition=\"esg-fade\"><\/div>\n\n<div class=\"esg-entry-content eg-ycpc-hoover-content\" >\n\t\t\t\t<div class=\"esg-content eg-ycpc-hoover-element-0-a eg-post-22990692 eg-ycpc-hoover-element-0-a\"><a class=\"eg-ycpc-hoover-element-0 eg-post-22990692\" href=\"https:\/\/yachtcharterportocervo.com\/es\/yachts\/cerri-86-yate-charter\/\" target=\"_self\">CERRI 86'<\/a><\/div>\n              <div class=\"esg-content eg-ycpc-hoover-element-3 esg-none esg-clear esg-line-break\"><\/div>\n\t\t\t\t<div class=\"esg-content eg-ycpc-hoover-element-27 eg-post-22990692 eg-ycpc-hoover-element-27\">Longitud: 26.21 m (86 pies)<\/div>\n              <div class=\"esg-content eg-ycpc-hoover-element-5 esg-none esg-clear esg-line-break\"><\/div>\n\t\t\t\t<div class=\"esg-content eg-ycpc-hoover-element-28 eg-post-22990692 eg-ycpc-hoover-element-28\">Invitados: 12 navegando - 08 durmiendo<\/div>\n              <div class=\"esg-content eg-ycpc-hoover-element-7 esg-none esg-clear esg-line-break\"><\/div>\n\t\t\t\t<div class=\"esg-content eg-ycpc-hoover-element-29 eg-post-22990692 eg-ycpc-hoover-element-29\">Tripulantes: 3<\/div>\n              <div class=\"esg-content eg-ycpc-hoover-element-30 esg-none esg-clear esg-line-break\"><\/div>\n\t\t\t\t<div class=\"esg-content eg-ycpc-hoover-element-31 eg-post-22990692 eg-ycpc-hoover-element-31\">Tarifa semanal: \u20ac 39.000\/\u20ac 48.000 sin IVA<\/div>\n<\/div>   <\/div>\n\n<\/li>\n<li id=\"eg-2-post-id-22988836_3038\" class=\"filterall eg-ycpc-hoover-wrapper filter-yacht-charter eg-post-id-22988836\" data-skin=\"ycpc-hoover\" data-eg-order-id=\"26.21\" >\n    <div class=\"esg-media-cover-wrapper\">\n<a href=\"https:\/\/yachtcharterportocervo.com\/es\/yachts\/azimut-86-yate-charter\/\" target=\"_self\"><div class=\"esg-entry-media\" ><img loading=\"lazy\" decoding=\"async\" class=\"esg-entry-media-img\"  src=\"https:\/\/yachtcharterportocervo.com\/wp-content\/uploads\/2024\/03\/Azimut_86S_yacht_charter-9.webp\" data-no-lazy=\"1\" alt=\"\" title=\"Azimut_86S_yacht_charter 9\" width=\"1024\" height=\"683\"><\/div>\n\n<\/a>                <div class=\"esg-overlay eg-ycpc-hoover-container  esg-transition\" data-duration=\"default\" data-transition=\"esg-fade\"><\/div>\n\n<div class=\"esg-entry-content eg-ycpc-hoover-content\" >\n\t\t\t\t<div class=\"esg-content eg-ycpc-hoover-element-0-a eg-post-22988836 eg-ycpc-hoover-element-0-a\"><a class=\"eg-ycpc-hoover-element-0 eg-post-22988836\" href=\"https:\/\/yachtcharterportocervo.com\/es\/yachts\/azimut-86-yate-charter\/\" target=\"_self\">AZIMUT 86'<\/a><\/div>\n              <div class=\"esg-content eg-ycpc-hoover-element-3 esg-none esg-clear esg-line-break\"><\/div>\n\t\t\t\t<div class=\"esg-content eg-ycpc-hoover-element-27 eg-post-22988836 eg-ycpc-hoover-element-27\">Longitud: 26.21 m (86 pies)<\/div>\n              <div class=\"esg-content eg-ycpc-hoover-element-5 esg-none esg-clear esg-line-break\"><\/div>\n\t\t\t\t<div class=\"esg-content eg-ycpc-hoover-element-28 eg-post-22988836 eg-ycpc-hoover-element-28\">Invitados: 12 navegando - 08 durmiendo<\/div>\n              <div class=\"esg-content eg-ycpc-hoover-element-7 esg-none esg-clear esg-line-break\"><\/div>\n\t\t\t\t<div class=\"esg-content eg-ycpc-hoover-element-29 eg-post-22988836 eg-ycpc-hoover-element-29\">Tripulantes: 3<\/div>\n              <div class=\"esg-content eg-ycpc-hoover-element-30 esg-none esg-clear esg-line-break\"><\/div>\n\t\t\t\t<div class=\"esg-content eg-ycpc-hoover-element-31 eg-post-22988836 eg-ycpc-hoover-element-31\">Tarifa semanal: \u20ac 30.000\/\u20ac 42.000 sin IVA<\/div>\n<\/div>   <\/div>\n\n<\/li>\n<li id=\"eg-2-post-id-22989780_3430\" class=\"filterall eg-ycpc-hoover-wrapper filter-yacht-charter eg-post-id-22989780\" data-skin=\"ycpc-hoover\" data-eg-order-id=\"25.90\" >\n    <div class=\"esg-media-cover-wrapper\">\n<a href=\"https:\/\/yachtcharterportocervo.com\/es\/yachts\/ferretti-850-yate-charter\/\" target=\"_self\"><div class=\"esg-entry-media\" ><img loading=\"lazy\" decoding=\"async\" class=\"esg-entry-media-img\"  src=\"https:\/\/yachtcharterportocervo.com\/wp-content\/uploads\/2024\/03\/Ferretti_850_yacht_charter-9.webp\" data-no-lazy=\"1\" alt=\"Ferretti_850_yacht_charter 9\" title=\"Ferretti_850_yacht_charter 9\" width=\"1024\" height=\"683\"><\/div>\n\n<\/a>                <div class=\"esg-overlay eg-ycpc-hoover-container  esg-transition\" data-duration=\"default\" data-transition=\"esg-fade\"><\/div>\n\n<div class=\"esg-entry-content eg-ycpc-hoover-content\" >\n\t\t\t\t<div class=\"esg-content eg-ycpc-hoover-element-0-a eg-post-22989780 eg-ycpc-hoover-element-0-a\"><a class=\"eg-ycpc-hoover-element-0 eg-post-22989780\" href=\"https:\/\/yachtcharterportocervo.com\/es\/yachts\/ferretti-850-yate-charter\/\" target=\"_self\">FERRETTI 850<\/a><\/div>\n              <div class=\"esg-content eg-ycpc-hoover-element-3 esg-none esg-clear esg-line-break\"><\/div>\n\t\t\t\t<div class=\"esg-content eg-ycpc-hoover-element-27 eg-post-22989780 eg-ycpc-hoover-element-27\">Longitud: 25.90 m (85 pies)<\/div>\n              <div class=\"esg-content eg-ycpc-hoover-element-5 esg-none esg-clear esg-line-break\"><\/div>\n\t\t\t\t<div class=\"esg-content eg-ycpc-hoover-element-28 eg-post-22989780 eg-ycpc-hoover-element-28\">Invitados: 12 navegando - 08 durmiendo<\/div>\n              <div class=\"esg-content eg-ycpc-hoover-element-7 esg-none esg-clear esg-line-break\"><\/div>\n\t\t\t\t<div class=\"esg-content eg-ycpc-hoover-element-29 eg-post-22989780 eg-ycpc-hoover-element-29\">Tripulantes: 4<\/div>\n              <div class=\"esg-content eg-ycpc-hoover-element-30 esg-none esg-clear esg-line-break\"><\/div>\n\t\t\t\t<div class=\"esg-content eg-ycpc-hoover-element-31 eg-post-22989780 eg-ycpc-hoover-element-31\">Tarifa semanal: \u20ac 55.000\/\u20ac 65.000 sin IVA<\/div>\n<\/div>   <\/div>\n\n<\/li>\n<li id=\"eg-2-post-id-22988967_4851\" class=\"filterall eg-ycpc-hoover-wrapper filter-yacht-charter eg-post-id-22988967\" data-skin=\"ycpc-hoover\" data-eg-order-id=\"25.25\" >\n    <div class=\"esg-media-cover-wrapper\">\n<a href=\"https:\/\/yachtcharterportocervo.com\/es\/yachts\/mylius-76-yate-charter\/\" target=\"_self\"><div class=\"esg-entry-media\" ><img loading=\"lazy\" decoding=\"async\" class=\"esg-entry-media-img\"  src=\"https:\/\/yachtcharterportocervo.com\/wp-content\/uploads\/2024\/03\/Mylius_76_yacht_charter-3.webp\" data-no-lazy=\"1\" alt=\"\" title=\"Mylius_76_yacht_charter 3\" width=\"1024\" height=\"682\"><\/div>\n\n<\/a>                <div class=\"esg-overlay eg-ycpc-hoover-container  esg-transition\" data-duration=\"default\" data-transition=\"esg-fade\"><\/div>\n\n<div class=\"esg-entry-content eg-ycpc-hoover-content\" >\n\t\t\t\t<div class=\"esg-content eg-ycpc-hoover-element-0-a eg-post-22988967 eg-ycpc-hoover-element-0-a\"><a class=\"eg-ycpc-hoover-element-0 eg-post-22988967\" href=\"https:\/\/yachtcharterportocervo.com\/es\/yachts\/mylius-76-yate-charter\/\" target=\"_self\">MYLIUS 82' DS<\/a><\/div>\n              <div class=\"esg-content eg-ycpc-hoover-element-3 esg-none esg-clear esg-line-break\"><\/div>\n\t\t\t\t<div class=\"esg-content eg-ycpc-hoover-element-27 eg-post-22988967 eg-ycpc-hoover-element-27\">Longitud: 25.25 m (82.84 pies)<\/div>\n              <div class=\"esg-content eg-ycpc-hoover-element-5 esg-none esg-clear esg-line-break\"><\/div>\n\t\t\t\t<div class=\"esg-content eg-ycpc-hoover-element-28 eg-post-22988967 eg-ycpc-hoover-element-28\">Invitados: 12 navegando - 06 durmiendo<\/div>\n              <div class=\"esg-content eg-ycpc-hoover-element-7 esg-none esg-clear esg-line-break\"><\/div>\n\t\t\t\t<div class=\"esg-content eg-ycpc-hoover-element-29 eg-post-22988967 eg-ycpc-hoover-element-29\">Tripulantes: hasta 3<\/div>\n              <div class=\"esg-content eg-ycpc-hoover-element-30 esg-none esg-clear esg-line-break\"><\/div>\n\t\t\t\t<div class=\"esg-content eg-ycpc-hoover-element-31 eg-post-22988967 eg-ycpc-hoover-element-31\">Tarifa semanal: \u20ac 30.000\/\u20ac 36.000 IVA incl.<\/div>\n<\/div>   <\/div>\n\n<\/li>\n<li id=\"eg-2-post-id-22990361_8665\" class=\"filterall eg-ycpc-hoover-wrapper filter-yacht-charter eg-post-id-22990361\" data-skin=\"ycpc-hoover\" data-eg-order-id=\"25\" >\n    <div class=\"esg-media-cover-wrapper\">\n<a href=\"https:\/\/yachtcharterportocervo.com\/es\/yachts\/sunseeker-82-yate-charter\/\" target=\"_self\"><div class=\"esg-entry-media\" ><img loading=\"lazy\" decoding=\"async\" class=\"esg-entry-media-img\"  src=\"https:\/\/yachtcharterportocervo.com\/wp-content\/uploads\/2024\/03\/Sunseeker_Predator_82_yacht_charter-6.webp\" data-no-lazy=\"1\" alt=\"\" title=\"Sunseeker_Predator_82_yacht_charter 6\" width=\"1024\" height=\"681\"><\/div>\n\n<\/a>                <div class=\"esg-overlay eg-ycpc-hoover-container  esg-transition\" data-duration=\"default\" data-transition=\"esg-fade\"><\/div>\n\n<div class=\"esg-entry-content eg-ycpc-hoover-content\" >\n\t\t\t\t<div class=\"esg-content eg-ycpc-hoover-element-0-a eg-post-22990361 eg-ycpc-hoover-element-0-a\"><a class=\"eg-ycpc-hoover-element-0 eg-post-22990361\" href=\"https:\/\/yachtcharterportocervo.com\/es\/yachts\/sunseeker-82-yate-charter\/\" target=\"_self\">SUNSEEKER PREDATOR 82'<\/a><\/div>\n              <div class=\"esg-content eg-ycpc-hoover-element-3 esg-none esg-clear esg-line-break\"><\/div>\n\t\t\t\t<div class=\"esg-content eg-ycpc-hoover-element-27 eg-post-22990361 eg-ycpc-hoover-element-27\">Longitud: 25 m (82 pies)<\/div>\n              <div class=\"esg-content eg-ycpc-hoover-element-5 esg-none esg-clear esg-line-break\"><\/div>\n\t\t\t\t<div class=\"esg-content eg-ycpc-hoover-element-28 eg-post-22990361 eg-ycpc-hoover-element-28\">Invitados: 12 navegando - 08 durmiendo<\/div>\n              <div class=\"esg-content eg-ycpc-hoover-element-7 esg-none esg-clear esg-line-break\"><\/div>\n\t\t\t\t<div class=\"esg-content eg-ycpc-hoover-element-29 eg-post-22990361 eg-ycpc-hoover-element-29\">Tripulantes: 3<\/div>\n              <div class=\"esg-content eg-ycpc-hoover-element-30 esg-none esg-clear esg-line-break\"><\/div>\n\t\t\t\t<div class=\"esg-content eg-ycpc-hoover-element-31 eg-post-22990361 eg-ycpc-hoover-element-31\">Tarifa semanal: \u20ac 46.500\/\u20ac 53.000 sin IVA<\/div>\n<\/div>   <\/div>\n\n<\/li>\n<li id=\"eg-2-post-id-22989685_7243\" class=\"filterall eg-ycpc-hoover-wrapper filter-yacht-charter eg-post-id-22989685\" data-skin=\"ycpc-hoover\" data-eg-order-id=\"24.38\" >\n    <div class=\"esg-media-cover-wrapper\">\n<a href=\"https:\/\/yachtcharterportocervo.com\/es\/yachts\/pershing-80-yate-charter\/\" target=\"_self\"><div class=\"esg-entry-media\" ><img loading=\"lazy\" decoding=\"async\" class=\"esg-entry-media-img\"  src=\"https:\/\/yachtcharterportocervo.com\/wp-content\/uploads\/2024\/03\/Pershing_80_yacht_charter-15.webp\" data-no-lazy=\"1\" alt=\"\" title=\"Pershing_80_yacht_charter 15\" width=\"1024\" height=\"580\"><\/div>\n\n<\/a>                <div class=\"esg-overlay eg-ycpc-hoover-container  esg-transition\" data-duration=\"default\" data-transition=\"esg-fade\"><\/div>\n\n<div class=\"esg-entry-content eg-ycpc-hoover-content\" >\n\t\t\t\t<div class=\"esg-content eg-ycpc-hoover-element-0-a eg-post-22989685 eg-ycpc-hoover-element-0-a\"><a class=\"eg-ycpc-hoover-element-0 eg-post-22989685\" href=\"https:\/\/yachtcharterportocervo.com\/es\/yachts\/pershing-80-yate-charter\/\" target=\"_self\">PERSHING 80'<\/a><\/div>\n              <div class=\"esg-content eg-ycpc-hoover-element-3 esg-none esg-clear esg-line-break\"><\/div>\n\t\t\t\t<div class=\"esg-content eg-ycpc-hoover-element-27 eg-post-22989685 eg-ycpc-hoover-element-27\">Longitud: 24.38 m (80 pies)<\/div>\n              <div class=\"esg-content eg-ycpc-hoover-element-5 esg-none esg-clear esg-line-break\"><\/div>\n\t\t\t\t<div class=\"esg-content eg-ycpc-hoover-element-28 eg-post-22989685 eg-ycpc-hoover-element-28\">Invitados: 12 navegando - 08 durmiendo<\/div>\n              <div class=\"esg-content eg-ycpc-hoover-element-7 esg-none esg-clear esg-line-break\"><\/div>\n\t\t\t\t<div class=\"esg-content eg-ycpc-hoover-element-29 eg-post-22989685 eg-ycpc-hoover-element-29\">Tripulantes: 3<\/div>\n              <div class=\"esg-content eg-ycpc-hoover-element-30 esg-none esg-clear esg-line-break\"><\/div>\n\t\t\t\t<div class=\"esg-content eg-ycpc-hoover-element-31 eg-post-22989685 eg-ycpc-hoover-element-31\">Tarifa semanal: \u20ac 38.000\/\u20ac 44.000 sin IVA<\/div>\n<\/div>   <\/div>\n\n<\/li>\n<li id=\"eg-2-post-id-22991854_484\" class=\"filterall eg-ycpc-hoover-wrapper filter-yacht-charter eg-post-id-22991854\" data-skin=\"ycpc-hoover\" data-eg-order-id=\"23.77\" >\n    <div class=\"esg-media-cover-wrapper\">\n<a href=\"https:\/\/yachtcharterportocervo.com\/es\/yachts\/lagoon-78-yate-charter\/\" target=\"_self\"><div class=\"esg-entry-media\" ><img loading=\"lazy\" decoding=\"async\" class=\"esg-entry-media-img\"  src=\"https:\/\/yachtcharterportocervo.com\/wp-content\/uploads\/2024\/05\/Lagoon_78_yacht_charter-28.webp\" data-no-lazy=\"1\" alt=\"Lagoon_78_yacht_charter 28\" title=\"Lagoon_78_yacht_charter 28\" width=\"1024\" height=\"614\"><\/div>\n\n<\/a>                <div class=\"esg-overlay eg-ycpc-hoover-container  esg-transition\" data-duration=\"default\" data-transition=\"esg-fade\"><\/div>\n\n<div class=\"esg-entry-content eg-ycpc-hoover-content\" >\n\t\t\t\t<div class=\"esg-content eg-ycpc-hoover-element-0-a eg-post-22991854 eg-ycpc-hoover-element-0-a\"><a class=\"eg-ycpc-hoover-element-0 eg-post-22991854\" href=\"https:\/\/yachtcharterportocervo.com\/es\/yachts\/lagoon-78-yate-charter\/\" target=\"_self\">LAGOON 78'<\/a><\/div>\n              <div class=\"esg-content eg-ycpc-hoover-element-3 esg-none esg-clear esg-line-break\"><\/div>\n\t\t\t\t<div class=\"esg-content eg-ycpc-hoover-element-27 eg-post-22991854 eg-ycpc-hoover-element-27\">Longitud: 23.77 m (78 pies)<\/div>\n              <div class=\"esg-content eg-ycpc-hoover-element-5 esg-none esg-clear esg-line-break\"><\/div>\n\t\t\t\t<div class=\"esg-content eg-ycpc-hoover-element-28 eg-post-22991854 eg-ycpc-hoover-element-28\">Invitados: 12 navegando - 08 durmiendo<\/div>\n              <div class=\"esg-content eg-ycpc-hoover-element-7 esg-none esg-clear esg-line-break\"><\/div>\n\t\t\t\t<div class=\"esg-content eg-ycpc-hoover-element-29 eg-post-22991854 eg-ycpc-hoover-element-29\">Tripulantes: 3<\/div>\n              <div class=\"esg-content eg-ycpc-hoover-element-30 esg-none esg-clear esg-line-break\"><\/div>\n\t\t\t\t<div class=\"esg-content eg-ycpc-hoover-element-31 eg-post-22991854 eg-ycpc-hoover-element-31\">Tarifa semanal: \u20ac 80.000\/\u20ac 94.000 IVA Incl.<\/div>\n<\/div>   <\/div>\n\n<\/li>\n<li id=\"eg-2-post-id-1787_9259\" class=\"filterall eg-ycpc-hoover-wrapper filter-yacht-charter eg-post-id-1787\" data-skin=\"ycpc-hoover\" data-eg-order-id=\"23.77\" >\n    <div class=\"esg-media-cover-wrapper\">\n<a href=\"https:\/\/yachtcharterportocervo.com\/es\/yachts\/princess-v-78-yate-charter\/\" target=\"_self\"><div class=\"esg-entry-media\" ><img loading=\"lazy\" decoding=\"async\" class=\"esg-entry-media-img\"  src=\"https:\/\/yachtcharterportocervo.com\/wp-content\/uploads\/2024\/03\/Princess_V78_yacht_charter-5.webp\" data-no-lazy=\"1\" alt=\"\" title=\"Princess_V78_yacht_charter 5\" width=\"1024\" height=\"683\"><\/div>\n\n<\/a>                <div class=\"esg-overlay eg-ycpc-hoover-container  esg-transition\" data-duration=\"default\" data-transition=\"esg-fade\"><\/div>\n\n<div class=\"esg-entry-content eg-ycpc-hoover-content\" >\n\t\t\t\t<div class=\"esg-content eg-ycpc-hoover-element-0-a eg-post-1787 eg-ycpc-hoover-element-0-a\"><a class=\"eg-ycpc-hoover-element-0 eg-post-1787\" href=\"https:\/\/yachtcharterportocervo.com\/es\/yachts\/princess-v-78-yate-charter\/\" target=\"_self\">PRINCESS V 78'<\/a><\/div>\n              <div class=\"esg-content eg-ycpc-hoover-element-3 esg-none esg-clear esg-line-break\"><\/div>\n\t\t\t\t<div class=\"esg-content eg-ycpc-hoover-element-27 eg-post-1787 eg-ycpc-hoover-element-27\">Longitud: 23.77 m (78 pies)<\/div>\n              <div class=\"esg-content eg-ycpc-hoover-element-5 esg-none esg-clear esg-line-break\"><\/div>\n\t\t\t\t<div class=\"esg-content eg-ycpc-hoover-element-28 eg-post-1787 eg-ycpc-hoover-element-28\">Invitados: 12 navegando - 08 durmiendo<\/div>\n              <div class=\"esg-content eg-ycpc-hoover-element-7 esg-none esg-clear esg-line-break\"><\/div>\n\t\t\t\t<div class=\"esg-content eg-ycpc-hoover-element-29 eg-post-1787 eg-ycpc-hoover-element-29\">Tripulantes: 3<\/div>\n              <div class=\"esg-content eg-ycpc-hoover-element-30 esg-none esg-clear esg-line-break\"><\/div>\n\t\t\t\t<div class=\"esg-content eg-ycpc-hoover-element-31 eg-post-1787 eg-ycpc-hoover-element-31\">Tarifa semanal: \u20ac 38.000\/\u20ac 44.000 sin IVA<\/div>\n<\/div>   <\/div>\n\n<\/li>\n<li id=\"eg-2-post-id-22990423_8164\" class=\"filterall eg-ycpc-hoover-wrapper filter-yacht-charter eg-post-id-22990423\" data-skin=\"ycpc-hoover\" data-eg-order-id=\"23.16\" >\n    <div class=\"esg-media-cover-wrapper\">\n<a href=\"https:\/\/yachtcharterportocervo.com\/es\/yachts\/pershing-76-yate-charter\/\" target=\"_self\"><div class=\"esg-entry-media\" ><img loading=\"lazy\" decoding=\"async\" class=\"esg-entry-media-img\"  src=\"https:\/\/yachtcharterportocervo.com\/wp-content\/uploads\/2024\/04\/Pershing_76_yacht_charter-5.webp\" data-no-lazy=\"1\" alt=\"Pershing_76_yacht_charter 5\" title=\"Pershing_76_yacht_charter 5\" width=\"1280\" height=\"960\"><\/div>\n\n<\/a>                <div class=\"esg-overlay eg-ycpc-hoover-container  esg-transition\" data-duration=\"default\" data-transition=\"esg-fade\"><\/div>\n\n<div class=\"esg-entry-content eg-ycpc-hoover-content\" >\n\t\t\t\t<div class=\"esg-content eg-ycpc-hoover-element-0-a eg-post-22990423 eg-ycpc-hoover-element-0-a\"><a class=\"eg-ycpc-hoover-element-0 eg-post-22990423\" href=\"https:\/\/yachtcharterportocervo.com\/es\/yachts\/pershing-76-yate-charter\/\" target=\"_self\">PERSHING 76'<\/a><\/div>\n              <div class=\"esg-content eg-ycpc-hoover-element-3 esg-none esg-clear esg-line-break\"><\/div>\n\t\t\t\t<div class=\"esg-content eg-ycpc-hoover-element-27 eg-post-22990423 eg-ycpc-hoover-element-27\">Longitud: 23.16 m (76 pies)<\/div>\n              <div class=\"esg-content eg-ycpc-hoover-element-5 esg-none esg-clear esg-line-break\"><\/div>\n\t\t\t\t<div class=\"esg-content eg-ycpc-hoover-element-28 eg-post-22990423 eg-ycpc-hoover-element-28\">Invitados: 12 navegando - 08 durmiendo<\/div>\n              <div class=\"esg-content eg-ycpc-hoover-element-7 esg-none esg-clear esg-line-break\"><\/div>\n\t\t\t\t<div class=\"esg-content eg-ycpc-hoover-element-29 eg-post-22990423 eg-ycpc-hoover-element-29\">Tripulantes: 2<\/div>\n              <div class=\"esg-content eg-ycpc-hoover-element-30 esg-none esg-clear esg-line-break\"><\/div>\n\t\t\t\t<div class=\"esg-content eg-ycpc-hoover-element-31 eg-post-22990423 eg-ycpc-hoover-element-31\">Tarifa semanal: \u20ac 32.000\/\u20ac 45.000 IVA incl.<\/div>\n<\/div>   <\/div>\n\n<\/li>\n<li id=\"eg-2-post-id-1555_6744\" class=\"filterall eg-ycpc-hoover-wrapper filter-yacht-charter eg-post-id-1555\" data-skin=\"ycpc-hoover\" data-eg-order-id=\"23.16\" >\n    <div class=\"esg-media-cover-wrapper\">\n<a href=\"https:\/\/yachtcharterportocervo.com\/es\/yachts\/jaguar-76-yate-charter\/\" target=\"_self\"><div class=\"esg-entry-media\" ><img loading=\"lazy\" decoding=\"async\" class=\"esg-entry-media-img\"  src=\"https:\/\/yachtcharterportocervo.com\/wp-content\/uploads\/2024\/04\/Jaguar-76-yacht-charter_1.webp\" data-no-lazy=\"1\" alt=\"\" title=\"Jaguar 76 yacht charter_1\" width=\"1024\" height=\"425\"><\/div>\n\n<\/a>                <div class=\"esg-overlay eg-ycpc-hoover-container  esg-transition\" data-duration=\"default\" data-transition=\"esg-fade\"><\/div>\n\n<div class=\"esg-entry-content eg-ycpc-hoover-content\" >\n\t\t\t\t<div class=\"esg-content eg-ycpc-hoover-element-0-a eg-post-1555 eg-ycpc-hoover-element-0-a\"><a class=\"eg-ycpc-hoover-element-0 eg-post-1555\" href=\"https:\/\/yachtcharterportocervo.com\/es\/yachts\/jaguar-76-yate-charter\/\" target=\"_self\">JAGUAR 76'<\/a><\/div>\n              <div class=\"esg-content eg-ycpc-hoover-element-3 esg-none esg-clear esg-line-break\"><\/div>\n\t\t\t\t<div class=\"esg-content eg-ycpc-hoover-element-27 eg-post-1555 eg-ycpc-hoover-element-27\">Longitud: 23.16 m (76 pies)<\/div>\n              <div class=\"esg-content eg-ycpc-hoover-element-5 esg-none esg-clear esg-line-break\"><\/div>\n\t\t\t\t<div class=\"esg-content eg-ycpc-hoover-element-28 eg-post-1555 eg-ycpc-hoover-element-28\">Invitados: 12 navegando - 08 durmiendo<\/div>\n              <div class=\"esg-content eg-ycpc-hoover-element-7 esg-none esg-clear esg-line-break\"><\/div>\n\t\t\t\t<div class=\"esg-content eg-ycpc-hoover-element-29 eg-post-1555 eg-ycpc-hoover-element-29\">Tripulantes: 3<\/div>\n              <div class=\"esg-content eg-ycpc-hoover-element-30 esg-none esg-clear esg-line-break\"><\/div>\n\t\t\t\t<div class=\"esg-content eg-ycpc-hoover-element-31 eg-post-1555 eg-ycpc-hoover-element-31\">Tarifa semanal: \u20ac 29.400\/\u20ac 47.400 IVA Incl.<\/div>\n<\/div>   <\/div>\n\n<\/li>\n<li id=\"eg-2-post-id-1514_8680\" class=\"filterall eg-ycpc-hoover-wrapper filter-yacht-charter eg-post-id-1514\" data-skin=\"ycpc-hoover\" data-eg-order-id=\"22.86\" >\n    <div class=\"esg-media-cover-wrapper\">\n<a href=\"https:\/\/yachtcharterportocervo.com\/es\/yachts\/cayman-75-yate-charter\/\" target=\"_self\"><div class=\"esg-entry-media\" ><img loading=\"lazy\" decoding=\"async\" class=\"esg-entry-media-img\"  src=\"https:\/\/yachtcharterportocervo.com\/wp-content\/uploads\/2024\/03\/Cayman-75.webp\" data-no-lazy=\"1\" alt=\"Cayman 75\" title=\"Cayman 75\" width=\"1024\" height=\"768\"><\/div>\n\n<\/a>                <div class=\"esg-overlay eg-ycpc-hoover-container  esg-transition\" data-duration=\"default\" data-transition=\"esg-fade\"><\/div>\n\n<div class=\"esg-entry-content eg-ycpc-hoover-content\" >\n\t\t\t\t<div class=\"esg-content eg-ycpc-hoover-element-0-a eg-post-1514 eg-ycpc-hoover-element-0-a\"><a class=\"eg-ycpc-hoover-element-0 eg-post-1514\" href=\"https:\/\/yachtcharterportocervo.com\/es\/yachts\/cayman-75-yate-charter\/\" target=\"_self\">CAYMAN 75'<\/a><\/div>\n              <div class=\"esg-content eg-ycpc-hoover-element-3 esg-none esg-clear esg-line-break\"><\/div>\n\t\t\t\t<div class=\"esg-content eg-ycpc-hoover-element-27 eg-post-1514 eg-ycpc-hoover-element-27\">Longitud: 22.86 m (75 pies)<\/div>\n              <div class=\"esg-content eg-ycpc-hoover-element-5 esg-none esg-clear esg-line-break\"><\/div>\n\t\t\t\t<div class=\"esg-content eg-ycpc-hoover-element-28 eg-post-1514 eg-ycpc-hoover-element-28\">Invitados: 12 navegando - 06 durmiendo<\/div>\n              <div class=\"esg-content eg-ycpc-hoover-element-7 esg-none esg-clear esg-line-break\"><\/div>\n\t\t\t\t<div class=\"esg-content eg-ycpc-hoover-element-29 eg-post-1514 eg-ycpc-hoover-element-29\">Tripulantes: 3<\/div>\n              <div class=\"esg-content eg-ycpc-hoover-element-30 esg-none esg-clear esg-line-break\"><\/div>\n\t\t\t\t<div class=\"esg-content eg-ycpc-hoover-element-31 eg-post-1514 eg-ycpc-hoover-element-31\">Tarifa semanal: \u20ac 17.400\/\u20ac 47.400 IVA Incl.<\/div>\n<\/div>   <\/div>\n\n<\/li>\n<li id=\"eg-2-post-id-1622_6246\" class=\"filterall eg-ycpc-hoover-wrapper filter-yacht-charter eg-post-id-1622\" data-skin=\"ycpc-hoover\" data-eg-order-id=\"21.95\" >\n    <div class=\"esg-media-cover-wrapper\">\n<a href=\"https:\/\/yachtcharterportocervo.com\/es\/yachts\/grand-soleil-72-yate-charter\/\" target=\"_self\"><div class=\"esg-entry-media\" ><img loading=\"lazy\" decoding=\"async\" class=\"esg-entry-media-img\"  src=\"https:\/\/yachtcharterportocervo.com\/wp-content\/uploads\/2024\/03\/Gran-Soleil-72.webp\" data-no-lazy=\"1\" alt=\"Gran Soleil 72\" title=\"Gran Soleil 72\" width=\"1024\" height=\"768\"><\/div>\n\n<\/a>                <div class=\"esg-overlay eg-ycpc-hoover-container  esg-transition\" data-duration=\"default\" data-transition=\"esg-fade\"><\/div>\n\n<div class=\"esg-entry-content eg-ycpc-hoover-content\" >\n\t\t\t\t<div class=\"esg-content eg-ycpc-hoover-element-0-a eg-post-1622 eg-ycpc-hoover-element-0-a\"><a class=\"eg-ycpc-hoover-element-0 eg-post-1622\" href=\"https:\/\/yachtcharterportocervo.com\/es\/yachts\/grand-soleil-72-yate-charter\/\" target=\"_self\">Gran Soleil 72'<\/a><\/div>\n              <div class=\"esg-content eg-ycpc-hoover-element-3 esg-none esg-clear esg-line-break\"><\/div>\n\t\t\t\t<div class=\"esg-content eg-ycpc-hoover-element-27 eg-post-1622 eg-ycpc-hoover-element-27\">Longitud: 21.95 m (72 pies)<\/div>\n              <div class=\"esg-content eg-ycpc-hoover-element-5 esg-none esg-clear esg-line-break\"><\/div>\n\t\t\t\t<div class=\"esg-content eg-ycpc-hoover-element-28 eg-post-1622 eg-ycpc-hoover-element-28\">Invitados: 10 navegando - 06 durmiendo<\/div>\n              <div class=\"esg-content eg-ycpc-hoover-element-7 esg-none esg-clear esg-line-break\"><\/div>\n\t\t\t\t<div class=\"esg-content eg-ycpc-hoover-element-29 eg-post-1622 eg-ycpc-hoover-element-29\">Tripulantes: 2<\/div>\n              <div class=\"esg-content eg-ycpc-hoover-element-30 esg-none esg-clear esg-line-break\"><\/div>\n\t\t\t\t<div class=\"esg-content eg-ycpc-hoover-element-31 eg-post-1622 eg-ycpc-hoover-element-31\">Tarifa semanal: \u20ac 25.000\/\u20ac 35.000 IVA Incl.<\/div>\n<\/div>   <\/div>\n\n<\/li>\n<li id=\"eg-2-post-id-22989334_1561\" class=\"filterall eg-ycpc-hoover-wrapper filter-yacht-charter eg-post-id-22989334\" data-skin=\"ycpc-hoover\" data-eg-order-id=\"21.39\" >\n    <div class=\"esg-media-cover-wrapper\">\n<a href=\"https:\/\/yachtcharterportocervo.com\/es\/yachts\/maiora-20-yate-charter\/\" target=\"_self\"><div class=\"esg-entry-media\" ><img loading=\"lazy\" decoding=\"async\" class=\"esg-entry-media-img\"  src=\"https:\/\/yachtcharterportocervo.com\/wp-content\/uploads\/2024\/03\/Maiora_20_yacht_charter-1-1.webp\" data-no-lazy=\"1\" alt=\"Maiora_20_yacht_charter 1\" title=\"Maiora_20_yacht_charter 1\" width=\"1024\" height=\"645\"><\/div>\n\n<\/a>                <div class=\"esg-overlay eg-ycpc-hoover-container  esg-transition\" data-duration=\"default\" data-transition=\"esg-fade\"><\/div>\n\n<div class=\"esg-entry-content eg-ycpc-hoover-content\" >\n\t\t\t\t<div class=\"esg-content eg-ycpc-hoover-element-0-a eg-post-22989334 eg-ycpc-hoover-element-0-a\"><a class=\"eg-ycpc-hoover-element-0 eg-post-22989334\" href=\"https:\/\/yachtcharterportocervo.com\/es\/yachts\/maiora-20-yate-charter\/\" target=\"_self\">MAIORA 20S<\/a><\/div>\n              <div class=\"esg-content eg-ycpc-hoover-element-3 esg-none esg-clear esg-line-break\"><\/div>\n\t\t\t\t<div class=\"esg-content eg-ycpc-hoover-element-27 eg-post-22989334 eg-ycpc-hoover-element-27\">Longitud: 21.39 m (70.17 pies)<\/div>\n              <div class=\"esg-content eg-ycpc-hoover-element-5 esg-none esg-clear esg-line-break\"><\/div>\n\t\t\t\t<div class=\"esg-content eg-ycpc-hoover-element-28 eg-post-22989334 eg-ycpc-hoover-element-28\">Invitados: 12 navegando - 06 durmiendo<\/div>\n              <div class=\"esg-content eg-ycpc-hoover-element-7 esg-none esg-clear esg-line-break\"><\/div>\n\t\t\t\t<div class=\"esg-content eg-ycpc-hoover-element-29 eg-post-22989334 eg-ycpc-hoover-element-29\">Tripulantes: 3<\/div>\n              <div class=\"esg-content eg-ycpc-hoover-element-30 esg-none esg-clear esg-line-break\"><\/div>\n\t\t\t\t<div class=\"esg-content eg-ycpc-hoover-element-31 eg-post-22989334 eg-ycpc-hoover-element-31\">Tarifa semanal: \u20ac 26.500\/\u20ac 30.000 sin IVA<\/div>\n<\/div>   <\/div>\n\n<\/li>\n<li id=\"eg-2-post-id-22994533_7467\" class=\"filterall eg-ycpc-hoover-wrapper filter-yacht-charter eg-post-id-22994533\" data-skin=\"ycpc-hoover\" data-eg-order-id=\"21.07 \" >\n    <div class=\"esg-media-cover-wrapper\">\n<a href=\"https:\/\/yachtcharterportocervo.com\/es\/yachts\/cranchi-60-st-yate-charter\/\" target=\"_self\"><div class=\"esg-entry-media\" ><img loading=\"lazy\" decoding=\"async\" class=\"esg-entry-media-img\"  src=\"https:\/\/yachtcharterportocervo.com\/wp-content\/uploads\/2025\/06\/Azimut_68S_Yacht_Charter_Porto_Cervo_Sardinia.webp\" data-no-lazy=\"1\" alt=\"Azimut 68S\" title=\"Azimut_68S_Yacht_Charter_Porto_Cervo_Sardinia\" width=\"1920\" height=\"1113\"><\/div>\n\n<\/a>                <div class=\"esg-overlay eg-ycpc-hoover-container  esg-transition\" data-duration=\"default\" data-transition=\"esg-fade\"><\/div>\n\n<div class=\"esg-entry-content eg-ycpc-hoover-content\" >\n\t\t\t\t<div class=\"esg-content eg-ycpc-hoover-element-0-a eg-post-22994533 eg-ycpc-hoover-element-0-a\"><a class=\"eg-ycpc-hoover-element-0 eg-post-22994533\" href=\"https:\/\/yachtcharterportocervo.com\/es\/yachts\/cranchi-60-st-yate-charter\/\" target=\"_self\">AZIMUT 68S<\/a><\/div>\n              <div class=\"esg-content eg-ycpc-hoover-element-3 esg-none esg-clear esg-line-break\"><\/div>\n\t\t\t\t<div class=\"esg-content eg-ycpc-hoover-element-27 eg-post-22994533 eg-ycpc-hoover-element-27\">Longitud: 21.07 m (68 ft)<\/div>\n              <div class=\"esg-content eg-ycpc-hoover-element-5 esg-none esg-clear esg-line-break\"><\/div>\n\t\t\t\t<div class=\"esg-content eg-ycpc-hoover-element-28 eg-post-22994533 eg-ycpc-hoover-element-28\">Invitados: 12 navegando<\/div>\n              <div class=\"esg-content eg-ycpc-hoover-element-7 esg-none esg-clear esg-line-break\"><\/div>\n\t\t\t\t<div class=\"esg-content eg-ycpc-hoover-element-29 eg-post-22994533 eg-ycpc-hoover-element-29\">Tripulantes: 2<\/div>\n              <div class=\"esg-content eg-ycpc-hoover-element-30 esg-none esg-clear esg-line-break\"><\/div>\n\t\t\t\t<div class=\"esg-content eg-ycpc-hoover-element-31 eg-post-22994533 eg-ycpc-hoover-element-31\">Tarifa Semanal: \u20ac 5.150\/\u20ac 6.700 IVA incl.<\/div>\n<\/div>   <\/div>\n\n<\/li>\n<li id=\"eg-2-post-id-1581_1949\" class=\"filterall eg-ycpc-hoover-wrapper filter-yacht-charter eg-post-id-1581\" data-skin=\"ycpc-hoover\" data-eg-order-id=\"20.73\" >\n    <div class=\"esg-media-cover-wrapper\">\n<a href=\"https:\/\/yachtcharterportocervo.com\/es\/yachts\/ab-68-yate-charter\/\" target=\"_self\"><div class=\"esg-entry-media\" ><img loading=\"lazy\" decoding=\"async\" class=\"esg-entry-media-img\"  src=\"https:\/\/yachtcharterportocervo.com\/wp-content\/uploads\/2024\/03\/AB_68_yacht_charter-4-1.webp\" data-no-lazy=\"1\" alt=\"AB_68_yacht_charter 4\" title=\"AB_68_yacht_charter 4\" width=\"1024\" height=\"566\"><\/div>\n\n<\/a>                <div class=\"esg-overlay eg-ycpc-hoover-container  esg-transition\" data-duration=\"default\" data-transition=\"esg-fade\"><\/div>\n\n<div class=\"esg-entry-content eg-ycpc-hoover-content\" >\n\t\t\t\t<div class=\"esg-content eg-ycpc-hoover-element-0-a eg-post-1581 eg-ycpc-hoover-element-0-a\"><a class=\"eg-ycpc-hoover-element-0 eg-post-1581\" href=\"https:\/\/yachtcharterportocervo.com\/es\/yachts\/ab-68-yate-charter\/\" target=\"_self\">AB 68'<\/a><\/div>\n              <div class=\"esg-content eg-ycpc-hoover-element-3 esg-none esg-clear esg-line-break\"><\/div>\n\t\t\t\t<div class=\"esg-content eg-ycpc-hoover-element-27 eg-post-1581 eg-ycpc-hoover-element-27\">Longitud: 20.73 m (68 pies)<\/div>\n              <div class=\"esg-content eg-ycpc-hoover-element-5 esg-none esg-clear esg-line-break\"><\/div>\n\t\t\t\t<div class=\"esg-content eg-ycpc-hoover-element-28 eg-post-1581 eg-ycpc-hoover-element-28\">Invitados: 12 navegando - 06 durmiendo<\/div>\n              <div class=\"esg-content eg-ycpc-hoover-element-7 esg-none esg-clear esg-line-break\"><\/div>\n\t\t\t\t<div class=\"esg-content eg-ycpc-hoover-element-29 eg-post-1581 eg-ycpc-hoover-element-29\">Tripulantes: 2<\/div>\n              <div class=\"esg-content eg-ycpc-hoover-element-30 esg-none esg-clear esg-line-break\"><\/div>\n\t\t\t\t<div class=\"esg-content eg-ycpc-hoover-element-31 eg-post-1581 eg-ycpc-hoover-element-31\">Tarifa diaria: \u20ac 3.500\/\u20ac 5.000 IVA Incl.<\/div>\n<\/div>   <\/div>\n\n<\/li>\n<li id=\"eg-2-post-id-22992824_9948\" class=\"filterall eg-ycpc-hoover-wrapper filter-yacht-charter eg-post-id-22992824\" data-skin=\"ycpc-hoover\" data-eg-order-id=\"20.73\" >\n    <div class=\"esg-media-cover-wrapper\">\n<a href=\"https:\/\/yachtcharterportocervo.com\/es\/yachts\/riva-ego-super-68-yate-charter\/\" target=\"_self\"><div class=\"esg-entry-media\" ><img loading=\"lazy\" decoding=\"async\" class=\"esg-entry-media-img\"  src=\"https:\/\/yachtcharterportocervo.com\/wp-content\/uploads\/2024\/06\/Riva_Ego_Super_68_Yacht_Charter-14.webp\" data-no-lazy=\"1\" alt=\"Riva_Ego_Super_68_Yacht_Charter 14\" title=\"Riva_Ego_Super_68_Yacht_Charter 14\" width=\"1024\" height=\"701\"><\/div>\n\n<\/a>                <div class=\"esg-overlay eg-ycpc-hoover-container  esg-transition\" data-duration=\"default\" data-transition=\"esg-fade\"><\/div>\n\n<div class=\"esg-entry-content eg-ycpc-hoover-content\" >\n\t\t\t\t<div class=\"esg-content eg-ycpc-hoover-element-0-a eg-post-22992824 eg-ycpc-hoover-element-0-a\"><a class=\"eg-ycpc-hoover-element-0 eg-post-22992824\" href=\"https:\/\/yachtcharterportocervo.com\/es\/yachts\/riva-ego-super-68-yate-charter\/\" target=\"_self\">RIVA EGO SUPER 68'<\/a><\/div>\n              <div class=\"esg-content eg-ycpc-hoover-element-3 esg-none esg-clear esg-line-break\"><\/div>\n\t\t\t\t<div class=\"esg-content eg-ycpc-hoover-element-27 eg-post-22992824 eg-ycpc-hoover-element-27\">Longitud: 20.73 m (68 pies)<\/div>\n              <div class=\"esg-content eg-ycpc-hoover-element-5 esg-none esg-clear esg-line-break\"><\/div>\n\t\t\t\t<div class=\"esg-content eg-ycpc-hoover-element-28 eg-post-22992824 eg-ycpc-hoover-element-28\">Invitados: 10 navegando<\/div>\n              <div class=\"esg-content eg-ycpc-hoover-element-7 esg-none esg-clear esg-line-break\"><\/div>\n\t\t\t\t<div class=\"esg-content eg-ycpc-hoover-element-29 eg-post-22992824 eg-ycpc-hoover-element-29\">Tripulantes: 2<\/div>\n              <div class=\"esg-content eg-ycpc-hoover-element-30 esg-none esg-clear esg-line-break\"><\/div>\n\t\t\t\t<div class=\"esg-content eg-ycpc-hoover-element-31 eg-post-22992824 eg-ycpc-hoover-element-31\">Tarifa diaria: \u20ac 5.000\/\u20ac 6.000 IVA Incl.<\/div>\n<\/div>   <\/div>\n\n<\/li>\n<li id=\"eg-2-post-id-22989994_46\" class=\"filterall eg-ycpc-hoover-wrapper filter-yacht-charter eg-post-id-22989994\" data-skin=\"ycpc-hoover\" data-eg-order-id=\"19.81\" >\n    <div class=\"esg-media-cover-wrapper\">\n<a href=\"https:\/\/yachtcharterportocervo.com\/es\/yachts\/sarnico-65-yate-charter\/\" target=\"_self\"><div class=\"esg-entry-media\" ><img loading=\"lazy\" decoding=\"async\" class=\"esg-entry-media-img\"  src=\"https:\/\/yachtcharterportocervo.com\/wp-content\/uploads\/2026\/02\/Sarnico-65-rear-aerial-view-charter.webp\" data-no-lazy=\"1\" alt=\"Sarnico 65 rear aerial view for luxury charter in Porto Cervo, Costa Smeralda, Sardinia\" title=\"Sarnico-65-rear-aerial-view-charter\" width=\"1920\" height=\"1079\"><\/div>\n\n<\/a>                <div class=\"esg-overlay eg-ycpc-hoover-container  esg-transition\" data-duration=\"default\" data-transition=\"esg-fade\"><\/div>\n\n<div class=\"esg-entry-content eg-ycpc-hoover-content\" >\n\t\t\t\t<div class=\"esg-content eg-ycpc-hoover-element-0-a eg-post-22989994 eg-ycpc-hoover-element-0-a\"><a class=\"eg-ycpc-hoover-element-0 eg-post-22989994\" href=\"https:\/\/yachtcharterportocervo.com\/es\/yachts\/sarnico-65-yate-charter\/\" target=\"_self\">SARNICO 65'<\/a><\/div>\n              <div class=\"esg-content eg-ycpc-hoover-element-3 esg-none esg-clear esg-line-break\"><\/div>\n\t\t\t\t<div class=\"esg-content eg-ycpc-hoover-element-27 eg-post-22989994 eg-ycpc-hoover-element-27\">Longitud: 19.81 m (65 pies)<\/div>\n              <div class=\"esg-content eg-ycpc-hoover-element-5 esg-none esg-clear esg-line-break\"><\/div>\n\t\t\t\t<div class=\"esg-content eg-ycpc-hoover-element-28 eg-post-22989994 eg-ycpc-hoover-element-28\">Invitados: 12 Navegando - 4 Durmiendo<\/div>\n              <div class=\"esg-content eg-ycpc-hoover-element-7 esg-none esg-clear esg-line-break\"><\/div>\n\t\t\t\t<div class=\"esg-content eg-ycpc-hoover-element-29 eg-post-22989994 eg-ycpc-hoover-element-29\">Tripulantes: 2<\/div>\n              <div class=\"esg-content eg-ycpc-hoover-element-30 esg-none esg-clear esg-line-break\"><\/div>\n\t\t\t\t<div class=\"esg-content eg-ycpc-hoover-element-31 eg-post-22989994 eg-ycpc-hoover-element-31\">Tarifa Diaria: \u20ac 4.500\/\u20ac 6.500 IVA Incl.<\/div>\n<\/div>   <\/div>\n\n<\/li>\n<li id=\"eg-2-post-id-22990620_5196\" class=\"filterall eg-ycpc-hoover-wrapper filter-yacht-charter eg-post-id-22990620\" data-skin=\"ycpc-hoover\" data-eg-order-id=\"19.20\" >\n    <div class=\"esg-media-cover-wrapper\">\n<a href=\"https:\/\/yachtcharterportocervo.com\/es\/yachts\/riva-virtus-63-yate-charter\/\" target=\"_self\"><div class=\"esg-entry-media\" ><img loading=\"lazy\" decoding=\"async\" class=\"esg-entry-media-img\"  src=\"https:\/\/yachtcharterportocervo.com\/wp-content\/uploads\/2024\/04\/Riva_Virtus_63_yacht_charter-1.webp\" data-no-lazy=\"1\" alt=\"\" title=\"Riva_Virtus_63_yacht_charter 1\" width=\"1024\" height=\"576\"><\/div>\n\n<\/a>                <div class=\"esg-overlay eg-ycpc-hoover-container  esg-transition\" data-duration=\"default\" data-transition=\"esg-fade\"><\/div>\n\n<div class=\"esg-entry-content eg-ycpc-hoover-content\" >\n\t\t\t\t<div class=\"esg-content eg-ycpc-hoover-element-0-a eg-post-22990620 eg-ycpc-hoover-element-0-a\"><a class=\"eg-ycpc-hoover-element-0 eg-post-22990620\" href=\"https:\/\/yachtcharterportocervo.com\/es\/yachts\/riva-virtus-63-yate-charter\/\" target=\"_self\">RIVA VIRTUS 63'<\/a><\/div>\n              <div class=\"esg-content eg-ycpc-hoover-element-3 esg-none esg-clear esg-line-break\"><\/div>\n\t\t\t\t<div class=\"esg-content eg-ycpc-hoover-element-27 eg-post-22990620 eg-ycpc-hoover-element-27\">Longitud: 19.20 m (63 pies)<\/div>\n              <div class=\"esg-content eg-ycpc-hoover-element-5 esg-none esg-clear esg-line-break\"><\/div>\n\t\t\t\t<div class=\"esg-content eg-ycpc-hoover-element-28 eg-post-22990620 eg-ycpc-hoover-element-28\">Invitados: 10 navegando - 04 durmiendo<\/div>\n              <div class=\"esg-content eg-ycpc-hoover-element-7 esg-none esg-clear esg-line-break\"><\/div>\n\t\t\t\t<div class=\"esg-content eg-ycpc-hoover-element-29 eg-post-22990620 eg-ycpc-hoover-element-29\">Tripulantes: 2<\/div>\n              <div class=\"esg-content eg-ycpc-hoover-element-30 esg-none esg-clear esg-line-break\"><\/div>\n\t\t\t\t<div class=\"esg-content eg-ycpc-hoover-element-31 eg-post-22990620 eg-ycpc-hoover-element-31\">Tarifa diaria: \u20ac 5.300\/\u20ac 5.900 IVA Incl.<\/div>\n<\/div>   <\/div>\n\n<\/li>\n<li id=\"eg-2-post-id-22992946_9252\" class=\"filterall eg-ycpc-hoover-wrapper filter-yacht-charter eg-post-id-22992946\" data-skin=\"ycpc-hoover\" data-eg-order-id=\"18.9\" >\n    <div class=\"esg-media-cover-wrapper\">\n<a href=\"https:\/\/yachtcharterportocervo.com\/es\/yachts\/azimut-62s-yate-charter\/\" target=\"_self\"><div class=\"esg-entry-media\" ><img loading=\"lazy\" decoding=\"async\" class=\"esg-entry-media-img\"  src=\"https:\/\/yachtcharterportocervo.com\/wp-content\/uploads\/2024\/06\/Azimut_62S_yacht_charter-10_1.webp\" data-no-lazy=\"1\" alt=\"Azimut_62S_yacht_charter 10_1\" title=\"Azimut_62S_yacht_charter 10_1\" width=\"1280\" height=\"719\"><\/div>\n\n<\/a>                <div class=\"esg-overlay eg-ycpc-hoover-container  esg-transition\" data-duration=\"default\" data-transition=\"esg-fade\"><\/div>\n\n<div class=\"esg-entry-content eg-ycpc-hoover-content\" >\n\t\t\t\t<div class=\"esg-content eg-ycpc-hoover-element-0-a eg-post-22992946 eg-ycpc-hoover-element-0-a\"><a class=\"eg-ycpc-hoover-element-0 eg-post-22992946\" href=\"https:\/\/yachtcharterportocervo.com\/es\/yachts\/azimut-62s-yate-charter\/\" target=\"_self\">AZIMUT 62S<\/a><\/div>\n              <div class=\"esg-content eg-ycpc-hoover-element-3 esg-none esg-clear esg-line-break\"><\/div>\n\t\t\t\t<div class=\"esg-content eg-ycpc-hoover-element-27 eg-post-22992946 eg-ycpc-hoover-element-27\">Longitud: 18.9 m (62 pies)<\/div>\n              <div class=\"esg-content eg-ycpc-hoover-element-5 esg-none esg-clear esg-line-break\"><\/div>\n\t\t\t\t<div class=\"esg-content eg-ycpc-hoover-element-28 eg-post-22992946 eg-ycpc-hoover-element-28\">Invitados: 08 navegando<\/div>\n              <div class=\"esg-content eg-ycpc-hoover-element-7 esg-none esg-clear esg-line-break\"><\/div>\n\t\t\t\t<div class=\"esg-content eg-ycpc-hoover-element-29 eg-post-22992946 eg-ycpc-hoover-element-29\">Tripulantes: 2<\/div>\n              <div class=\"esg-content eg-ycpc-hoover-element-30 esg-none esg-clear esg-line-break\"><\/div>\n\t\t\t\t<div class=\"esg-content eg-ycpc-hoover-element-31 eg-post-22992946 eg-ycpc-hoover-element-31\">Tarifa diaria: \u20ac 2.900\/\u20ac 4.100 IVA incl.<\/div>\n<\/div>   <\/div>\n\n<\/li>\n<li id=\"eg-2-post-id-1303_2707\" class=\"filterall eg-ycpc-hoover-wrapper filter-yacht-charter eg-post-id-1303\" data-skin=\"ycpc-hoover\" data-eg-order-id=\"18.28\" >\n    <div class=\"esg-media-cover-wrapper\">\n<a href=\"https:\/\/yachtcharterportocervo.com\/es\/yachts\/apex-60-yate-charter\/\" target=\"_self\"><div class=\"esg-entry-media\" ><img loading=\"lazy\" decoding=\"async\" class=\"esg-entry-media-img\"  src=\"https:\/\/yachtcharterportocervo.com\/wp-content\/uploads\/2024\/03\/Apex-60.webp\" data-no-lazy=\"1\" alt=\"Apex 60\" title=\"Apex 60\" width=\"1024\" height=\"768\"><\/div>\n\n<\/a>                <div class=\"esg-overlay eg-ycpc-hoover-container  esg-transition\" data-duration=\"default\" data-transition=\"esg-fade\"><\/div>\n\n<div class=\"esg-entry-content eg-ycpc-hoover-content\" >\n\t\t\t\t<div class=\"esg-content eg-ycpc-hoover-element-0-a eg-post-1303 eg-ycpc-hoover-element-0-a\"><a class=\"eg-ycpc-hoover-element-0 eg-post-1303\" href=\"https:\/\/yachtcharterportocervo.com\/es\/yachts\/apex-60-yate-charter\/\" target=\"_self\">Apex 60'<\/a><\/div>\n              <div class=\"esg-content eg-ycpc-hoover-element-3 esg-none esg-clear esg-line-break\"><\/div>\n\t\t\t\t<div class=\"esg-content eg-ycpc-hoover-element-27 eg-post-1303 eg-ycpc-hoover-element-27\">Longitud: 18.28 m (60 pies)<\/div>\n              <div class=\"esg-content eg-ycpc-hoover-element-5 esg-none esg-clear esg-line-break\"><\/div>\n\t\t\t\t<div class=\"esg-content eg-ycpc-hoover-element-28 eg-post-1303 eg-ycpc-hoover-element-28\">Invitados: 10 navegando - 02 durmiendo<\/div>\n              <div class=\"esg-content eg-ycpc-hoover-element-7 esg-none esg-clear esg-line-break\"><\/div>\n\t\t\t\t<div class=\"esg-content eg-ycpc-hoover-element-29 eg-post-1303 eg-ycpc-hoover-element-29\">Tripulantes: 2<\/div>\n              <div class=\"esg-content eg-ycpc-hoover-element-30 esg-none esg-clear esg-line-break\"><\/div>\n\t\t\t\t<div class=\"esg-content eg-ycpc-hoover-element-31 eg-post-1303 eg-ycpc-hoover-element-31\">Tarifa Diaria: \u20ac 4.500\/\u20ac 6.000 IVA Incl.<\/div>\n<\/div>   <\/div>\n\n<\/li>\n<li id=\"eg-2-post-id-22990892_8160\" class=\"filterall eg-ycpc-hoover-wrapper filter-yacht-charter eg-post-id-22990892\" data-skin=\"ycpc-hoover\" data-eg-order-id=\"18.28 \" >\n    <div class=\"esg-media-cover-wrapper\">\n<a href=\"https:\/\/yachtcharterportocervo.com\/es\/yachts\/cranchi-60-st-yate-charter\/\" target=\"_self\"><div class=\"esg-entry-media\" ><img loading=\"lazy\" decoding=\"async\" class=\"esg-entry-media-img\"  src=\"https:\/\/yachtcharterportocervo.com\/wp-content\/uploads\/2024\/04\/Cranchi_60__ST_yacht_charter-5.webp\" data-no-lazy=\"1\" alt=\"Cranchi_60__ST_yacht_charter 5\" title=\"Cranchi_60__ST_yacht_charter 5\" width=\"1024\" height=\"683\"><\/div>\n\n<\/a>                <div class=\"esg-overlay eg-ycpc-hoover-container  esg-transition\" data-duration=\"default\" data-transition=\"esg-fade\"><\/div>\n\n<div class=\"esg-entry-content eg-ycpc-hoover-content\" >\n\t\t\t\t<div class=\"esg-content eg-ycpc-hoover-element-0-a eg-post-22990892 eg-ycpc-hoover-element-0-a\"><a class=\"eg-ycpc-hoover-element-0 eg-post-22990892\" href=\"https:\/\/yachtcharterportocervo.com\/es\/yachts\/cranchi-60-st-yate-charter\/\" target=\"_self\">CRANCHI 60' ST<\/a><\/div>\n              <div class=\"esg-content eg-ycpc-hoover-element-3 esg-none esg-clear esg-line-break\"><\/div>\n\t\t\t\t<div class=\"esg-content eg-ycpc-hoover-element-27 eg-post-22990892 eg-ycpc-hoover-element-27\">Longitud: 18.28 m (60 pies)<\/div>\n              <div class=\"esg-content eg-ycpc-hoover-element-5 esg-none esg-clear esg-line-break\"><\/div>\n\t\t\t\t<div class=\"esg-content eg-ycpc-hoover-element-28 eg-post-22990892 eg-ycpc-hoover-element-28\">Invitados: 10 navegando<\/div>\n              <div class=\"esg-content eg-ycpc-hoover-element-7 esg-none esg-clear esg-line-break\"><\/div>\n\t\t\t\t<div class=\"esg-content eg-ycpc-hoover-element-29 eg-post-22990892 eg-ycpc-hoover-element-29\">Tripulantes: 2<\/div>\n              <div class=\"esg-content eg-ycpc-hoover-element-30 esg-none esg-clear esg-line-break\"><\/div>\n\t\t\t\t<div class=\"esg-content eg-ycpc-hoover-element-31 eg-post-22990892 eg-ycpc-hoover-element-31\">Daily Rates: \u20ac 3.500\/\u20ac 5.000 tax inclusive<\/div>\n<\/div>   <\/div>\n\n<\/li>\n<li id=\"eg-2-post-id-22989092_7677\" class=\"filterall eg-ycpc-hoover-wrapper filter-yacht-charter eg-post-id-22989092\" data-skin=\"ycpc-hoover\" data-eg-order-id=\"18.28\" >\n    <div class=\"esg-media-cover-wrapper\">\n<a href=\"https:\/\/yachtcharterportocervo.com\/es\/yachts\/delta-60-yate-charter\/\" target=\"_self\"><div class=\"esg-entry-media\" ><img loading=\"lazy\" decoding=\"async\" class=\"esg-entry-media-img\"  src=\"https:\/\/yachtcharterportocervo.com\/wp-content\/uploads\/2024\/03\/Delta_60_yacht_charter-4.webp\" data-no-lazy=\"1\" alt=\"Delta_60_yacht_charter 4\" title=\"Delta_60_yacht_charter 4\" width=\"1024\" height=\"600\"><\/div>\n\n<\/a>                <div class=\"esg-overlay eg-ycpc-hoover-container  esg-transition\" data-duration=\"default\" data-transition=\"esg-fade\"><\/div>\n\n<div class=\"esg-entry-content eg-ycpc-hoover-content\" >\n\t\t\t\t<div class=\"esg-content eg-ycpc-hoover-element-0-a eg-post-22989092 eg-ycpc-hoover-element-0-a\"><a class=\"eg-ycpc-hoover-element-0 eg-post-22989092\" href=\"https:\/\/yachtcharterportocervo.com\/es\/yachts\/delta-60-yate-charter\/\" target=\"_self\">DELTA 60'<\/a><\/div>\n              <div class=\"esg-content eg-ycpc-hoover-element-3 esg-none esg-clear esg-line-break\"><\/div>\n\t\t\t\t<div class=\"esg-content eg-ycpc-hoover-element-27 eg-post-22989092 eg-ycpc-hoover-element-27\">Longitud: 18.28 m (60 pies)<\/div>\n              <div class=\"esg-content eg-ycpc-hoover-element-5 esg-none esg-clear esg-line-break\"><\/div>\n\t\t\t\t<div class=\"esg-content eg-ycpc-hoover-element-28 eg-post-22989092 eg-ycpc-hoover-element-28\">Invitados: 10 navegando - 06 durmiendo<\/div>\n              <div class=\"esg-content eg-ycpc-hoover-element-7 esg-none esg-clear esg-line-break\"><\/div>\n\t\t\t\t<div class=\"esg-content eg-ycpc-hoover-element-29 eg-post-22989092 eg-ycpc-hoover-element-29\">Tripulantes: 2<\/div>\n              <div class=\"esg-content eg-ycpc-hoover-element-30 esg-none esg-clear esg-line-break\"><\/div>\n\t\t\t\t<div class=\"esg-content eg-ycpc-hoover-element-31 eg-post-22989092 eg-ycpc-hoover-element-31\">Tarifa diaria: \u20ac 4.000\/\u20ac 6.500 IVA Incl.<\/div>\n<\/div>   <\/div>\n\n<\/li>\n<li id=\"eg-2-post-id-22989248_3986\" class=\"filterall eg-ycpc-hoover-wrapper filter-yacht-charter eg-post-id-22989248\" data-skin=\"ycpc-hoover\" data-eg-order-id=\"18.22 \" >\n    <div class=\"esg-media-cover-wrapper\">\n<a href=\"https:\/\/yachtcharterportocervo.com\/es\/yachts\/sarnico-60-yate-charter\/\" target=\"_self\"><div class=\"esg-entry-media\" ><img loading=\"lazy\" decoding=\"async\" class=\"esg-entry-media-img\"  src=\"https:\/\/yachtcharterportocervo.com\/wp-content\/uploads\/2024\/03\/Sarnico_60_yacht_charter-14.webp\" data-no-lazy=\"1\" alt=\"Sarnico_60_yacht_charter 14\" title=\"Sarnico_60_yacht_charter 14\" width=\"1024\" height=\"767\"><\/div>\n\n<\/a>                <div class=\"esg-overlay eg-ycpc-hoover-container  esg-transition\" data-duration=\"default\" data-transition=\"esg-fade\"><\/div>\n\n<div class=\"esg-entry-content eg-ycpc-hoover-content\" >\n\t\t\t\t<div class=\"esg-content eg-ycpc-hoover-element-0-a eg-post-22989248 eg-ycpc-hoover-element-0-a\"><a class=\"eg-ycpc-hoover-element-0 eg-post-22989248\" href=\"https:\/\/yachtcharterportocervo.com\/es\/yachts\/sarnico-60-yate-charter\/\" target=\"_self\">SARNICO 60'<\/a><\/div>\n              <div class=\"esg-content eg-ycpc-hoover-element-3 esg-none esg-clear esg-line-break\"><\/div>\n\t\t\t\t<div class=\"esg-content eg-ycpc-hoover-element-27 eg-post-22989248 eg-ycpc-hoover-element-27\">Longitud: 18.28 m (60 pies)<\/div>\n              <div class=\"esg-content eg-ycpc-hoover-element-5 esg-none esg-clear esg-line-break\"><\/div>\n\t\t\t\t<div class=\"esg-content eg-ycpc-hoover-element-28 eg-post-22989248 eg-ycpc-hoover-element-28\">Invitados: 08 navegando - 06 durmiendo<\/div>\n              <div class=\"esg-content eg-ycpc-hoover-element-7 esg-none esg-clear esg-line-break\"><\/div>\n\t\t\t\t<div class=\"esg-content eg-ycpc-hoover-element-29 eg-post-22989248 eg-ycpc-hoover-element-29\">Tripulantes: 2<\/div>\n              <div class=\"esg-content eg-ycpc-hoover-element-30 esg-none esg-clear esg-line-break\"><\/div>\n\t\t\t\t<div class=\"esg-content eg-ycpc-hoover-element-31 eg-post-22989248 eg-ycpc-hoover-element-31\">Tarifa diaria: \u20ac 2.500\/\u20ac 4.400 sin IVA<\/div>\n<\/div>   <\/div>\n\n<\/li>\n<li id=\"eg-2-post-id-22988274_9428\" class=\"filterall eg-ycpc-hoover-wrapper filter-yacht-charter eg-post-id-22988274\" data-skin=\"ycpc-hoover\" data-eg-order-id=\"17.67\" >\n    <div class=\"esg-media-cover-wrapper\">\n<a href=\"https:\/\/yachtcharterportocervo.com\/es\/yachts\/cayman-58-yate-charter\/\" target=\"_self\"><div class=\"esg-entry-media\" ><img loading=\"lazy\" decoding=\"async\" class=\"esg-entry-media-img\"  src=\"https:\/\/yachtcharterportocervo.com\/wp-content\/uploads\/2024\/03\/Cayman_58_1024.png\" data-no-lazy=\"1\" alt=\"Cayman_58_1024\" title=\"Cayman_58_1024\" width=\"1024\" height=\"683\"><\/div>\n\n<\/a>                <div class=\"esg-overlay eg-ycpc-hoover-container  esg-transition\" data-duration=\"default\" data-transition=\"esg-fade\"><\/div>\n\n<div class=\"esg-entry-content eg-ycpc-hoover-content\" >\n\t\t\t\t<div class=\"esg-content eg-ycpc-hoover-element-0-a eg-post-22988274 eg-ycpc-hoover-element-0-a\"><a class=\"eg-ycpc-hoover-element-0 eg-post-22988274\" href=\"https:\/\/yachtcharterportocervo.com\/es\/yachts\/cayman-58-yate-charter\/\" target=\"_self\">CAYMAN 58'<\/a><\/div>\n              <div class=\"esg-content eg-ycpc-hoover-element-3 esg-none esg-clear esg-line-break\"><\/div>\n\t\t\t\t<div class=\"esg-content eg-ycpc-hoover-element-27 eg-post-22988274 eg-ycpc-hoover-element-27\">Longitud: 17.67 m (58 pies)<\/div>\n              <div class=\"esg-content eg-ycpc-hoover-element-5 esg-none esg-clear esg-line-break\"><\/div>\n\t\t\t\t<div class=\"esg-content eg-ycpc-hoover-element-28 eg-post-22988274 eg-ycpc-hoover-element-28\">Invitados: 12 navegando - 02 durmiendo<\/div>\n              <div class=\"esg-content eg-ycpc-hoover-element-7 esg-none esg-clear esg-line-break\"><\/div>\n\t\t\t\t<div class=\"esg-content eg-ycpc-hoover-element-29 eg-post-22988274 eg-ycpc-hoover-element-29\">Tripulantes: 2<\/div>\n              <div class=\"esg-content eg-ycpc-hoover-element-30 esg-none esg-clear esg-line-break\"><\/div>\n\t\t\t\t<div class=\"esg-content eg-ycpc-hoover-element-31 eg-post-22988274 eg-ycpc-hoover-element-31\">Tarifa diaria: \u20ac 2.350\/\u20ac 3.950 IVA Incl.<\/div>\n<\/div>   <\/div>\n\n<\/li>\n<li id=\"eg-2-post-id-22990748_337\" class=\"filterall eg-ycpc-hoover-wrapper filter-yacht-charter eg-post-id-22990748\" data-skin=\"ycpc-hoover\" data-eg-order-id=\"17.50\" >\n    <div class=\"esg-media-cover-wrapper\">\n<a href=\"https:\/\/yachtcharterportocervo.com\/es\/yachts\/hanse-575-custom-yate-charter\/\" target=\"_self\"><div class=\"esg-entry-media\" ><img loading=\"lazy\" decoding=\"async\" class=\"esg-entry-media-img\"  src=\"https:\/\/yachtcharterportocervo.com\/wp-content\/uploads\/2024\/04\/Hanse_575_yacht_charter-1.webp\" data-no-lazy=\"1\" alt=\"Close-up of Hanse 575 sailing yacht cruising near Porto Cervo, Costa Smeralda, Sardinia\" title=\"Hanse 575 Sailing Yacht Close-Up Under Sail\" width=\"1024\" height=\"681\"><\/div>\n\n<\/a>                <div class=\"esg-overlay eg-ycpc-hoover-container  esg-transition\" data-duration=\"default\" data-transition=\"esg-fade\"><\/div>\n\n<div class=\"esg-entry-content eg-ycpc-hoover-content\" >\n\t\t\t\t<div class=\"esg-content eg-ycpc-hoover-element-0-a eg-post-22990748 eg-ycpc-hoover-element-0-a\"><a class=\"eg-ycpc-hoover-element-0 eg-post-22990748\" href=\"https:\/\/yachtcharterportocervo.com\/es\/yachts\/hanse-575-custom-yate-charter\/\" target=\"_self\">HANSE 575 CUSTOM<\/a><\/div>\n              <div class=\"esg-content eg-ycpc-hoover-element-3 esg-none esg-clear esg-line-break\"><\/div>\n\t\t\t\t<div class=\"esg-content eg-ycpc-hoover-element-27 eg-post-22990748 eg-ycpc-hoover-element-27\">Longitud: 17.50 m (57 pies)<\/div>\n              <div class=\"esg-content eg-ycpc-hoover-element-5 esg-none esg-clear esg-line-break\"><\/div>\n\t\t\t\t<div class=\"esg-content eg-ycpc-hoover-element-28 eg-post-22990748 eg-ycpc-hoover-element-28\">Invitados: 06 navegando - 06 durmiendo<\/div>\n              <div class=\"esg-content eg-ycpc-hoover-element-7 esg-none esg-clear esg-line-break\"><\/div>\n\t\t\t\t<div class=\"esg-content eg-ycpc-hoover-element-29 eg-post-22990748 eg-ycpc-hoover-element-29\">Tripulantes: 2<\/div>\n              <div class=\"esg-content eg-ycpc-hoover-element-30 esg-none esg-clear esg-line-break\"><\/div>\n\t\t\t\t<div class=\"esg-content eg-ycpc-hoover-element-31 eg-post-22990748 eg-ycpc-hoover-element-31\">Weekly Rates: \u20ac 10.000\/14.000 tax inclusive<\/div>\n<\/div>   <\/div>\n\n<\/li>\n<li id=\"eg-2-post-id-22988932_7445\" class=\"filterall eg-ycpc-hoover-wrapper filter-yacht-charter eg-post-id-22988932\" data-skin=\"ycpc-hoover\" data-eg-order-id=\"16.76\" >\n    <div class=\"esg-media-cover-wrapper\">\n<a href=\"https:\/\/yachtcharterportocervo.com\/es\/yachts\/itama-55-open-yate-charter\/\" target=\"_self\"><div class=\"esg-entry-media\" ><img loading=\"lazy\" decoding=\"async\" class=\"esg-entry-media-img\"  src=\"https:\/\/yachtcharterportocervo.com\/wp-content\/uploads\/2024\/03\/Itama_55_yacht_charter-2.webp\" data-no-lazy=\"1\" alt=\"Itama_55_yacht_charter\" title=\"Itama_55_yacht_charter 2\" width=\"1024\" height=\"767\"><\/div>\n\n<\/a>                <div class=\"esg-overlay eg-ycpc-hoover-container  esg-transition\" data-duration=\"default\" data-transition=\"esg-fade\"><\/div>\n\n<div class=\"esg-entry-content eg-ycpc-hoover-content\" >\n\t\t\t\t<div class=\"esg-content eg-ycpc-hoover-element-0-a eg-post-22988932 eg-ycpc-hoover-element-0-a\"><a class=\"eg-ycpc-hoover-element-0 eg-post-22988932\" href=\"https:\/\/yachtcharterportocervo.com\/es\/yachts\/itama-55-open-yate-charter\/\" target=\"_self\">Itama 55' Open<\/a><\/div>\n              <div class=\"esg-content eg-ycpc-hoover-element-3 esg-none esg-clear esg-line-break\"><\/div>\n\t\t\t\t<div class=\"esg-content eg-ycpc-hoover-element-27 eg-post-22988932 eg-ycpc-hoover-element-27\">Longitud: 16.76 m (55 pies)<\/div>\n              <div class=\"esg-content eg-ycpc-hoover-element-5 esg-none esg-clear esg-line-break\"><\/div>\n\t\t\t\t<div class=\"esg-content eg-ycpc-hoover-element-28 eg-post-22988932 eg-ycpc-hoover-element-28\">Invitados: 10 navegando - 06 durmiendo<\/div>\n              <div class=\"esg-content eg-ycpc-hoover-element-7 esg-none esg-clear esg-line-break\"><\/div>\n\t\t\t\t<div class=\"esg-content eg-ycpc-hoover-element-29 eg-post-22988932 eg-ycpc-hoover-element-29\">Tripulantes: 1\/2<\/div>\n              <div class=\"esg-content eg-ycpc-hoover-element-30 esg-none esg-clear esg-line-break\"><\/div>\n\t\t\t\t<div class=\"esg-content eg-ycpc-hoover-element-31 eg-post-22988932 eg-ycpc-hoover-element-31\">Tarifa diaria: \u20ac 2.800\/\u20ac 4.300 IVA Incl.<\/div>\n<\/div>   <\/div>\n\n<\/li>\n<li id=\"eg-2-post-id-22992050_9116\" class=\"filterall eg-ycpc-hoover-wrapper filter-yacht-charter eg-post-id-22992050\" data-skin=\"ycpc-hoover\" data-eg-order-id=\"16.76\" >\n    <div class=\"esg-media-cover-wrapper\">\n<a href=\"https:\/\/yachtcharterportocervo.com\/es\/yachts\/lagoon-55-yate-charter\/\" target=\"_self\"><div class=\"esg-entry-media\" ><img loading=\"lazy\" decoding=\"async\" class=\"esg-entry-media-img\"  src=\"https:\/\/yachtcharterportocervo.com\/wp-content\/uploads\/2024\/05\/Lagoon_55_yacht_charter-3.webp\" data-no-lazy=\"1\" alt=\"Lagoon_55_yacht_charter 3\" title=\"Lagoon_55_yacht_charter 3\" width=\"1024\" height=\"746\"><\/div>\n\n<\/a>                <div class=\"esg-overlay eg-ycpc-hoover-container  esg-transition\" data-duration=\"default\" data-transition=\"esg-fade\"><\/div>\n\n<div class=\"esg-entry-content eg-ycpc-hoover-content\" >\n\t\t\t\t<div class=\"esg-content eg-ycpc-hoover-element-0-a eg-post-22992050 eg-ycpc-hoover-element-0-a\"><a class=\"eg-ycpc-hoover-element-0 eg-post-22992050\" href=\"https:\/\/yachtcharterportocervo.com\/es\/yachts\/lagoon-55-yate-charter\/\" target=\"_self\">LAGOON 55'<\/a><\/div>\n              <div class=\"esg-content eg-ycpc-hoover-element-3 esg-none esg-clear esg-line-break\"><\/div>\n\t\t\t\t<div class=\"esg-content eg-ycpc-hoover-element-27 eg-post-22992050 eg-ycpc-hoover-element-27\">Longitud: 16.76 m (55 pies)<\/div>\n              <div class=\"esg-content eg-ycpc-hoover-element-5 esg-none esg-clear esg-line-break\"><\/div>\n\t\t\t\t<div class=\"esg-content eg-ycpc-hoover-element-28 eg-post-22992050 eg-ycpc-hoover-element-28\">Invitados: 12 navegando - 10 durmiendo<\/div>\n              <div class=\"esg-content eg-ycpc-hoover-element-7 esg-none esg-clear esg-line-break\"><\/div>\n\t\t\t\t<div class=\"esg-content eg-ycpc-hoover-element-29 eg-post-22992050 eg-ycpc-hoover-element-29\">Tripulantes: 2<\/div>\n              <div class=\"esg-content eg-ycpc-hoover-element-30 esg-none esg-clear esg-line-break\"><\/div>\n\t\t\t\t<div class=\"esg-content eg-ycpc-hoover-element-31 eg-post-22992050 eg-ycpc-hoover-element-31\">Tarifa semanal: \u20ac 22.500\/\u20ac 37.400 IVA Incl.<\/div>\n<\/div>   <\/div>\n\n<\/li>\n<li id=\"eg-2-post-id-22992787_1003\" class=\"filterall eg-ycpc-hoover-wrapper filter-yacht-charter eg-post-id-22992787\" data-skin=\"ycpc-hoover\" data-eg-order-id=\"16.45\" >\n    <div class=\"esg-media-cover-wrapper\">\n<a href=\"https:\/\/yachtcharterportocervo.com\/es\/yachts\/maori-54-yate-charter\/\" target=\"_self\"><div class=\"esg-entry-media\" ><img loading=\"lazy\" decoding=\"async\" class=\"esg-entry-media-img\"  src=\"https:\/\/yachtcharterportocervo.com\/wp-content\/uploads\/2024\/06\/Maori_54_Yacht_Charter-3.webp\" data-no-lazy=\"1\" alt=\"Maori_54_Yacht_Charter 3\" title=\"Maori_54_Yacht_Charter 3\" width=\"1600\" height=\"660\"><\/div>\n\n<\/a>                <div class=\"esg-overlay eg-ycpc-hoover-container  esg-transition\" data-duration=\"default\" data-transition=\"esg-fade\"><\/div>\n\n<div class=\"esg-entry-content eg-ycpc-hoover-content\" >\n\t\t\t\t<div class=\"esg-content eg-ycpc-hoover-element-0-a eg-post-22992787 eg-ycpc-hoover-element-0-a\"><a class=\"eg-ycpc-hoover-element-0 eg-post-22992787\" href=\"https:\/\/yachtcharterportocervo.com\/es\/yachts\/maori-54-yate-charter\/\" target=\"_self\">Maori 54'<\/a><\/div>\n              <div class=\"esg-content eg-ycpc-hoover-element-3 esg-none esg-clear esg-line-break\"><\/div>\n\t\t\t\t<div class=\"esg-content eg-ycpc-hoover-element-27 eg-post-22992787 eg-ycpc-hoover-element-27\">Longitud: 16.45 m (54 pies)<\/div>\n              <div class=\"esg-content eg-ycpc-hoover-element-5 esg-none esg-clear esg-line-break\"><\/div>\n\t\t\t\t<div class=\"esg-content eg-ycpc-hoover-element-28 eg-post-22992787 eg-ycpc-hoover-element-28\">Invitados: 10 navegando<\/div>\n              <div class=\"esg-content eg-ycpc-hoover-element-7 esg-none esg-clear esg-line-break\"><\/div>\n\t\t\t\t<div class=\"esg-content eg-ycpc-hoover-element-29 eg-post-22992787 eg-ycpc-hoover-element-29\">Tripulantes: 2<\/div>\n              <div class=\"esg-content eg-ycpc-hoover-element-30 esg-none esg-clear esg-line-break\"><\/div>\n\t\t\t\t<div class=\"esg-content eg-ycpc-hoover-element-31 eg-post-22992787 eg-ycpc-hoover-element-31\">Tarifa diaria: \u20ac 3.500\/\u20ac 5.500 sin IVA<\/div>\n<\/div>   <\/div>\n\n<\/li>\n<li id=\"eg-2-post-id-22989034_7311\" class=\"filterall eg-ycpc-hoover-wrapper filter-yacht-charter eg-post-id-22989034\" data-skin=\"ycpc-hoover\" data-eg-order-id=\"16.45\" >\n    <div class=\"esg-media-cover-wrapper\">\n<a href=\"https:\/\/yachtcharterportocervo.com\/es\/yachts\/pershing-54-yate-charter\/\" target=\"_self\"><div class=\"esg-entry-media\" ><img loading=\"lazy\" decoding=\"async\" class=\"esg-entry-media-img\"  src=\"https:\/\/yachtcharterportocervo.com\/wp-content\/uploads\/2024\/03\/Pershing_54_yacht_charter-5.webp\" data-no-lazy=\"1\" alt=\"Pershing_54_yacht_charter 5\" title=\"Pershing_54_yacht_charter 5\" width=\"1024\" height=\"676\"><\/div>\n\n<\/a>                <div class=\"esg-overlay eg-ycpc-hoover-container  esg-transition\" data-duration=\"default\" data-transition=\"esg-fade\"><\/div>\n\n<div class=\"esg-entry-content eg-ycpc-hoover-content\" >\n\t\t\t\t<div class=\"esg-content eg-ycpc-hoover-element-0-a eg-post-22989034 eg-ycpc-hoover-element-0-a\"><a class=\"eg-ycpc-hoover-element-0 eg-post-22989034\" href=\"https:\/\/yachtcharterportocervo.com\/es\/yachts\/pershing-54-yate-charter\/\" target=\"_self\">Pershing 54'<\/a><\/div>\n              <div class=\"esg-content eg-ycpc-hoover-element-3 esg-none esg-clear esg-line-break\"><\/div>\n\t\t\t\t<div class=\"esg-content eg-ycpc-hoover-element-27 eg-post-22989034 eg-ycpc-hoover-element-27\">Longitud: 16.45 m (54 pies)<\/div>\n              <div class=\"esg-content eg-ycpc-hoover-element-5 esg-none esg-clear esg-line-break\"><\/div>\n\t\t\t\t<div class=\"esg-content eg-ycpc-hoover-element-28 eg-post-22989034 eg-ycpc-hoover-element-28\">Invitados: 12 navegando<\/div>\n              <div class=\"esg-content eg-ycpc-hoover-element-7 esg-none esg-clear esg-line-break\"><\/div>\n\t\t\t\t<div class=\"esg-content eg-ycpc-hoover-element-29 eg-post-22989034 eg-ycpc-hoover-element-29\">Tripulantes: 2<\/div>\n              <div class=\"esg-content eg-ycpc-hoover-element-30 esg-none esg-clear esg-line-break\"><\/div>\n\t\t\t\t<div class=\"esg-content eg-ycpc-hoover-element-31 eg-post-22989034 eg-ycpc-hoover-element-31\">Tarifa diaria: \u20ac 2.500\/\u20ac 3.650 IVA Incl.<\/div>\n<\/div>   <\/div>\n\n<\/li>\n<li id=\"eg-2-post-id-22988580_2713\" class=\"filterall eg-ycpc-hoover-wrapper filter-yacht-charter eg-post-id-22988580\" data-skin=\"ycpc-hoover\" data-eg-order-id=\"16.15\" >\n    <div class=\"esg-media-cover-wrapper\">\n<a href=\"https:\/\/yachtcharterportocervo.com\/es\/yachts\/fairline-targa-53-yate-charter\/\" target=\"_self\"><div class=\"esg-entry-media\" ><img loading=\"lazy\" decoding=\"async\" class=\"esg-entry-media-img\"  src=\"https:\/\/yachtcharterportocervo.com\/wp-content\/uploads\/2024\/03\/Fairline_Targa_53_Open_yacht_charter-1-1.webp\" data-no-lazy=\"1\" alt=\"\" title=\"Fairline_Targa_53_Open_yacht_charter 1\" width=\"1024\" height=\"576\"><\/div>\n\n<\/a>                <div class=\"esg-overlay eg-ycpc-hoover-container  esg-transition\" data-duration=\"default\" data-transition=\"esg-fade\"><\/div>\n\n<div class=\"esg-entry-content eg-ycpc-hoover-content\" >\n\t\t\t\t<div class=\"esg-content eg-ycpc-hoover-element-0-a eg-post-22988580 eg-ycpc-hoover-element-0-a\"><a class=\"eg-ycpc-hoover-element-0 eg-post-22988580\" href=\"https:\/\/yachtcharterportocervo.com\/es\/yachts\/fairline-targa-53-yate-charter\/\" target=\"_self\">FAIRLINE TARGA 53' OPEN<\/a><\/div>\n              <div class=\"esg-content eg-ycpc-hoover-element-3 esg-none esg-clear esg-line-break\"><\/div>\n\t\t\t\t<div class=\"esg-content eg-ycpc-hoover-element-27 eg-post-22988580 eg-ycpc-hoover-element-27\">Longitud: 16.15 m (53 pies)<\/div>\n              <div class=\"esg-content eg-ycpc-hoover-element-5 esg-none esg-clear esg-line-break\"><\/div>\n\t\t\t\t<div class=\"esg-content eg-ycpc-hoover-element-28 eg-post-22988580 eg-ycpc-hoover-element-28\">Invitados: 10 navegando<\/div>\n              <div class=\"esg-content eg-ycpc-hoover-element-7 esg-none esg-clear esg-line-break\"><\/div>\n\t\t\t\t<div class=\"esg-content eg-ycpc-hoover-element-29 eg-post-22988580 eg-ycpc-hoover-element-29\">Tripulantes: 2<\/div>\n              <div class=\"esg-content eg-ycpc-hoover-element-30 esg-none esg-clear esg-line-break\"><\/div>\n\t\t\t\t<div class=\"esg-content eg-ycpc-hoover-element-31 eg-post-22988580 eg-ycpc-hoover-element-31\">Tarifa Diaria: \u20ac 3.800\/\u20ac 4.900 IVA Incl.<\/div>\n<\/div>   <\/div>\n\n<\/li>\n<li id=\"eg-2-post-id-22988877_2910\" class=\"filterall eg-ycpc-hoover-wrapper filter-yacht-charter eg-post-id-22988877\" data-skin=\"ycpc-hoover\" data-eg-order-id=\"1524\" >\n    <div class=\"esg-media-cover-wrapper\">\n<a href=\"https:\/\/yachtcharterportocervo.com\/es\/yachts\/maori-50-yate-charter\/\" target=\"_self\"><div class=\"esg-entry-media\" ><img loading=\"lazy\" decoding=\"async\" class=\"esg-entry-media-img\"  src=\"https:\/\/yachtcharterportocervo.com\/wp-content\/uploads\/2024\/03\/Maori_50_yacht_charter-2.webp\" data-no-lazy=\"1\" alt=\"Maori_50_yacht_charter\" title=\"Maori_50_yacht_charter 2\" width=\"1024\" height=\"683\"><\/div>\n\n<\/a>                <div class=\"esg-overlay eg-ycpc-hoover-container  esg-transition\" data-duration=\"default\" data-transition=\"esg-fade\"><\/div>\n\n<div class=\"esg-entry-content eg-ycpc-hoover-content\" >\n\t\t\t\t<div class=\"esg-content eg-ycpc-hoover-element-0-a eg-post-22988877 eg-ycpc-hoover-element-0-a\"><a class=\"eg-ycpc-hoover-element-0 eg-post-22988877\" href=\"https:\/\/yachtcharterportocervo.com\/es\/yachts\/maori-50-yate-charter\/\" target=\"_self\">MAORI 50'<\/a><\/div>\n              <div class=\"esg-content eg-ycpc-hoover-element-3 esg-none esg-clear esg-line-break\"><\/div>\n\t\t\t\t<div class=\"esg-content eg-ycpc-hoover-element-27 eg-post-22988877 eg-ycpc-hoover-element-27\">Longitud: 15.24 m (50 pies)<\/div>\n              <div class=\"esg-content eg-ycpc-hoover-element-5 esg-none esg-clear esg-line-break\"><\/div>\n\t\t\t\t<div class=\"esg-content eg-ycpc-hoover-element-28 eg-post-22988877 eg-ycpc-hoover-element-28\">Invitados: 11 Navegando<\/div>\n              <div class=\"esg-content eg-ycpc-hoover-element-7 esg-none esg-clear esg-line-break\"><\/div>\n\t\t\t\t<div class=\"esg-content eg-ycpc-hoover-element-29 eg-post-22988877 eg-ycpc-hoover-element-29\">Tripulantes: 1<\/div>\n              <div class=\"esg-content eg-ycpc-hoover-element-30 esg-none esg-clear esg-line-break\"><\/div>\n\t\t\t\t<div class=\"esg-content eg-ycpc-hoover-element-31 eg-post-22988877 eg-ycpc-hoover-element-31\">Tarifa diaria: \u20ac 2.500\/\u20ac 3.000 sin IVA<\/div>\n<\/div>   <\/div>\n\n<\/li>\n<li id=\"eg-2-post-id-22990781_7908\" class=\"filterall eg-ycpc-hoover-wrapper filter-yacht-charter eg-post-id-22990781\" data-skin=\"ycpc-hoover\" data-eg-order-id=\"14.60\" >\n    <div class=\"esg-media-cover-wrapper\">\n<a href=\"https:\/\/yachtcharterportocervo.com\/es\/yachts\/azimut-atlantis-45-yate-charter\/\" target=\"_self\"><div class=\"esg-entry-media\" ><img loading=\"lazy\" decoding=\"async\" class=\"esg-entry-media-img\"  src=\"https:\/\/yachtcharterportocervo.com\/wp-content\/uploads\/2024\/04\/Azimut_Atlantis_45_Yacht_Charter_Porto_Cervo_Sardinia_1.webp\" data-no-lazy=\"1\" alt=\"\" title=\"Azimut_Atlantis_45_Yacht_Charter_Porto_Cervo_Sardinia_1\" width=\"1920\" height=\"1440\"><\/div>\n\n<\/a>                <div class=\"esg-overlay eg-ycpc-hoover-container  esg-transition\" data-duration=\"default\" data-transition=\"esg-fade\"><\/div>\n\n<div class=\"esg-entry-content eg-ycpc-hoover-content\" >\n\t\t\t\t<div class=\"esg-content eg-ycpc-hoover-element-0-a eg-post-22990781 eg-ycpc-hoover-element-0-a\"><a class=\"eg-ycpc-hoover-element-0 eg-post-22990781\" href=\"https:\/\/yachtcharterportocervo.com\/es\/yachts\/azimut-atlantis-45-yate-charter\/\" target=\"_self\">AZIMUT ATLANTIS 45'<\/a><\/div>\n              <div class=\"esg-content eg-ycpc-hoover-element-3 esg-none esg-clear esg-line-break\"><\/div>\n\t\t\t\t<div class=\"esg-content eg-ycpc-hoover-element-27 eg-post-22990781 eg-ycpc-hoover-element-27\">Longitud: 14.60 m (47.11 ft)<\/div>\n              <div class=\"esg-content eg-ycpc-hoover-element-5 esg-none esg-clear esg-line-break\"><\/div>\n\t\t\t\t<div class=\"esg-content eg-ycpc-hoover-element-28 eg-post-22990781 eg-ycpc-hoover-element-28\">Invitados: 10 Navegando - 2 Durmiendo<\/div>\n              <div class=\"esg-content eg-ycpc-hoover-element-7 esg-none esg-clear esg-line-break\"><\/div>\n\t\t\t\t<div class=\"esg-content eg-ycpc-hoover-element-29 eg-post-22990781 eg-ycpc-hoover-element-29\">Tripulantes: 2<\/div>\n              <div class=\"esg-content eg-ycpc-hoover-element-30 esg-none esg-clear esg-line-break\"><\/div>\n\t\t\t\t<div class=\"esg-content eg-ycpc-hoover-element-31 eg-post-22990781 eg-ycpc-hoover-element-31\">Tarifa Diaria: \u20ac 2.000\/\u20ac 3.300 IVA Incl.<\/div>\n<\/div>   <\/div>\n\n<\/li>\n<li id=\"eg-2-post-id-22990820_9167\" class=\"filterall eg-ycpc-hoover-wrapper filter-yacht-charter eg-post-id-22990820\" data-skin=\"ycpc-hoover\" data-eg-order-id=\"14.32\" >\n    <div class=\"esg-media-cover-wrapper\">\n<a href=\"https:\/\/yachtcharterportocervo.com\/es\/yachts\/fairline-targa-47-gt-yate-charter\/\" target=\"_self\"><div class=\"esg-entry-media\" ><img loading=\"lazy\" decoding=\"async\" class=\"esg-entry-media-img\"  src=\"https:\/\/yachtcharterportocervo.com\/wp-content\/uploads\/2024\/04\/Fairline_Targa_47_GT_yacht_charter-3.webp\" data-no-lazy=\"1\" alt=\"Fairline_Targa_47_GT_yacht_charter 3\" title=\"Fairline_Targa_47_GT_yacht_charter 3\" width=\"1024\" height=\"717\"><\/div>\n\n<\/a>                <div class=\"esg-overlay eg-ycpc-hoover-container  esg-transition\" data-duration=\"default\" data-transition=\"esg-fade\"><\/div>\n\n<div class=\"esg-entry-content eg-ycpc-hoover-content\" >\n\t\t\t\t<div class=\"esg-content eg-ycpc-hoover-element-0-a eg-post-22990820 eg-ycpc-hoover-element-0-a\"><a class=\"eg-ycpc-hoover-element-0 eg-post-22990820\" href=\"https:\/\/yachtcharterportocervo.com\/es\/yachts\/fairline-targa-47-gt-yate-charter\/\" target=\"_self\">FAIRLINE TARGA  47' GT<\/a><\/div>\n              <div class=\"esg-content eg-ycpc-hoover-element-3 esg-none esg-clear esg-line-break\"><\/div>\n\t\t\t\t<div class=\"esg-content eg-ycpc-hoover-element-27 eg-post-22990820 eg-ycpc-hoover-element-27\">Longitud: 14.32 m (47 pies)<\/div>\n              <div class=\"esg-content eg-ycpc-hoover-element-5 esg-none esg-clear esg-line-break\"><\/div>\n\t\t\t\t<div class=\"esg-content eg-ycpc-hoover-element-28 eg-post-22990820 eg-ycpc-hoover-element-28\">Invitados: 08 navegando<\/div>\n              <div class=\"esg-content eg-ycpc-hoover-element-7 esg-none esg-clear esg-line-break\"><\/div>\n\t\t\t\t<div class=\"esg-content eg-ycpc-hoover-element-29 eg-post-22990820 eg-ycpc-hoover-element-29\">Tripulantes: 1<\/div>\n              <div class=\"esg-content eg-ycpc-hoover-element-30 esg-none esg-clear esg-line-break\"><\/div>\n\t\t\t\t<div class=\"esg-content eg-ycpc-hoover-element-31 eg-post-22990820 eg-ycpc-hoover-element-31\">Tarifa diaria: \u20ac 1.800\/\u20ac 3.000 IVA Incl.<\/div>\n<\/div>   <\/div>\n\n<\/li>\n<li id=\"eg-2-post-id-22990853_6980\" class=\"filterall eg-ycpc-hoover-wrapper filter-yacht-charter eg-post-id-22990853\" data-skin=\"ycpc-hoover\" data-eg-order-id=\"14.02\" >\n    <div class=\"esg-media-cover-wrapper\">\n<a href=\"https:\/\/yachtcharterportocervo.com\/es\/yachts\/pershing-46-yate-charter\/\" target=\"_self\"><div class=\"esg-entry-media\" ><img loading=\"lazy\" decoding=\"async\" class=\"esg-entry-media-img\"  src=\"https:\/\/yachtcharterportocervo.com\/wp-content\/uploads\/2024\/04\/Pershing_46_yacht_charter-1_1.webp\" data-no-lazy=\"1\" alt=\"Pershing_46_yacht_charter 1_1\" title=\"Pershing_46_yacht_charter 1_1\" width=\"1024\" height=\"611\"><\/div>\n\n<\/a>                <div class=\"esg-overlay eg-ycpc-hoover-container  esg-transition\" data-duration=\"default\" data-transition=\"esg-fade\"><\/div>\n\n<div class=\"esg-entry-content eg-ycpc-hoover-content\" >\n\t\t\t\t<div class=\"esg-content eg-ycpc-hoover-element-0-a eg-post-22990853 eg-ycpc-hoover-element-0-a\"><a class=\"eg-ycpc-hoover-element-0 eg-post-22990853\" href=\"https:\/\/yachtcharterportocervo.com\/es\/yachts\/pershing-46-yate-charter\/\" target=\"_self\">PERSHING 46'<\/a><\/div>\n              <div class=\"esg-content eg-ycpc-hoover-element-3 esg-none esg-clear esg-line-break\"><\/div>\n\t\t\t\t<div class=\"esg-content eg-ycpc-hoover-element-27 eg-post-22990853 eg-ycpc-hoover-element-27\">Longitud: 14.02 m (46 pies)<\/div>\n              <div class=\"esg-content eg-ycpc-hoover-element-5 esg-none esg-clear esg-line-break\"><\/div>\n\t\t\t\t<div class=\"esg-content eg-ycpc-hoover-element-28 eg-post-22990853 eg-ycpc-hoover-element-28\">Invitados: 08 navegando<\/div>\n              <div class=\"esg-content eg-ycpc-hoover-element-7 esg-none esg-clear esg-line-break\"><\/div>\n\t\t\t\t<div class=\"esg-content eg-ycpc-hoover-element-29 eg-post-22990853 eg-ycpc-hoover-element-29\">Tripulantes: 2<\/div>\n              <div class=\"esg-content eg-ycpc-hoover-element-30 esg-none esg-clear esg-line-break\"><\/div>\n\t\t\t\t<div class=\"esg-content eg-ycpc-hoover-element-31 eg-post-22990853 eg-ycpc-hoover-element-31\">Tarifa diaria: \u20ac 1.700\/\u20ac 3.000 IVA Incl.<\/div>\n<\/div>   <\/div>\n\n<\/li>\n<li id=\"eg-2-post-id-22995513_142\" class=\"filterall eg-ycpc-hoover-wrapper filter-yacht-charter eg-post-id-22995513\" data-skin=\"ycpc-hoover\" data-eg-order-id=\"14\" >\n    <div class=\"esg-media-cover-wrapper\">\n<a href=\"https:\/\/yachtcharterportocervo.com\/es\/yachts\/pershing-46-yate-charter\/\" target=\"_self\"><div class=\"esg-entry-media\" ><img loading=\"lazy\" decoding=\"async\" class=\"esg-entry-media-img\"  src=\"https:\/\/yachtcharterportocervo.com\/wp-content\/uploads\/2026\/02\/blu-martin-wa-46-navigation-costa-smeralda-sardinia.webp\" data-no-lazy=\"1\" alt=\"Blu Martin WA 46 navigating through the crystal-clear waters of the Costa Smeralda, Sardinia\" title=\"blu-martin-wa-46-navigation-costa-smeralda-sardinia\" width=\"1028\" height=\"680\"><\/div>\n\n<\/a>                <div class=\"esg-overlay eg-ycpc-hoover-container  esg-transition\" data-duration=\"default\" data-transition=\"esg-fade\"><\/div>\n\n<div class=\"esg-entry-content eg-ycpc-hoover-content\" >\n\t\t\t\t<div class=\"esg-content eg-ycpc-hoover-element-0-a eg-post-22995513 eg-ycpc-hoover-element-0-a\"><a class=\"eg-ycpc-hoover-element-0 eg-post-22995513\" href=\"https:\/\/yachtcharterportocervo.com\/es\/yachts\/pershing-46-yate-charter\/\" target=\"_self\">BLU MARTIN WA 46'<\/a><\/div>\n              <div class=\"esg-content eg-ycpc-hoover-element-3 esg-none esg-clear esg-line-break\"><\/div>\n\t\t\t\t<div class=\"esg-content eg-ycpc-hoover-element-27 eg-post-22995513 eg-ycpc-hoover-element-27\">Longitud: 14.02 m (46 pies)<\/div>\n              <div class=\"esg-content eg-ycpc-hoover-element-5 esg-none esg-clear esg-line-break\"><\/div>\n\t\t\t\t<div class=\"esg-content eg-ycpc-hoover-element-28 eg-post-22995513 eg-ycpc-hoover-element-28\">Invitados: 08 navegando<\/div>\n              <div class=\"esg-content eg-ycpc-hoover-element-7 esg-none esg-clear esg-line-break\"><\/div>\n\t\t\t\t<div class=\"esg-content eg-ycpc-hoover-element-29 eg-post-22995513 eg-ycpc-hoover-element-29\">Tripulantes: 2<\/div>\n              <div class=\"esg-content eg-ycpc-hoover-element-30 esg-none esg-clear esg-line-break\"><\/div>\n\t\t\t\t<div class=\"esg-content eg-ycpc-hoover-element-31 eg-post-22995513 eg-ycpc-hoover-element-31\">Tarifa Diaria:  2.500\/\u20ac 3.500 IVA Incl.<\/div>\n<\/div>   <\/div>\n\n<\/li>\n<li id=\"eg-2-post-id-1979_2105\" class=\"filterall eg-ycpc-hoover-wrapper filter-yacht-charter eg-post-id-1979\" data-skin=\"ycpc-hoover\" data-eg-order-id=\"13.72\" >\n    <div class=\"esg-media-cover-wrapper\">\n<a href=\"https:\/\/yachtcharterportocervo.com\/es\/yachts\/rizzardi-45-yate-charter\/\" target=\"_self\"><div class=\"esg-entry-media\" ><img loading=\"lazy\" decoding=\"async\" class=\"esg-entry-media-img\"  src=\"https:\/\/yachtcharterportocervo.com\/wp-content\/uploads\/2024\/03\/Rizzardi_45_yacht_charter-1_1.png\" data-no-lazy=\"1\" alt=\"Rizzardi_45_yacht_charter\" title=\"Rizzardi_45_yacht_charter 1_1\" width=\"1024\" height=\"686\"><\/div>\n\n<\/a>                <div class=\"esg-overlay eg-ycpc-hoover-container  esg-transition\" data-duration=\"default\" data-transition=\"esg-fade\"><\/div>\n\n<div class=\"esg-entry-content eg-ycpc-hoover-content\" >\n\t\t\t\t<div class=\"esg-content eg-ycpc-hoover-element-0-a eg-post-1979 eg-ycpc-hoover-element-0-a\"><a class=\"eg-ycpc-hoover-element-0 eg-post-1979\" href=\"https:\/\/yachtcharterportocervo.com\/es\/yachts\/rizzardi-45-yate-charter\/\" target=\"_self\">Rizzardi 45'<\/a><\/div>\n              <div class=\"esg-content eg-ycpc-hoover-element-3 esg-none esg-clear esg-line-break\"><\/div>\n\t\t\t\t<div class=\"esg-content eg-ycpc-hoover-element-27 eg-post-1979 eg-ycpc-hoover-element-27\">Longitud: 13.72 m (45 pies)<\/div>\n              <div class=\"esg-content eg-ycpc-hoover-element-5 esg-none esg-clear esg-line-break\"><\/div>\n\t\t\t\t<div class=\"esg-content eg-ycpc-hoover-element-28 eg-post-1979 eg-ycpc-hoover-element-28\">Invitados: 10 navegando<\/div>\n              <div class=\"esg-content eg-ycpc-hoover-element-7 esg-none esg-clear esg-line-break\"><\/div>\n\t\t\t\t<div class=\"esg-content eg-ycpc-hoover-element-29 eg-post-1979 eg-ycpc-hoover-element-29\">Tripulantes: 2<\/div>\n              <div class=\"esg-content eg-ycpc-hoover-element-30 esg-none esg-clear esg-line-break\"><\/div>\n\t\t\t\t<div class=\"esg-content eg-ycpc-hoover-element-31 eg-post-1979 eg-ycpc-hoover-element-31\">Tarifa diaria: \u20ac 1.950\/\u20ac 3.300 IVA Incl.<\/div>\n<\/div>   <\/div>\n\n<\/li>\n<li id=\"eg-2-post-id-22989134_132\" class=\"filterall eg-ycpc-hoover-wrapper filter-yacht-charter eg-post-id-22989134\" data-skin=\"ycpc-hoover\" data-eg-order-id=\"13.41\" >\n    <div class=\"esg-media-cover-wrapper\">\n<a href=\"https:\/\/yachtcharterportocervo.com\/es\/yachts\/solaris-power-44-yate-charter\/\" target=\"_self\"><div class=\"esg-entry-media\" ><img loading=\"lazy\" decoding=\"async\" class=\"esg-entry-media-img\"  src=\"https:\/\/yachtcharterportocervo.com\/wp-content\/uploads\/2024\/03\/Solaris_Power_44_yacht_charter-5.webp\" data-no-lazy=\"1\" alt=\"\" title=\"Solaris_Power_44_yacht_charter 5\" width=\"1024\" height=\"576\"><\/div>\n\n<\/a>                <div class=\"esg-overlay eg-ycpc-hoover-container  esg-transition\" data-duration=\"default\" data-transition=\"esg-fade\"><\/div>\n\n<div class=\"esg-entry-content eg-ycpc-hoover-content\" >\n\t\t\t\t<div class=\"esg-content eg-ycpc-hoover-element-0-a eg-post-22989134 eg-ycpc-hoover-element-0-a\"><a class=\"eg-ycpc-hoover-element-0 eg-post-22989134\" href=\"https:\/\/yachtcharterportocervo.com\/es\/yachts\/solaris-power-44-yate-charter\/\" target=\"_self\">SOLARIS POWER 44'<\/a><\/div>\n              <div class=\"esg-content eg-ycpc-hoover-element-3 esg-none esg-clear esg-line-break\"><\/div>\n\t\t\t\t<div class=\"esg-content eg-ycpc-hoover-element-27 eg-post-22989134 eg-ycpc-hoover-element-27\">Longitud: 13.41 m (44 pies)<\/div>\n              <div class=\"esg-content eg-ycpc-hoover-element-5 esg-none esg-clear esg-line-break\"><\/div>\n\t\t\t\t<div class=\"esg-content eg-ycpc-hoover-element-28 eg-post-22989134 eg-ycpc-hoover-element-28\">Invitados: 08 navegando<\/div>\n              <div class=\"esg-content eg-ycpc-hoover-element-7 esg-none esg-clear esg-line-break\"><\/div>\n\t\t\t\t<div class=\"esg-content eg-ycpc-hoover-element-29 eg-post-22989134 eg-ycpc-hoover-element-29\">Tripulantes: 1<\/div>\n              <div class=\"esg-content eg-ycpc-hoover-element-30 esg-none esg-clear esg-line-break\"><\/div>\n\t\t\t\t<div class=\"esg-content eg-ycpc-hoover-element-31 eg-post-22989134 eg-ycpc-hoover-element-31\">Tarifa diaria: \u20ac 3.000\/\u20ac 4.000 IVA Incl.<\/div>\n<\/div>   <\/div>\n\n<\/li>\n<li id=\"eg-2-post-id-1909_4479\" class=\"filterall eg-ycpc-hoover-wrapper filter-yacht-charter eg-post-id-1909\" data-skin=\"ycpc-hoover\" data-eg-order-id=\"13.41\" >\n    <div class=\"esg-media-cover-wrapper\">\n<a href=\"https:\/\/yachtcharterportocervo.com\/es\/yachts\/fjord-44-yate-charter\/\" target=\"_self\"><div class=\"esg-entry-media\" ><img loading=\"lazy\" decoding=\"async\" class=\"esg-entry-media-img\"  src=\"https:\/\/yachtcharterportocervo.com\/wp-content\/uploads\/2024\/03\/Fjord_44-1024.webp\" data-no-lazy=\"1\" alt=\"Fjord_44 1024\" title=\"Fjord_44 1024\" width=\"1024\" height=\"768\"><\/div>\n\n<\/a>                <div class=\"esg-overlay eg-ycpc-hoover-container  esg-transition\" data-duration=\"default\" data-transition=\"esg-fade\"><\/div>\n\n<div class=\"esg-entry-content eg-ycpc-hoover-content\" >\n\t\t\t\t<div class=\"esg-content eg-ycpc-hoover-element-0-a eg-post-1909 eg-ycpc-hoover-element-0-a\"><a class=\"eg-ycpc-hoover-element-0 eg-post-1909\" href=\"https:\/\/yachtcharterportocervo.com\/es\/yachts\/fjord-44-yate-charter\/\" target=\"_self\">FJORD 44'<\/a><\/div>\n              <div class=\"esg-content eg-ycpc-hoover-element-3 esg-none esg-clear esg-line-break\"><\/div>\n\t\t\t\t<div class=\"esg-content eg-ycpc-hoover-element-27 eg-post-1909 eg-ycpc-hoover-element-27\">Longitud: 13.41 m (44 pies)<\/div>\n              <div class=\"esg-content eg-ycpc-hoover-element-5 esg-none esg-clear esg-line-break\"><\/div>\n\t\t\t\t<div class=\"esg-content eg-ycpc-hoover-element-28 eg-post-1909 eg-ycpc-hoover-element-28\">Invitados: 08 navegando<\/div>\n              <div class=\"esg-content eg-ycpc-hoover-element-7 esg-none esg-clear esg-line-break\"><\/div>\n\t\t\t\t<div class=\"esg-content eg-ycpc-hoover-element-29 eg-post-1909 eg-ycpc-hoover-element-29\">Tripulantes: 2<\/div>\n              <div class=\"esg-content eg-ycpc-hoover-element-30 esg-none esg-clear esg-line-break\"><\/div>\n\t\t\t\t<div class=\"esg-content eg-ycpc-hoover-element-31 eg-post-1909 eg-ycpc-hoover-element-31\">Tarifa diaria: \u20ac 2.900\/\u20ac 3.400 IVA Incl.<\/div>\n<\/div>   <\/div>\n\n<\/li>\n<li id=\"eg-2-post-id-22988723_2569\" class=\"filterall eg-ycpc-hoover-wrapper filter-yacht-charter eg-post-id-22988723\" data-skin=\"ycpc-hoover\" data-eg-order-id=\"13.10\" >\n    <div class=\"esg-media-cover-wrapper\">\n<a href=\"https:\/\/yachtcharterportocervo.com\/es\/yachts\/sarnico-spider-43-yate-charter\/\" target=\"_self\"><div class=\"esg-entry-media\" ><img loading=\"lazy\" decoding=\"async\" class=\"esg-entry-media-img\"  src=\"https:\/\/yachtcharterportocervo.com\/wp-content\/uploads\/2024\/03\/SARNICO-SPIDER-43_1024.jpg\" data-no-lazy=\"1\" alt=\"SARNICO SPIDER 43_1024\" title=\"SARNICO SPIDER 43_1024\" width=\"1024\" height=\"660\"><\/div>\n\n<\/a>                <div class=\"esg-overlay eg-ycpc-hoover-container  esg-transition\" data-duration=\"default\" data-transition=\"esg-fade\"><\/div>\n\n<div class=\"esg-entry-content eg-ycpc-hoover-content\" >\n\t\t\t\t<div class=\"esg-content eg-ycpc-hoover-element-0-a eg-post-22988723 eg-ycpc-hoover-element-0-a\"><a class=\"eg-ycpc-hoover-element-0 eg-post-22988723\" href=\"https:\/\/yachtcharterportocervo.com\/es\/yachts\/sarnico-spider-43-yate-charter\/\" target=\"_self\">SARNICO SPIDER 43'<\/a><\/div>\n              <div class=\"esg-content eg-ycpc-hoover-element-3 esg-none esg-clear esg-line-break\"><\/div>\n\t\t\t\t<div class=\"esg-content eg-ycpc-hoover-element-27 eg-post-22988723 eg-ycpc-hoover-element-27\">Longitud: 13.10 m (43 pies)<\/div>\n              <div class=\"esg-content eg-ycpc-hoover-element-5 esg-none esg-clear esg-line-break\"><\/div>\n\t\t\t\t<div class=\"esg-content eg-ycpc-hoover-element-28 eg-post-22988723 eg-ycpc-hoover-element-28\">Invitados: 06 navegando<\/div>\n              <div class=\"esg-content eg-ycpc-hoover-element-7 esg-none esg-clear esg-line-break\"><\/div>\n\t\t\t\t<div class=\"esg-content eg-ycpc-hoover-element-29 eg-post-22988723 eg-ycpc-hoover-element-29\">Tripulantes: 1<\/div>\n              <div class=\"esg-content eg-ycpc-hoover-element-30 esg-none esg-clear esg-line-break\"><\/div>\n\t\t\t\t<div class=\"esg-content eg-ycpc-hoover-element-31 eg-post-22988723 eg-ycpc-hoover-element-31\">Tarifa diaria: \u20ac 1.750\/\u20ac 3.000 IVA Incl.<\/div>\n<\/div>   <\/div>\n\n<\/li>\n<li id=\"eg-2-post-id-22989064_4258\" class=\"filterall eg-ycpc-hoover-wrapper filter-yacht-charter eg-post-id-22989064\" data-skin=\"ycpc-hoover\" data-eg-order-id=\"13.10\" >\n    <div class=\"esg-media-cover-wrapper\">\n<a href=\"https:\/\/yachtcharterportocervo.com\/es\/yachts\/pershing-43-yate-charter\/\" target=\"_self\"><div class=\"esg-entry-media\" ><img loading=\"lazy\" decoding=\"async\" class=\"esg-entry-media-img\"  src=\"https:\/\/yachtcharterportocervo.com\/wp-content\/uploads\/2024\/03\/Pershing_43_yacht_charter-4.webp\" data-no-lazy=\"1\" alt=\"\" title=\"Pershing_43_yacht_charter 4\" width=\"1024\" height=\"683\"><\/div>\n\n<\/a>                <div class=\"esg-overlay eg-ycpc-hoover-container  esg-transition\" data-duration=\"default\" data-transition=\"esg-fade\"><\/div>\n\n<div class=\"esg-entry-content eg-ycpc-hoover-content\" >\n\t\t\t\t<div class=\"esg-content eg-ycpc-hoover-element-0-a eg-post-22989064 eg-ycpc-hoover-element-0-a\"><a class=\"eg-ycpc-hoover-element-0 eg-post-22989064\" href=\"https:\/\/yachtcharterportocervo.com\/es\/yachts\/pershing-43-yate-charter\/\" target=\"_self\">PERSHING 43'<\/a><\/div>\n              <div class=\"esg-content eg-ycpc-hoover-element-3 esg-none esg-clear esg-line-break\"><\/div>\n\t\t\t\t<div class=\"esg-content eg-ycpc-hoover-element-27 eg-post-22989064 eg-ycpc-hoover-element-27\">Longitud: 13.10 m (43 pies)<\/div>\n              <div class=\"esg-content eg-ycpc-hoover-element-5 esg-none esg-clear esg-line-break\"><\/div>\n\t\t\t\t<div class=\"esg-content eg-ycpc-hoover-element-28 eg-post-22989064 eg-ycpc-hoover-element-28\">Invitados: 08 navegando<\/div>\n              <div class=\"esg-content eg-ycpc-hoover-element-7 esg-none esg-clear esg-line-break\"><\/div>\n\t\t\t\t<div class=\"esg-content eg-ycpc-hoover-element-29 eg-post-22989064 eg-ycpc-hoover-element-29\">Tripulantes: 2<\/div>\n              <div class=\"esg-content eg-ycpc-hoover-element-30 esg-none esg-clear esg-line-break\"><\/div>\n\t\t\t\t<div class=\"esg-content eg-ycpc-hoover-element-31 eg-post-22989064 eg-ycpc-hoover-element-31\">Tarifa diaria: \u20ac 1.500\/\u20ac 2.200 IVA Incl.<\/div>\n<\/div>   <\/div>\n\n<\/li>\n<li id=\"eg-2-post-id-1874_6444\" class=\"filterall eg-ycpc-hoover-wrapper filter-yacht-charter eg-post-id-1874\" data-skin=\"ycpc-hoover\" data-eg-order-id=\"13.10\" >\n    <div class=\"esg-media-cover-wrapper\">\n<a href=\"https:\/\/yachtcharterportocervo.com\/es\/yachts\/baia-43-yate-charter\/\" target=\"_self\"><div class=\"esg-entry-media\" ><img loading=\"lazy\" decoding=\"async\" class=\"esg-entry-media-img\"  src=\"https:\/\/yachtcharterportocervo.com\/wp-content\/uploads\/2024\/03\/Baia_43-1024.webp\" data-no-lazy=\"1\" alt=\"Baia_43 1024\" title=\"Baia_43 1024\" width=\"1024\" height=\"768\"><\/div>\n\n<\/a>                <div class=\"esg-overlay eg-ycpc-hoover-container  esg-transition\" data-duration=\"default\" data-transition=\"esg-fade\"><\/div>\n\n<div class=\"esg-entry-content eg-ycpc-hoover-content\" >\n\t\t\t\t<div class=\"esg-content eg-ycpc-hoover-element-0-a eg-post-1874 eg-ycpc-hoover-element-0-a\"><a class=\"eg-ycpc-hoover-element-0 eg-post-1874\" href=\"https:\/\/yachtcharterportocervo.com\/es\/yachts\/baia-43-yate-charter\/\" target=\"_self\">BAIA 43'<\/a><\/div>\n              <div class=\"esg-content eg-ycpc-hoover-element-3 esg-none esg-clear esg-line-break\"><\/div>\n\t\t\t\t<div class=\"esg-content eg-ycpc-hoover-element-27 eg-post-1874 eg-ycpc-hoover-element-27\">Longitud: 13.10 m (43 pies)<\/div>\n              <div class=\"esg-content eg-ycpc-hoover-element-5 esg-none esg-clear esg-line-break\"><\/div>\n\t\t\t\t<div class=\"esg-content eg-ycpc-hoover-element-28 eg-post-1874 eg-ycpc-hoover-element-28\">Invitados: 10 navegando<\/div>\n              <div class=\"esg-content eg-ycpc-hoover-element-7 esg-none esg-clear esg-line-break\"><\/div>\n\t\t\t\t<div class=\"esg-content eg-ycpc-hoover-element-29 eg-post-1874 eg-ycpc-hoover-element-29\">Tripulantes: 1<\/div>\n              <div class=\"esg-content eg-ycpc-hoover-element-30 esg-none esg-clear esg-line-break\"><\/div>\n\t\t\t\t<div class=\"esg-content eg-ycpc-hoover-element-31 eg-post-1874 eg-ycpc-hoover-element-31\">Tarifa diaria: \u20ac 1.200\/\u20ac 2.500 IVA Incl.<\/div>\n<\/div>   <\/div>\n\n<\/li>\n<li id=\"eg-2-post-id-22991389_2118\" class=\"filterall eg-ycpc-hoover-wrapper filter-yacht-charter eg-post-id-22991389\" data-skin=\"ycpc-hoover\" data-eg-order-id=\"12.19\" >\n    <div class=\"esg-media-cover-wrapper\">\n<a href=\"https:\/\/yachtcharterportocervo.com\/es\/yachts\/itama-40-yate-charter\/\" target=\"_self\"><div class=\"esg-entry-media\" ><img loading=\"lazy\" decoding=\"async\" class=\"esg-entry-media-img\"  src=\"https:\/\/yachtcharterportocervo.com\/wp-content\/uploads\/2024\/04\/Itama_40_yacht_charter-6.webp\" data-no-lazy=\"1\" alt=\"Itama_40_yacht_charter\" title=\"Itama_40_yacht_charter 6\" width=\"1024\" height=\"569\"><\/div>\n\n<\/a>                <div class=\"esg-overlay eg-ycpc-hoover-container  esg-transition\" data-duration=\"default\" data-transition=\"esg-fade\"><\/div>\n\n<div class=\"esg-entry-content eg-ycpc-hoover-content\" >\n\t\t\t\t<div class=\"esg-content eg-ycpc-hoover-element-0-a eg-post-22991389 eg-ycpc-hoover-element-0-a\"><a class=\"eg-ycpc-hoover-element-0 eg-post-22991389\" href=\"https:\/\/yachtcharterportocervo.com\/es\/yachts\/itama-40-yate-charter\/\" target=\"_self\">ITAMA 40'<\/a><\/div>\n              <div class=\"esg-content eg-ycpc-hoover-element-3 esg-none esg-clear esg-line-break\"><\/div>\n\t\t\t\t<div class=\"esg-content eg-ycpc-hoover-element-27 eg-post-22991389 eg-ycpc-hoover-element-27\">Longitud: 12.19 m (40 pies)<\/div>\n              <div class=\"esg-content eg-ycpc-hoover-element-5 esg-none esg-clear esg-line-break\"><\/div>\n\t\t\t\t<div class=\"esg-content eg-ycpc-hoover-element-28 eg-post-22991389 eg-ycpc-hoover-element-28\">Invitados: 08 navegando<\/div>\n              <div class=\"esg-content eg-ycpc-hoover-element-7 esg-none esg-clear esg-line-break\"><\/div>\n\t\t\t\t<div class=\"esg-content eg-ycpc-hoover-element-29 eg-post-22991389 eg-ycpc-hoover-element-29\">Tripulantes: 1<\/div>\n              <div class=\"esg-content eg-ycpc-hoover-element-30 esg-none esg-clear esg-line-break\"><\/div>\n\t\t\t\t<div class=\"esg-content eg-ycpc-hoover-element-31 eg-post-22991389 eg-ycpc-hoover-element-31\">Tarifa diaria: \u20ac 1.550\/\u20ac 2.650 IVA Incl.<\/div>\n<\/div>   <\/div>\n\n<\/li>\n<li id=\"eg-2-post-id-22989179_1563\" class=\"filterall eg-ycpc-hoover-wrapper filter-yacht-charter eg-post-id-22989179\" data-skin=\"ycpc-hoover\" data-eg-order-id=\"12.19\" >\n    <div class=\"esg-media-cover-wrapper\">\n<a href=\"https:\/\/yachtcharterportocervo.com\/es\/yachts\/solaris-power-40-yate-charter\/\" target=\"_self\"><div class=\"esg-entry-media\" ><img loading=\"lazy\" decoding=\"async\" class=\"esg-entry-media-img\"  src=\"https:\/\/yachtcharterportocervo.com\/wp-content\/uploads\/2024\/03\/Solaris_Power_40_yacht_charter-9.webp\" data-no-lazy=\"1\" alt=\"\" title=\"Solaris_Power_40_yacht_charter 9\" width=\"1024\" height=\"607\"><\/div>\n\n<\/a>                <div class=\"esg-overlay eg-ycpc-hoover-container  esg-transition\" data-duration=\"default\" data-transition=\"esg-fade\"><\/div>\n\n<div class=\"esg-entry-content eg-ycpc-hoover-content\" >\n\t\t\t\t<div class=\"esg-content eg-ycpc-hoover-element-0-a eg-post-22989179 eg-ycpc-hoover-element-0-a\"><a class=\"eg-ycpc-hoover-element-0 eg-post-22989179\" href=\"https:\/\/yachtcharterportocervo.com\/es\/yachts\/solaris-power-40-yate-charter\/\" target=\"_self\">SOLARIS POWER 40'<\/a><\/div>\n              <div class=\"esg-content eg-ycpc-hoover-element-3 esg-none esg-clear esg-line-break\"><\/div>\n\t\t\t\t<div class=\"esg-content eg-ycpc-hoover-element-27 eg-post-22989179 eg-ycpc-hoover-element-27\">Longitud: 12.19 metros (40 pies)<\/div>\n              <div class=\"esg-content eg-ycpc-hoover-element-5 esg-none esg-clear esg-line-break\"><\/div>\n\t\t\t\t<div class=\"esg-content eg-ycpc-hoover-element-28 eg-post-22989179 eg-ycpc-hoover-element-28\">Invitados: 08 navegando<\/div>\n              <div class=\"esg-content eg-ycpc-hoover-element-7 esg-none esg-clear esg-line-break\"><\/div>\n\t\t\t\t<div class=\"esg-content eg-ycpc-hoover-element-29 eg-post-22989179 eg-ycpc-hoover-element-29\">Tripulantes: 1<\/div>\n              <div class=\"esg-content eg-ycpc-hoover-element-30 esg-none esg-clear esg-line-break\"><\/div>\n\t\t\t\t<div class=\"esg-content eg-ycpc-hoover-element-31 eg-post-22989179 eg-ycpc-hoover-element-31\">Tarifa diaria: \u20ac 3.000\/\u20ac 4.000 IVA Incl.<\/div>\n<\/div>   <\/div>\n\n<\/li>\n<li id=\"eg-2-post-id-22992893_8067\" class=\"filterall eg-ycpc-hoover-wrapper filter-yacht-charter eg-post-id-22992893\" data-skin=\"ycpc-hoover\" data-eg-order-id=\"9.85\" >\n    <div class=\"esg-media-cover-wrapper\">\n<a href=\"https:\/\/yachtcharterportocervo.com\/es\/yachts\/cranchi-e30-endurance-yate-charter\/\" target=\"_self\"><div class=\"esg-entry-media\" ><img loading=\"lazy\" decoding=\"async\" class=\"esg-entry-media-img\"  src=\"https:\/\/yachtcharterportocervo.com\/wp-content\/uploads\/2024\/06\/Cranchi_E30_yacht_charter-3.webp\" data-no-lazy=\"1\" alt=\"Cranchi E30 Endurance seen from the front while navigating in Porto Cervo, Costa Smeralda, Sardinia.\" title=\"cranchi-e30-endurance-bow-navigation-porto-cervo-costa-smeralda-sardinia\" width=\"1200\" height=\"800\"><\/div>\n\n<\/a>                <div class=\"esg-overlay eg-ycpc-hoover-container  esg-transition\" data-duration=\"default\" data-transition=\"esg-fade\"><\/div>\n\n<div class=\"esg-entry-content eg-ycpc-hoover-content\" >\n\t\t\t\t<div class=\"esg-content eg-ycpc-hoover-element-0-a eg-post-22992893 eg-ycpc-hoover-element-0-a\"><a class=\"eg-ycpc-hoover-element-0 eg-post-22992893\" href=\"https:\/\/yachtcharterportocervo.com\/es\/yachts\/cranchi-e30-endurance-yate-charter\/\" target=\"_self\">CRANCHI E30 ENDURANCE<\/a><\/div>\n              <div class=\"esg-content eg-ycpc-hoover-element-3 esg-none esg-clear esg-line-break\"><\/div>\n\t\t\t\t<div class=\"esg-content eg-ycpc-hoover-element-27 eg-post-22992893 eg-ycpc-hoover-element-27\">Longitud: 9.85 m (32.4 pies)<\/div>\n              <div class=\"esg-content eg-ycpc-hoover-element-5 esg-none esg-clear esg-line-break\"><\/div>\n\t\t\t\t<div class=\"esg-content eg-ycpc-hoover-element-28 eg-post-22992893 eg-ycpc-hoover-element-28\">Invitados: 08 navegando<\/div>\n              <div class=\"esg-content eg-ycpc-hoover-element-7 esg-none esg-clear esg-line-break\"><\/div>\n\t\t\t\t<div class=\"esg-content eg-ycpc-hoover-element-29 eg-post-22992893 eg-ycpc-hoover-element-29\">Tripulantes: 1<\/div>\n              <div class=\"esg-content eg-ycpc-hoover-element-30 esg-none esg-clear esg-line-break\"><\/div>\n\t\t\t\t<div class=\"esg-content eg-ycpc-hoover-element-31 eg-post-22992893 eg-ycpc-hoover-element-31\">Daily Rates: \u20ac 1.000\/\u20ac 1.650 tax inclusive<\/div>\n<\/div>   <\/div>\n\n<\/li>\n<li id=\"eg-2-post-id-1340_5483\" class=\"filterall eg-ycpc-hoover-wrapper filter-yacht-charter eg-post-id-1340\" data-skin=\"ycpc-hoover\" data-eg-order-id=\"9.75\" >\n    <div class=\"esg-media-cover-wrapper\">\n<a href=\"https:\/\/yachtcharterportocervo.com\/es\/yachts\/saxdor-320-gto-yate-charter\/\" target=\"_self\"><div class=\"esg-entry-media\" ><img loading=\"lazy\" decoding=\"async\" class=\"esg-entry-media-img\"  src=\"https:\/\/yachtcharterportocervo.com\/wp-content\/uploads\/2024\/03\/Saxdor_320_gto_yacht_charter-1-3.webp\" data-no-lazy=\"1\" alt=\"Saxdor_320_gto_yacht_charter\" title=\"Saxdor_320_gto_yacht_charter 1\" width=\"1024\" height=\"768\"><\/div>\n\n<\/a>                <div class=\"esg-overlay eg-ycpc-hoover-container  esg-transition\" data-duration=\"default\" data-transition=\"esg-fade\"><\/div>\n\n<div class=\"esg-entry-content eg-ycpc-hoover-content\" >\n\t\t\t\t<div class=\"esg-content eg-ycpc-hoover-element-0-a eg-post-1340 eg-ycpc-hoover-element-0-a\"><a class=\"eg-ycpc-hoover-element-0 eg-post-1340\" href=\"https:\/\/yachtcharterportocervo.com\/es\/yachts\/saxdor-320-gto-yate-charter\/\" target=\"_self\">Saxdor 320 GTO<\/a><\/div>\n              <div class=\"esg-content eg-ycpc-hoover-element-3 esg-none esg-clear esg-line-break\"><\/div>\n\t\t\t\t<div class=\"esg-content eg-ycpc-hoover-element-27 eg-post-1340 eg-ycpc-hoover-element-27\">Longitud: 9.75 m (32 pies)<\/div>\n              <div class=\"esg-content eg-ycpc-hoover-element-5 esg-none esg-clear esg-line-break\"><\/div>\n\t\t\t\t<div class=\"esg-content eg-ycpc-hoover-element-28 eg-post-1340 eg-ycpc-hoover-element-28\">Invitados: 06 navegando<\/div>\n              <div class=\"esg-content eg-ycpc-hoover-element-7 esg-none esg-clear esg-line-break\"><\/div>\n\t\t\t\t<div class=\"esg-content eg-ycpc-hoover-element-29 eg-post-1340 eg-ycpc-hoover-element-29\">Tripulantes: 1<\/div>\n              <div class=\"esg-content eg-ycpc-hoover-element-30 esg-none esg-clear esg-line-break\"><\/div>\n\t\t\t\t<div class=\"esg-content eg-ycpc-hoover-element-31 eg-post-1340 eg-ycpc-hoover-element-31\">Tarifa Diaria:  1.300\/\u20ac 2.200 IVA Incl.<\/div>\n<\/div>   <\/div>\n\n<\/li>\n<li id=\"eg-2-post-id-22988799_7563\" class=\"filterall eg-ycpc-hoover-wrapper filter-yacht-charter eg-post-id-22988799\" data-skin=\"ycpc-hoover\" data-eg-order-id=\"9.43\" >\n    <div class=\"esg-media-cover-wrapper\">\n<a href=\"https:\/\/yachtcharterportocervo.com\/es\/yachts\/jeanneau-leader-9-yate-charter\/\" target=\"_self\"><div class=\"esg-entry-media\" ><img loading=\"lazy\" decoding=\"async\" class=\"esg-entry-media-img\"  src=\"https:\/\/yachtcharterportocervo.com\/wp-content\/uploads\/2024\/03\/Jeanneau_Leader_9_yacht_charter-1_1.webp\" data-no-lazy=\"1\" alt=\"Jeanneau_Leader_9_yacht_charter 1_1\" title=\"Jeanneau_Leader_9_yacht_charter 1_1\" width=\"1024\" height=\"683\"><\/div>\n\n<\/a>                <div class=\"esg-overlay eg-ycpc-hoover-container  esg-transition\" data-duration=\"default\" data-transition=\"esg-fade\"><\/div>\n\n<div class=\"esg-entry-content eg-ycpc-hoover-content\" >\n\t\t\t\t<div class=\"esg-content eg-ycpc-hoover-element-0-a eg-post-22988799 eg-ycpc-hoover-element-0-a\"><a class=\"eg-ycpc-hoover-element-0 eg-post-22988799\" href=\"https:\/\/yachtcharterportocervo.com\/es\/yachts\/jeanneau-leader-9-yate-charter\/\" target=\"_self\">JEANNEAU LEADER 9<\/a><\/div>\n              <div class=\"esg-content eg-ycpc-hoover-element-3 esg-none esg-clear esg-line-break\"><\/div>\n\t\t\t\t<div class=\"esg-content eg-ycpc-hoover-element-27 eg-post-22988799 eg-ycpc-hoover-element-27\">Longitud: 9.43 m (30.94 pies)<\/div>\n              <div class=\"esg-content eg-ycpc-hoover-element-5 esg-none esg-clear esg-line-break\"><\/div>\n\t\t\t\t<div class=\"esg-content eg-ycpc-hoover-element-28 eg-post-22988799 eg-ycpc-hoover-element-28\">Invitados: 08 navegando<\/div>\n              <div class=\"esg-content eg-ycpc-hoover-element-7 esg-none esg-clear esg-line-break\"><\/div>\n\t\t\t\t<div class=\"esg-content eg-ycpc-hoover-element-29 eg-post-22988799 eg-ycpc-hoover-element-29\">Tripulantes: 1<\/div>\n              <div class=\"esg-content eg-ycpc-hoover-element-30 esg-none esg-clear esg-line-break\"><\/div>\n\t\t\t\t<div class=\"esg-content eg-ycpc-hoover-element-31 eg-post-22988799 eg-ycpc-hoover-element-31\">Tarifa diaria: \u20ac 1.100\/\u20ac 1.500 IVA Incl.<\/div>\n<\/div>   <\/div>\n\n<\/li>\n<\/ul>\n    <\/div>\n\n<\/article>\n<div class=\"clear\"><\/div>\n<script type=\"text\/javascript\">var essapi_2_1;window.ESG ??={};window.ESG.E ??={};window.ESG.E.plugin_url=\"https:\/\/yachtcharterportocervo.com\/wp-content\/plugins\/essential-grid\/\";window.ESG.E.crossorigin=false;window.ESG.inits ??={};window.ESG.inits.v2_1 ??={state:false};window.ESG.inits.v2_1.checkResources=() =>{if (window.ESG.inits.v2_1.state) return;if (typeof jQuery==='undefined' ||!jQuery?.fn?.tpessential) return setTimeout(window.ESG.inits.v2_1.checkResources,29);window.ESG.inits.v2_1.state=true;window.ESG.inits.v2_1.call();};window.ESG.inits.v2_1.call=() =>{jQuery(document).ready(function(){var lightboxOptions={margin:[0,0,0,0],buttons:[\"share\",\"thumbs\",\"close\"],infobar:true,loop:true,slideShow:{\"autoStart\":false,\"speed\":3000},videoAutoPlay:true,animationEffect:\"fade\",animationDuration:500,beforeShow:function(a,c){var i=0,multiple=false;a=a.slides;for(var b in a){i++;if (i > 1){multiple=true;break;}};if (!multiple) jQuery(\"body\").addClass(\"esgbox-single\");if (c.type ===\"image\") jQuery(\".esgbox-button--zoom\").show();if (c.contentType ===\"html\") c.$slide.addClass(\"esgbox-slide--overflow-\" + c.opts.overflow);},beforeLoad:function(a,b){jQuery(\"body\").removeClass(\"esg-four-by-three\");if (b.opts.$orig.data(\"ratio\") ===\"4:3\") jQuery(\"body\").addClass(\"esg-four-by-three\");},afterLoad:function() {jQuery(window).trigger(\"resize.esglb\");},afterClose:function() {jQuery(\"body\").removeClass(\"esgbox-hidearrows esgbox-single\");},transitionEffect:\"fade\",transitionDuration:500,hash:\"group\",arrows:true,wheel:false,touch:{vertical:true,momentum:true },baseClass:\"esgbox-container-2\",captionPosition:\"bottom\",overflow:\"auto\",};jQuery(\"#esg-grid-2-1\").data(\"lightboxsettings\",lightboxOptions);essapi_2_1=jQuery(\"#esg-grid-2-1\").tpessential({gridID:2,layout:\"masonry\",waitForViewport:\"on\",lazyLoad:\"off\",row:99,apiName:\"essapi_2_1\",loadMoreAjaxToken:\"ea46d83c23\",loadMoreAjaxUrl:\"https:\/\/yachtcharterportocervo.com\/wp-admin\/admin-ajax.php\",loadMoreAjaxAction:\"Essential_Grid_Front_request_ajax\",ajaxContentTarget:\"ess-grid-ajax-container-\",ajaxScrollToOffset:\"0\",ajaxCloseButton:\"off\",ajaxContentSliding:\"on\",ajaxScrollToOnLoad:\"on\",ajaxCallbackArgument:\"off\",ajaxNavButton:\"off\",ajaxCloseType:\"type1\",ajaxCloseInner:\"false\",ajaxCloseStyle:\"light\",ajaxClosePosition:\"tr\",space:30,pageAnimation:\"scale\",videoPlaybackInGrid:\"on\",videoLoopInGrid:\"off\",videoPlaybackOnHover:\"off\",videoInlineMute:\"on\",videoInlineControls:\"off\",keepLayersInline:\"off\",startAnimation:\"none\",startAnimationSpeed:1000,startAnimationDelay:100,startAnimationType:\"item\",animationType:\"item\",paginationScrollToTop:\"off\",paginationAutoplay:\"off\",spinner:\"spinner0\",forceFullWidth:\"on\",minVisibleItems:3,lightBoxMode:\"filterpage\",lightboxHash:\"group\",lightboxPostMinWid:\"75%\",lightboxPostMaxWid:\"75%\",lightboxSpinner:\"off\",lightBoxFeaturedImg:\"off\",lightBoxPostTitle:\"off\",lightBoxPostTitleTag:\"h2\",lightboxMargin:\"0|0|0|0\",lbContentPadding:\"0|0|0|0\",lbContentOverflow:\"auto\",animSpeed:1000,delayBasic:1,mainhoverdelay:1,filterType:\"multi\",filterLogic:\"or\",showDropFilter:\"hover\",filterGroupClass:\"esg-fgc-2\",filterNoMatch:\"No Items for the Selected Filter\",filterDeepLink:\"off\",hideMarkups:\"on\",youtubeNoCookie:\"false\",convertFilterMobile:false,convertFilterMobileWidth:768,paginationSwipe:\"off\",paginationDragVer:\"on\",pageSwipeThrottle:30,aspectratio:\"4:3\",hideBlankItemsAt:\"none\",responsiveEntries:[{width:1900,amount:6,mmheight:0},{width:1400,amount:5,mmheight:0},{width:1170,amount:5,mmheight:0},{width:1024,amount:4,mmheight:0},{width:960,amount:3,mmheight:0},{width:778,amount:2,mmheight:0},{width:640,amount:2,mmheight:0},{width:480,amount:1,mmheight:0},],googleFonts:[\"Open+Sans:300,400,600,700,800\",\"Droid+Serif:400,700\",\"Raleway:100,200,300,400,500,600,700,800,900\"]  });});};if (document.readyState ===\"loading\")document.addEventListener('readystatechange',function(){if (document.readyState ===\"interactive\" ||document.readyState ===\"complete\") window.ESG.inits.v2_1.checkResources();});else window.ESG.inits.v2_1.checkResources();<\/script>\n[\/et_pb_code][\/et_pb_column][\/et_pb_row][\/et_pb_section][et_pb_section fb_built=&#8221;1&#8243; disabled_on=&#8221;off|off|off&#8221; admin_label=&#8221;DISCLAIMER&#8221; _builder_version=&#8221;4.24.2&#8243; _module_preset=&#8221;default&#8221; custom_margin=&#8221;0px||||false|false&#8221; custom_padding=&#8221;0px||||false|false&#8221; global_colors_info=&#8221;{}&#8221;][et_pb_row _builder_version=&#8221;4.24.0&#8243; _module_preset=&#8221;default&#8221; custom_margin=&#8221;0px||0px||false|false&#8221; global_colors_info=&#8221;{}&#8221;][et_pb_column type=&#8221;4_4&#8243; _builder_version=&#8221;4.24.0&#8243; _module_preset=&#8221;default&#8221; global_colors_info=&#8221;{}&#8221;][et_pb_text disabled_on=&#8221;off|off|off&#8221; _builder_version=&#8221;4.24.3&#8243; _module_preset=&#8221;default&#8221; text_font=&#8221;||on||||||&#8221; text_font_size=&#8221;14px&#8221; text_orientation=&#8221;center&#8221; global_colors_info=&#8221;{}&#8221;]<div class='et-box et-shadow'>\n\t\t\t\t\t<div class='et-box-content'>Los Yates mencionados representan s\u00f3lo una parte de las embarcaciones que tenemos disponibles para alquiler, as\u00ed que no dude en ponerse en contacto con nosotros para descubrir la gama completa.<\/div><\/div>[\/et_pb_text][\/et_pb_column][\/et_pb_row][\/et_pb_section]","protected":false},"excerpt":{"rendered":"<p>Luxury Yacht Charter Inventory in Porto CervoLuxury Yacht Charter Inventory in Porto Cervo Our luxury yacht charter inventory in Porto Cervo offers access to an exclusive selection of crewed yachts, designed for those who seek the ultimate expression of comfort, privacy, and freedom at sea. Set against the breathtaking backdrop of Costa Smeralda, Porto Cervo\u2019s [&hellip;]<\/p>","protected":false},"author":1,"featured_media":0,"parent":0,"menu_order":0,"comment_status":"closed","ping_status":"closed","template":"","meta":{"_et_pb_use_builder":"on","_et_pb_old_content":"","_et_gb_content_width":"","_joinchat":[],"footnotes":""},"class_list":["post-498","page","type-page","status-publish","hentry"],"yoast_head":"<!-- This site is optimized with the Yoast SEO Premium plugin v27.0 (Yoast SEO v27.5) - https:\/\/yoast.com\/product\/yoast-seo-premium-wordpress\/ -->\n<title>Luxury Yacht Charter Porto Cervo | Inventory<\/title>\n<meta name=\"description\" content=\"Browse our luxury yacht charter inventory in Porto Cervo and explore a curated fleet of crewed yachts for unique charters in Costa Smeralda.\" \/>\n<meta name=\"robots\" content=\"index, follow, max-snippet:-1, max-image-preview:large, max-video-preview:-1\" \/>\n<link rel=\"canonical\" href=\"https:\/\/yachtcharterportocervo.com\/es\/inventario-de-yates-porto-cervo\/\" \/>\n<meta property=\"og:locale\" content=\"es_ES\" \/>\n<meta property=\"og:type\" content=\"article\" \/>\n<meta property=\"og:title\" content=\"Yacht Charter Porto Cervo\" \/>\n<meta property=\"og:description\" content=\"Browse our luxury yacht charter inventory in Porto Cervo and explore a curated fleet of crewed yachts for unique charters in Costa Smeralda.\" \/>\n<meta property=\"og:url\" content=\"https:\/\/yachtcharterportocervo.com\/es\/inventario-de-yates-porto-cervo\/\" \/>\n<meta property=\"og:site_name\" content=\"Yacht Charter Porto Cervo\" \/>\n<meta property=\"article:publisher\" content=\"https:\/\/www.facebook.com\/profile.php?id=61562242655950\" \/>\n<meta property=\"article:modified_time\" content=\"2026-01-06T22:24:25+00:00\" \/>\n<meta name=\"twitter:card\" content=\"summary_large_image\" \/>\n<meta name=\"twitter:label1\" content=\"Tiempo de lectura\" \/>\n\t<meta name=\"twitter:data1\" content=\"20 minutos\" \/>\n<script type=\"application\/ld+json\" class=\"yoast-schema-graph\">{\"@context\":\"https:\\\/\\\/schema.org\",\"@graph\":[{\"@type\":\"WebPage\",\"@id\":\"https:\\\/\\\/yachtcharterportocervo.com\\\/yacht-inventory-porto-cervo\\\/\",\"url\":\"https:\\\/\\\/yachtcharterportocervo.com\\\/yacht-inventory-porto-cervo\\\/\",\"name\":\"Luxury Yacht Charter Porto Cervo | Inventory\",\"isPartOf\":{\"@id\":\"https:\\\/\\\/yachtcharterportocervo.com\\\/#website\"},\"datePublished\":\"2024-02-27T09:34:41+00:00\",\"dateModified\":\"2026-01-06T22:24:25+00:00\",\"description\":\"Browse our luxury yacht charter inventory in Porto Cervo and explore a curated fleet of crewed yachts for unique charters in Costa Smeralda.\",\"breadcrumb\":{\"@id\":\"https:\\\/\\\/yachtcharterportocervo.com\\\/yacht-inventory-porto-cervo\\\/#breadcrumb\"},\"inLanguage\":\"es\",\"potentialAction\":[{\"@type\":\"ReadAction\",\"target\":[\"https:\\\/\\\/yachtcharterportocervo.com\\\/yacht-inventory-porto-cervo\\\/\"]}]},{\"@type\":\"BreadcrumbList\",\"@id\":\"https:\\\/\\\/yachtcharterportocervo.com\\\/yacht-inventory-porto-cervo\\\/#breadcrumb\",\"itemListElement\":[{\"@type\":\"ListItem\",\"position\":1,\"name\":\"Home\",\"item\":\"https:\\\/\\\/yachtcharterportocervo.com\\\/\"},{\"@type\":\"ListItem\",\"position\":2,\"name\":\"Yacht Charter Porto Cervo\"}]},{\"@type\":\"WebSite\",\"@id\":\"https:\\\/\\\/yachtcharterportocervo.com\\\/#website\",\"url\":\"https:\\\/\\\/yachtcharterportocervo.com\\\/\",\"name\":\"Yacht Charter Porto Cervo\",\"description\":\"Chartering and Selling Yachts\",\"publisher\":{\"@id\":\"https:\\\/\\\/yachtcharterportocervo.com\\\/#organization\"},\"potentialAction\":[{\"@type\":\"SearchAction\",\"target\":{\"@type\":\"EntryPoint\",\"urlTemplate\":\"https:\\\/\\\/yachtcharterportocervo.com\\\/?s={search_term_string}\"},\"query-input\":{\"@type\":\"PropertyValueSpecification\",\"valueRequired\":true,\"valueName\":\"search_term_string\"}}],\"inLanguage\":\"es\"},{\"@type\":\"Organization\",\"@id\":\"https:\\\/\\\/yachtcharterportocervo.com\\\/#organization\",\"name\":\"Yacht Charter Porto Cervo\",\"url\":\"https:\\\/\\\/yachtcharterportocervo.com\\\/\",\"logo\":{\"@type\":\"ImageObject\",\"inLanguage\":\"es\",\"@id\":\"https:\\\/\\\/yachtcharterportocervo.com\\\/#\\\/schema\\\/logo\\\/image\\\/\",\"url\":\"https:\\\/\\\/yachtcharterportocervo.com\\\/wp-content\\\/uploads\\\/2025\\\/02\\\/YCPV_logo-black.png\",\"contentUrl\":\"https:\\\/\\\/yachtcharterportocervo.com\\\/wp-content\\\/uploads\\\/2025\\\/02\\\/YCPV_logo-black.png\",\"width\":436,\"height\":116,\"caption\":\"Yacht Charter Porto Cervo\"},\"image\":{\"@id\":\"https:\\\/\\\/yachtcharterportocervo.com\\\/#\\\/schema\\\/logo\\\/image\\\/\"},\"sameAs\":[\"https:\\\/\\\/www.facebook.com\\\/profile.php?id=61562242655950\",\"https:\\\/\\\/www.instagram.com\\\/yachtcharterportocervosardinia\\\/\"]}]}<\/script>\n<!-- \/ Yoast SEO Premium plugin. -->","yoast_head_json":{"title":"Luxury Yacht Charter Porto Cervo | Inventory","description":"Browse our luxury yacht charter inventory in Porto Cervo and explore a curated fleet of crewed yachts for unique charters in Costa Smeralda.","robots":{"index":"index","follow":"follow","max-snippet":"max-snippet:-1","max-image-preview":"max-image-preview:large","max-video-preview":"max-video-preview:-1"},"canonical":"https:\/\/yachtcharterportocervo.com\/es\/inventario-de-yates-porto-cervo\/","og_locale":"es_ES","og_type":"article","og_title":"Yacht Charter Porto Cervo","og_description":"Browse our luxury yacht charter inventory in Porto Cervo and explore a curated fleet of crewed yachts for unique charters in Costa Smeralda.","og_url":"https:\/\/yachtcharterportocervo.com\/es\/inventario-de-yates-porto-cervo\/","og_site_name":"Yacht Charter Porto Cervo","article_publisher":"https:\/\/www.facebook.com\/profile.php?id=61562242655950","article_modified_time":"2026-01-06T22:24:25+00:00","twitter_card":"summary_large_image","twitter_misc":{"Tiempo de lectura":"20 minutos"},"schema":{"@context":"https:\/\/schema.org","@graph":[{"@type":"WebPage","@id":"https:\/\/yachtcharterportocervo.com\/yacht-inventory-porto-cervo\/","url":"https:\/\/yachtcharterportocervo.com\/yacht-inventory-porto-cervo\/","name":"Luxury Yacht Charter Porto Cervo | Inventory","isPartOf":{"@id":"https:\/\/yachtcharterportocervo.com\/#website"},"datePublished":"2024-02-27T09:34:41+00:00","dateModified":"2026-01-06T22:24:25+00:00","description":"Browse our luxury yacht charter inventory in Porto Cervo and explore a curated fleet of crewed yachts for unique charters in Costa Smeralda.","breadcrumb":{"@id":"https:\/\/yachtcharterportocervo.com\/yacht-inventory-porto-cervo\/#breadcrumb"},"inLanguage":"es","potentialAction":[{"@type":"ReadAction","target":["https:\/\/yachtcharterportocervo.com\/yacht-inventory-porto-cervo\/"]}]},{"@type":"BreadcrumbList","@id":"https:\/\/yachtcharterportocervo.com\/yacht-inventory-porto-cervo\/#breadcrumb","itemListElement":[{"@type":"ListItem","position":1,"name":"Home","item":"https:\/\/yachtcharterportocervo.com\/"},{"@type":"ListItem","position":2,"name":"Yacht Charter Porto Cervo"}]},{"@type":"WebSite","@id":"https:\/\/yachtcharterportocervo.com\/#website","url":"https:\/\/yachtcharterportocervo.com\/","name":"Yacht Charter Porto Cervo","description":"Chartering and Selling Yachts","publisher":{"@id":"https:\/\/yachtcharterportocervo.com\/#organization"},"potentialAction":[{"@type":"SearchAction","target":{"@type":"EntryPoint","urlTemplate":"https:\/\/yachtcharterportocervo.com\/?s={search_term_string}"},"query-input":{"@type":"PropertyValueSpecification","valueRequired":true,"valueName":"search_term_string"}}],"inLanguage":"es"},{"@type":"Organization","@id":"https:\/\/yachtcharterportocervo.com\/#organization","name":"Yacht Charter Porto Cervo","url":"https:\/\/yachtcharterportocervo.com\/","logo":{"@type":"ImageObject","inLanguage":"es","@id":"https:\/\/yachtcharterportocervo.com\/#\/schema\/logo\/image\/","url":"https:\/\/yachtcharterportocervo.com\/wp-content\/uploads\/2025\/02\/YCPV_logo-black.png","contentUrl":"https:\/\/yachtcharterportocervo.com\/wp-content\/uploads\/2025\/02\/YCPV_logo-black.png","width":436,"height":116,"caption":"Yacht Charter Porto Cervo"},"image":{"@id":"https:\/\/yachtcharterportocervo.com\/#\/schema\/logo\/image\/"},"sameAs":["https:\/\/www.facebook.com\/profile.php?id=61562242655950","https:\/\/www.instagram.com\/yachtcharterportocervosardinia\/"]}]}},"_links":{"self":[{"href":"https:\/\/yachtcharterportocervo.com\/es\/wp-json\/wp\/v2\/pages\/498","targetHints":{"allow":["GET"]}}],"collection":[{"href":"https:\/\/yachtcharterportocervo.com\/es\/wp-json\/wp\/v2\/pages"}],"about":[{"href":"https:\/\/yachtcharterportocervo.com\/es\/wp-json\/wp\/v2\/types\/page"}],"author":[{"embeddable":true,"href":"https:\/\/yachtcharterportocervo.com\/es\/wp-json\/wp\/v2\/users\/1"}],"replies":[{"embeddable":true,"href":"https:\/\/yachtcharterportocervo.com\/es\/wp-json\/wp\/v2\/comments?post=498"}],"version-history":[{"count":0,"href":"https:\/\/yachtcharterportocervo.com\/es\/wp-json\/wp\/v2\/pages\/498\/revisions"}],"wp:attachment":[{"href":"https:\/\/yachtcharterportocervo.com\/es\/wp-json\/wp\/v2\/media?parent=498"}],"curies":[{"name":"wp","href":"https:\/\/api.w.org\/{rel}","templated":true}]}}