{"id":22995900,"date":"2026-02-20T22:33:07","date_gmt":"2026-02-20T21:33:07","guid":{"rendered":"https:\/\/yachtcharterportocervo.com\/?page_id=22995900"},"modified":"2026-02-25T21:52:57","modified_gmt":"2026-02-25T20:52:57","slug":"yacht-flag-registration-porto-cervo","status":"publish","type":"page","link":"https:\/\/yachtcharterportocervo.com\/es\/registro-banderas-extranjeras-porto-cervo\/","title":{"rendered":"Gesti\u00f3n de Banderas Extranjeras"},"content":{"rendered":"<p>[et_pb_section fb_built=&#8221;1&#8243; _builder_version=&#8221;4.27.4&#8243; _module_preset=&#8221;default&#8221; custom_margin=&#8221;0px||0px||false|false&#8221; custom_padding=&#8221;0px||0px||false|false&#8221; global_colors_info=&#8221;{}&#8221;][et_pb_row _builder_version=&#8221;4.27.4&#8243; _module_preset=&#8221;default&#8221; custom_margin=&#8221;0px||0px||false|false&#8221; custom_padding=&#8221;0px||0px||false|false&#8221; global_colors_info=&#8221;{}&#8221;][et_pb_column type=&#8221;4_4&#8243; _builder_version=&#8221;4.27.4&#8243; _module_preset=&#8221;default&#8221; global_colors_info=&#8221;{}&#8221;][et_pb_image src=&#8221;https:\/\/yachtcharterportocervo.com\/wp-content\/uploads\/2026\/02\/international-yacht-flag-registration-porto-cervo-sardinia.webp&#8221; alt=&#8221;A 100-meter luxury mega yacht with a deep blue hull and Red Ensign flag docked in Porto Cervo, Costa Smeralda, Sardinia. Strategic international flag registration and maritime compliance services.&#8221; title_text=&#8221;international-yacht-flag-registration-porto-cervo-sardinia&#8221; align=&#8221;center&#8221; _builder_version=&#8221;4.27.4&#8243; _module_preset=&#8221;default&#8221; custom_margin=&#8221;0px||0px||false|false&#8221; custom_padding=&#8221;0px||0px||false|false&#8221; global_colors_info=&#8221;{}&#8221;][\/et_pb_image][\/et_pb_column][\/et_pb_row][\/et_pb_section][et_pb_section fb_built=&#8221;1&#8243; _builder_version=&#8221;4.27.4&#8243; _module_preset=&#8221;default&#8221; custom_padding=&#8221;||||false|false&#8221; hover_enabled=&#8221;0&#8243; global_colors_info=&#8221;{}&#8221; sticky_enabled=&#8221;0&#8243;][et_pb_row _builder_version=&#8221;4.27.4&#8243; _module_preset=&#8221;default&#8221; hover_enabled=&#8221;0&#8243; global_colors_info=&#8221;{}&#8221; custom_margin=&#8221;0px||0px||false|false&#8221; custom_padding=&#8221;0px||0px||false|false&#8221; sticky_enabled=&#8221;0&#8243;][et_pb_column type=&#8221;4_4&#8243; _builder_version=&#8221;4.27.4&#8243; _module_preset=&#8221;default&#8221; global_colors_info=&#8221;{}&#8221;][et_pb_heading title=&#8221;Yacht Flag Registration Porto Cervo: International Advisory &#038; Compliance&#8221; _builder_version=&#8221;4.27.4&#8243; _module_preset=&#8221;default&#8221; title_text_align=&#8221;center&#8221; title_font_size=&#8221;36px&#8221; custom_margin=&#8221;||8px|||&#8221; title_font_size_tablet=&#8221;30px&#8221; title_font_size_phone=&#8221;24px&#8221; title_font_size_last_edited=&#8221;on|phone&#8221; global_colors_info=&#8221;{}&#8221;][\/et_pb_heading][et_pb_text _builder_version=&#8221;4.27.4&#8243; _module_preset=&#8221;default&#8221; text_font_size=&#8221;18px&#8221; text_orientation=&#8221;center&#8221; custom_padding=&#8221;||50px||false|false&#8221; text_font_size_tablet=&#8221;16px&#8221; text_font_size_phone=&#8221;14px&#8221; text_font_size_last_edited=&#8221;on|phone&#8221; global_colors_info=&#8221;{}&#8221;]<\/p>\n<p data-path-to-node=\"8\">Navegar con un yate en aguas internacionales requiere una comprensi\u00f3n clara de las normativas relativas al pabell\u00f3n, los marcos normativos y las implicaciones jurisdiccionales. Ofrecemos un servicio de registro de pabellones para yates en Porto Cervo, Costa Esmeralda, Cerde\u00f1a, y proporcionamos servicios de asesoramiento estructurados para respaldar decisiones informadas relativas a la elecci\u00f3n del pabell\u00f3n y la posici\u00f3n normativa, tanto para uso recreativo como comercial.<\/p>\n<p data-path-to-node=\"9\">Nuestro enfoque es anal\u00edtico y discreto, dise\u00f1ado para garantizar la coherencia operativa y la coherencia estructural a largo plazo.<\/p>\n<p>[\/et_pb_text][et_pb_heading title=&#8221;Strategic Flag Selection in Costa Smeralda&#8221; _builder_version=&#8221;4.27.4&#8243; _module_preset=&#8221;default&#8221; title_level=&#8221;h2&#8243; title_text_align=&#8221;center&#8221; title_font_size=&#8221;38px&#8221; custom_margin=&#8221;||7px|||&#8221; custom_padding=&#8221;||0px|||&#8221; title_font_size_tablet=&#8221;34px&#8221; title_font_size_phone=&#8221;22px&#8221; title_font_size_last_edited=&#8221;on|phone&#8221; global_colors_info=&#8221;{}&#8221;][\/et_pb_heading][et_pb_text _builder_version=&#8221;4.27.4&#8243; _module_preset=&#8221;default&#8221; text_font_size=&#8221;18px&#8221; max_width=&#8221;60%&#8221; module_alignment=&#8221;center&#8221; custom_padding=&#8221;||50px||false|false&#8221; text_font_size_tablet=&#8221;16px&#8221; text_font_size_phone=&#8221;14px&#8221; text_font_size_last_edited=&#8221;on|phone&#8221; global_colors_info=&#8221;{}&#8221;]<\/p>\n<p data-path-to-node=\"12\">La elecci\u00f3n de la bandera adecuada no es solo una decisi\u00f3n administrativa. Tiene un impacto directo en la fiscalidad, la flexibilidad operativa, la elegibilidad para el fletamento y los marcos de seguros. Ayudamos a los propietarios y capitanes de Porto Cervo a evaluar la jurisdicci\u00f3n m\u00e1s adecuada en funci\u00f3n de:<\/p>\n<ul data-path-to-node=\"13\">\n<li>\n<p data-path-to-node=\"13,0,0\">Uso previsto (privado o comercial)<\/p>\n<\/li>\n<li>\n<p data-path-to-node=\"13,1,0\">\u00c1rea de operaci\u00f3n y estructura de propiedad<\/p>\n<\/li>\n<li>\n<p data-path-to-node=\"13,2,0\">Requisitos reglamentarios y normas t\u00e9cnicas<\/p>\n<\/li>\n<\/ul>\n<p data-path-to-node=\"14\">Cada evaluaci\u00f3n se lleva a cabo con una metodolog\u00eda pr\u00e1ctica, garantizando la alineaci\u00f3n entre la estructura jur\u00eddica y la realidad operativa.<\/p>\n<p>[\/et_pb_text][et_pb_heading title=&#8221;Regulatory Compliance &#038; Technical Alignment&#8221; _builder_version=&#8221;4.27.4&#8243; _module_preset=&#8221;default&#8221; title_level=&#8221;h2&#8243; title_text_align=&#8221;center&#8221; title_font_size=&#8221;38px&#8221; custom_margin=&#8221;||9px|||&#8221; title_font_size_tablet=&#8221;34px&#8221; title_font_size_phone=&#8221;22px&#8221; title_font_size_last_edited=&#8221;on|phone&#8221; global_colors_info=&#8221;{}&#8221;][\/et_pb_heading][et_pb_image src=&#8221;https:\/\/yachtcharterportocervo.com\/wp-content\/uploads\/2026\/02\/yacht-maritime-compliance-regulatory-certification-porto-cervo.webp&#8221; alt=&#8221;Dettaglio di un certificato di compliance marittima internazionale sulla plancia di comando di un mega yacht a Porto Cervo, Costa Smeralda, Sardinia. Servizi di adeguamento tecnico e normativo&#8221; title_text=&#8221;yacht-maritime-compliance-regulatory-certification-porto-cervo&#8221; _builder_version=&#8221;4.27.4&#8243; _module_preset=&#8221;default&#8221; global_colors_info=&#8221;{}&#8221;][\/et_pb_image][et_pb_text _builder_version=&#8221;4.27.4&#8243; _module_preset=&#8221;default&#8221; text_font_size=&#8221;18px&#8221; max_width=&#8221;60%&#8221; module_alignment=&#8221;center&#8221; custom_padding=&#8221;||50px||false|false&#8221; text_font_size_tablet=&#8221;16px&#8221; text_font_size_phone=&#8221;14px&#8221; text_font_size_last_edited=&#8221;on|phone&#8221; global_colors_info=&#8221;{}&#8221;]<\/p>\n<p data-path-to-node=\"17\">El registro de banderas de yates en Porto Cervo implica m\u00e1s que la documentaci\u00f3n; la conformidad t\u00e9cnica y las normas de seguridad deben coordinarse cuidadosamente. En la zona de Costa Smeralda, ofrecemos asistencia en:<\/p>\n<ul data-path-to-node=\"18\">\n<li>\n<p data-path-to-node=\"18,0,0\">Estructuraci\u00f3n de las certificaciones y revisi\u00f3n de la documentaci\u00f3n<\/p>\n<\/li>\n<li>\n<p data-path-to-node=\"18,1,0\">Coordinaci\u00f3n de peritos y preparaci\u00f3n para el cumplimiento normativo<\/p>\n<\/li>\n<li>\n<p data-path-to-node=\"18,2,0\">Adaptaci\u00f3n a las normas de seguridad y operatividad<\/p>\n<\/li>\n<\/ul>\n<p data-path-to-node=\"19\">Nuestra funci\u00f3n es garantizar que cada fase del procedimiento se gestione con precisi\u00f3n, protegiendo la estabilidad jur\u00eddica del registro de la embarcaci\u00f3n.<\/p>\n<p>[\/et_pb_text][et_pb_heading title=&#8221;Coordination with Authorities &#038; Surveyors in Sardinia&#8221; _builder_version=&#8221;4.27.4&#8243; _module_preset=&#8221;default&#8221; title_level=&#8221;h2&#8243; title_text_align=&#8221;center&#8221; title_font_size=&#8221;38px&#8221; custom_margin=&#8221;||8px|||&#8221; title_font_size_tablet=&#8221;34px&#8221; title_font_size_phone=&#8221;22px&#8221; title_font_size_last_edited=&#8221;on|phone&#8221; global_colors_info=&#8221;{}&#8221;][\/et_pb_heading][et_pb_image src=&#8221;https:\/\/yachtcharterportocervo.com\/wp-content\/uploads\/2026\/02\/yacht-authorities-surveyors-coordination-porto-cervo-sardinia-1.webp&#8221; alt=&#8221;Marina internazionale di lusso al tramonto con superyacht. Rappresentazione del coordinamento con autorit\u00e0 di bandiera e surveyor tecnici per yacht a Porto Cervo e in Costa Smeralda&#8221; title_text=&#8221;yacht-authorities-surveyors-coordination-porto-cervo-sardinia&#8221; _builder_version=&#8221;4.27.4&#8243; _module_preset=&#8221;default&#8221; global_colors_info=&#8221;{}&#8221;][\/et_pb_image][et_pb_text _builder_version=&#8221;4.27.4&#8243; _module_preset=&#8221;default&#8221; text_font_size=&#8221;18px&#8221; max_width=&#8221;60%&#8221; module_alignment=&#8221;center&#8221; custom_padding=&#8221;||50px||false|false&#8221; text_font_size_tablet=&#8221;16px&#8221; text_font_size_phone=&#8221;14px&#8221; text_font_size_last_edited=&#8221;on|phone&#8221; global_colors_info=&#8221;{}&#8221;]<\/p>\n<p data-path-to-node=\"22\">Una comunicaci\u00f3n eficaz con las autoridades del pabell\u00f3n y con los t\u00e9cnicos es fundamental para garantizar un proceso de registro fluido y sin problemas. Con sede en Porto Cervo, en la Costa Esmeralda, coordinamos las relaciones con:<\/p>\n<ul data-path-to-node=\"23\">\n<li>\n<p data-path-to-node=\"23,0,0\">Autoridades del Estado del pabell\u00f3n y organismos reconocidos<\/p>\n<\/li>\n<li>\n<p data-path-to-node=\"23,1,0\">Peritos independientes y consultores t\u00e9cnicos<\/p>\n<\/li>\n<\/ul>\n<p data-path-to-node=\"24\">Esta supervisi\u00f3n estructurada garantiza la continuidad, la claridad y la total transparencia de los procedimientos a lo largo de todo el proceso de registro de banderas.<\/p>\n<p>[\/et_pb_text][et_pb_text _builder_version=&#8221;4.27.4&#8243; _module_preset=&#8221;default&#8221; text_font_size=&#8221;18px&#8221; text_orientation=&#8221;center&#8221; max_width=&#8221;75%&#8221; module_alignment=&#8221;center&#8221; custom_padding=&#8221;||50px||false|false&#8221; text_font_size_tablet=&#8221;16px&#8221; text_font_size_phone=&#8221;14px&#8221; text_font_size_last_edited=&#8221;on|phone&#8221; global_colors_info=&#8221;{}&#8221;]<\/p>\n<p class=\"p1\">Nuestros servicios de asesoramiento para el registro de yates en Porto Cervo, Costa Esmeralda, Cerde\u00f1a, est\u00e1n dise\u00f1ados para integrarse de manera coherente con la estrategia global de gesti\u00f3n de la embarcaci\u00f3n, garantizando que el marco normativo elegido respalde el rendimiento y la estabilidad operativa a lo largo del tiempo.<\/p>\n<p>[\/et_pb_text][et_pb_button button_url=&#8221;https:\/\/yachtcharterportocervo.com\/contact\/&#8221; button_text=&#8221;Book a Technical Consultation&#8221; button_alignment=&#8221;center&#8221; _builder_version=&#8221;4.27.4&#8243; _module_preset=&#8221;default&#8221; custom_button=&#8221;on&#8221; button_text_size=&#8221;22px&#8221; button_text_color=&#8221;#FFFFFF&#8221; button_bg_color=&#8221;#304059&#8243; button_border_width=&#8221;2px&#8221; button_border_radius=&#8221;40px&#8221; button_letter_spacing=&#8221;1px&#8221; button_font=&#8221;|700|||||||&#8221; button_use_icon=&#8221;off&#8221; custom_margin=&#8221;50px||||false|false&#8221; button_text_size_tablet=&#8221;20px&#8221; button_text_size_phone=&#8221;15px&#8221; button_text_size_last_edited=&#8221;on|phone&#8221; divibooster_background_blur=&#8221;0px&#8221; box_shadow_style=&#8221;preset1&#8243; locked=&#8221;off&#8221; global_colors_info=&#8221;{}&#8221; button_text_size__hover_enabled=&#8221;on|desktop&#8221; button_bg_color__hover_enabled=&#8221;on|hover&#8221; button_bg_color__hover=&#8221;#FFFFFF&#8221; button_bg_enable_color__hover=&#8221;on&#8221; button_border_width__hover_enabled=&#8221;on|hover&#8221; button_border_color__hover_enabled=&#8221;on|desktop&#8221; button_border_color__hover=&#8221;#304059&#8243; button_text_color__hover_enabled=&#8221;on|hover&#8221; button_text_color__hover=&#8221;#304059&#8243; button_text_size__hover=&#8221;22px&#8221; button_border_width__hover=&#8221;2px&#8221;][\/et_pb_button][\/et_pb_column][\/et_pb_row][\/et_pb_section]<\/p>","protected":false},"excerpt":{"rendered":"<p>Operating a yacht in international waters requires a clear understanding of flag regulations, compliance frameworks, and jurisdictional implications. We provide expert Yacht Flag Registration in Porto Cervo, Costa Smeralda, Sardinia, offering structured advisory services to support informed decisions regarding flag selection and regulatory positioning for both pleasure and commercial use. Our approach is analytical and [&hellip;]<\/p>","protected":false},"author":2,"featured_media":0,"parent":0,"menu_order":0,"comment_status":"closed","ping_status":"closed","template":"","meta":{"_et_pb_use_builder":"on","_et_pb_old_content":"","_et_gb_content_width":"","_joinchat":[],"footnotes":""},"class_list":["post-22995900","page","type-page","status-publish","hentry"],"yoast_head":"<!-- This site is optimized with the Yoast SEO Premium plugin v27.0 (Yoast SEO v27.5) - https:\/\/yoast.com\/product\/yoast-seo-premium-wordpress\/ -->\n<title>Yacht Flag Registration Porto Cervo | Flag &amp; Compliance<\/title>\n<meta name=\"description\" content=\"Expert yacht flag registration and compliance in Porto Cervo, Costa Smeralda. Professional guidance for maritime surveys and technical alignment in Sardinia.\" \/>\n<meta name=\"robots\" content=\"index, follow, max-snippet:-1, max-image-preview:large, max-video-preview:-1\" \/>\n<link rel=\"canonical\" href=\"https:\/\/yachtcharterportocervo.com\/es\/registro-banderas-extranjeras-porto-cervo\/\" \/>\n<meta property=\"og:locale\" content=\"es_ES\" \/>\n<meta property=\"og:type\" content=\"article\" \/>\n<meta property=\"og:title\" content=\"International Flags\" \/>\n<meta property=\"og:description\" content=\"Expert yacht flag registration and compliance in Porto Cervo, Costa Smeralda. Professional guidance for maritime surveys and technical alignment in Sardinia.\" \/>\n<meta property=\"og:url\" content=\"https:\/\/yachtcharterportocervo.com\/es\/registro-banderas-extranjeras-porto-cervo\/\" \/>\n<meta property=\"og:site_name\" content=\"Yacht Charter Porto Cervo\" \/>\n<meta property=\"article:publisher\" content=\"https:\/\/www.facebook.com\/profile.php?id=61562242655950\" \/>\n<meta property=\"article:modified_time\" content=\"2026-02-25T20:52:57+00:00\" \/>\n<meta name=\"twitter:card\" content=\"summary_large_image\" \/>\n<meta name=\"twitter:label1\" content=\"Tiempo de lectura\" \/>\n\t<meta name=\"twitter:data1\" content=\"2 minutos\" \/>\n<script type=\"application\/ld+json\" class=\"yoast-schema-graph\">{\"@context\":\"https:\\\/\\\/schema.org\",\"@graph\":[{\"@type\":\"WebPage\",\"@id\":\"https:\\\/\\\/yachtcharterportocervo.com\\\/yacht-flag-registration-porto-cervo\\\/\",\"url\":\"https:\\\/\\\/yachtcharterportocervo.com\\\/yacht-flag-registration-porto-cervo\\\/\",\"name\":\"Yacht Flag Registration Porto Cervo | Flag & Compliance\",\"isPartOf\":{\"@id\":\"https:\\\/\\\/yachtcharterportocervo.com\\\/#website\"},\"datePublished\":\"2026-02-20T21:33:07+00:00\",\"dateModified\":\"2026-02-25T20:52:57+00:00\",\"description\":\"Expert yacht flag registration and compliance in Porto Cervo, Costa Smeralda. Professional guidance for maritime surveys and technical alignment in Sardinia.\",\"breadcrumb\":{\"@id\":\"https:\\\/\\\/yachtcharterportocervo.com\\\/yacht-flag-registration-porto-cervo\\\/#breadcrumb\"},\"inLanguage\":\"es\",\"potentialAction\":[{\"@type\":\"ReadAction\",\"target\":[\"https:\\\/\\\/yachtcharterportocervo.com\\\/yacht-flag-registration-porto-cervo\\\/\"]}]},{\"@type\":\"BreadcrumbList\",\"@id\":\"https:\\\/\\\/yachtcharterportocervo.com\\\/yacht-flag-registration-porto-cervo\\\/#breadcrumb\",\"itemListElement\":[{\"@type\":\"ListItem\",\"position\":1,\"name\":\"Home\",\"item\":\"https:\\\/\\\/yachtcharterportocervo.com\\\/\"},{\"@type\":\"ListItem\",\"position\":2,\"name\":\"International Flags\"}]},{\"@type\":\"WebSite\",\"@id\":\"https:\\\/\\\/yachtcharterportocervo.com\\\/#website\",\"url\":\"https:\\\/\\\/yachtcharterportocervo.com\\\/\",\"name\":\"Yacht Charter Porto Cervo\",\"description\":\"Chartering and Selling Yachts\",\"publisher\":{\"@id\":\"https:\\\/\\\/yachtcharterportocervo.com\\\/#organization\"},\"potentialAction\":[{\"@type\":\"SearchAction\",\"target\":{\"@type\":\"EntryPoint\",\"urlTemplate\":\"https:\\\/\\\/yachtcharterportocervo.com\\\/?s={search_term_string}\"},\"query-input\":{\"@type\":\"PropertyValueSpecification\",\"valueRequired\":true,\"valueName\":\"search_term_string\"}}],\"inLanguage\":\"es\"},{\"@type\":\"Organization\",\"@id\":\"https:\\\/\\\/yachtcharterportocervo.com\\\/#organization\",\"name\":\"Yacht Charter Porto Cervo\",\"url\":\"https:\\\/\\\/yachtcharterportocervo.com\\\/\",\"logo\":{\"@type\":\"ImageObject\",\"inLanguage\":\"es\",\"@id\":\"https:\\\/\\\/yachtcharterportocervo.com\\\/#\\\/schema\\\/logo\\\/image\\\/\",\"url\":\"https:\\\/\\\/yachtcharterportocervo.com\\\/wp-content\\\/uploads\\\/2025\\\/02\\\/YCPV_logo-black.png\",\"contentUrl\":\"https:\\\/\\\/yachtcharterportocervo.com\\\/wp-content\\\/uploads\\\/2025\\\/02\\\/YCPV_logo-black.png\",\"width\":436,\"height\":116,\"caption\":\"Yacht Charter Porto Cervo\"},\"image\":{\"@id\":\"https:\\\/\\\/yachtcharterportocervo.com\\\/#\\\/schema\\\/logo\\\/image\\\/\"},\"sameAs\":[\"https:\\\/\\\/www.facebook.com\\\/profile.php?id=61562242655950\",\"https:\\\/\\\/www.instagram.com\\\/yachtcharterportocervosardinia\\\/\"]}]}<\/script>\n<!-- \/ Yoast SEO Premium plugin. -->","yoast_head_json":{"title":"Yacht Flag Registration Porto Cervo | Flag & Compliance","description":"Expert yacht flag registration and compliance in Porto Cervo, Costa Smeralda. Professional guidance for maritime surveys and technical alignment in Sardinia.","robots":{"index":"index","follow":"follow","max-snippet":"max-snippet:-1","max-image-preview":"max-image-preview:large","max-video-preview":"max-video-preview:-1"},"canonical":"https:\/\/yachtcharterportocervo.com\/es\/registro-banderas-extranjeras-porto-cervo\/","og_locale":"es_ES","og_type":"article","og_title":"International Flags","og_description":"Expert yacht flag registration and compliance in Porto Cervo, Costa Smeralda. Professional guidance for maritime surveys and technical alignment in Sardinia.","og_url":"https:\/\/yachtcharterportocervo.com\/es\/registro-banderas-extranjeras-porto-cervo\/","og_site_name":"Yacht Charter Porto Cervo","article_publisher":"https:\/\/www.facebook.com\/profile.php?id=61562242655950","article_modified_time":"2026-02-25T20:52:57+00:00","twitter_card":"summary_large_image","twitter_misc":{"Tiempo de lectura":"2 minutos"},"schema":{"@context":"https:\/\/schema.org","@graph":[{"@type":"WebPage","@id":"https:\/\/yachtcharterportocervo.com\/yacht-flag-registration-porto-cervo\/","url":"https:\/\/yachtcharterportocervo.com\/yacht-flag-registration-porto-cervo\/","name":"Yacht Flag Registration Porto Cervo | Flag & Compliance","isPartOf":{"@id":"https:\/\/yachtcharterportocervo.com\/#website"},"datePublished":"2026-02-20T21:33:07+00:00","dateModified":"2026-02-25T20:52:57+00:00","description":"Expert yacht flag registration and compliance in Porto Cervo, Costa Smeralda. Professional guidance for maritime surveys and technical alignment in Sardinia.","breadcrumb":{"@id":"https:\/\/yachtcharterportocervo.com\/yacht-flag-registration-porto-cervo\/#breadcrumb"},"inLanguage":"es","potentialAction":[{"@type":"ReadAction","target":["https:\/\/yachtcharterportocervo.com\/yacht-flag-registration-porto-cervo\/"]}]},{"@type":"BreadcrumbList","@id":"https:\/\/yachtcharterportocervo.com\/yacht-flag-registration-porto-cervo\/#breadcrumb","itemListElement":[{"@type":"ListItem","position":1,"name":"Home","item":"https:\/\/yachtcharterportocervo.com\/"},{"@type":"ListItem","position":2,"name":"International Flags"}]},{"@type":"WebSite","@id":"https:\/\/yachtcharterportocervo.com\/#website","url":"https:\/\/yachtcharterportocervo.com\/","name":"Yacht Charter Porto Cervo","description":"Chartering and Selling Yachts","publisher":{"@id":"https:\/\/yachtcharterportocervo.com\/#organization"},"potentialAction":[{"@type":"SearchAction","target":{"@type":"EntryPoint","urlTemplate":"https:\/\/yachtcharterportocervo.com\/?s={search_term_string}"},"query-input":{"@type":"PropertyValueSpecification","valueRequired":true,"valueName":"search_term_string"}}],"inLanguage":"es"},{"@type":"Organization","@id":"https:\/\/yachtcharterportocervo.com\/#organization","name":"Yacht Charter Porto Cervo","url":"https:\/\/yachtcharterportocervo.com\/","logo":{"@type":"ImageObject","inLanguage":"es","@id":"https:\/\/yachtcharterportocervo.com\/#\/schema\/logo\/image\/","url":"https:\/\/yachtcharterportocervo.com\/wp-content\/uploads\/2025\/02\/YCPV_logo-black.png","contentUrl":"https:\/\/yachtcharterportocervo.com\/wp-content\/uploads\/2025\/02\/YCPV_logo-black.png","width":436,"height":116,"caption":"Yacht Charter Porto Cervo"},"image":{"@id":"https:\/\/yachtcharterportocervo.com\/#\/schema\/logo\/image\/"},"sameAs":["https:\/\/www.facebook.com\/profile.php?id=61562242655950","https:\/\/www.instagram.com\/yachtcharterportocervosardinia\/"]}]}},"_links":{"self":[{"href":"https:\/\/yachtcharterportocervo.com\/es\/wp-json\/wp\/v2\/pages\/22995900","targetHints":{"allow":["GET"]}}],"collection":[{"href":"https:\/\/yachtcharterportocervo.com\/es\/wp-json\/wp\/v2\/pages"}],"about":[{"href":"https:\/\/yachtcharterportocervo.com\/es\/wp-json\/wp\/v2\/types\/page"}],"author":[{"embeddable":true,"href":"https:\/\/yachtcharterportocervo.com\/es\/wp-json\/wp\/v2\/users\/2"}],"replies":[{"embeddable":true,"href":"https:\/\/yachtcharterportocervo.com\/es\/wp-json\/wp\/v2\/comments?post=22995900"}],"version-history":[{"count":37,"href":"https:\/\/yachtcharterportocervo.com\/es\/wp-json\/wp\/v2\/pages\/22995900\/revisions"}],"predecessor-version":[{"id":22996335,"href":"https:\/\/yachtcharterportocervo.com\/es\/wp-json\/wp\/v2\/pages\/22995900\/revisions\/22996335"}],"wp:attachment":[{"href":"https:\/\/yachtcharterportocervo.com\/es\/wp-json\/wp\/v2\/media?parent=22995900"}],"curies":[{"name":"wp","href":"https:\/\/api.w.org\/{rel}","templated":true}]}}